{"id":11719,"date":"2024-03-27T12:07:17","date_gmt":"2024-03-27T11:07:17","guid":{"rendered":"https:\/\/www.notredamealarose.be\/event\/exhibition-what-if-i-was-20-in-the-1900s-lessines-during-the-belle-epoque\/"},"modified":"2025-04-24T10:29:43","modified_gmt":"2025-04-24T08:29:43","slug":"exhibition-what-if-i-was-20-in-the-1900s-lessines-during-the-belle-epoque","status":"publish","type":"tribe_events","link":"https:\/\/www.notredamealarose.be\/en\/event\/exhibition-what-if-i-was-20-in-the-1900s-lessines-during-the-belle-epoque\/","title":{"rendered":"Exhibition &#8220;What if I was 20 in the 1900s : Lessines during the Belle \u00c9poque&#8221;"},"content":{"rendered":"<p><img loading=\"lazy\" decoding=\"async\" class=\"alignnone wp-image-11544\" src=\"https:\/\/www.notredamealarose.be\/2022\/wp-content\/uploads\/2024\/03\/HNDR_20ANS1900_TV-300x169.jpg\" alt=\"\" width=\"987\" height=\"556\" srcset=\"https:\/\/www.notredamealarose.be\/2022\/wp-content\/uploads\/2024\/03\/HNDR_20ANS1900_TV-300x169.jpg 300w, https:\/\/www.notredamealarose.be\/2022\/wp-content\/uploads\/2024\/03\/HNDR_20ANS1900_TV-1024x576.jpg 1024w, https:\/\/www.notredamealarose.be\/2022\/wp-content\/uploads\/2024\/03\/HNDR_20ANS1900_TV-768x432.jpg 768w, https:\/\/www.notredamealarose.be\/2022\/wp-content\/uploads\/2024\/03\/HNDR_20ANS1900_TV-1536x864.jpg 1536w, https:\/\/www.notredamealarose.be\/2022\/wp-content\/uploads\/2024\/03\/HNDR_20ANS1900_TV.jpg 1920w\" sizes=\"auto, (max-width: 987px) 100vw, 987px\" \/><\/p>\n<p>&nbsp;<\/p>\n<p>\ud83c\udfad <strong>Upcoming event<\/strong> : Exhibition &#8220;What if I was 20 in the 1900s : Lessines during the Belle \u00c9poque&#8221; \ud83d\udcc5 From the 27th of April 2024 to the 31th of January 2025.<\/p>\n<p>\ud83c\udf1f <strong>About the exhibition<\/strong> : Discover the tumultuous life of Valentine, a young woman living in Lessines at the start of the 20th century. \ud83c\udfe1\ud83d\udc69\u200d\ud83c\udf93 Go through her troubled childhood, her struggle for emancipation and discover her commitment to the Hospital Notre-Dame \u00e0 la Rose. \ud83c\udfe5<\/p>\n<p>\ud83e\udd1d <strong>Collaborations<\/strong> : This project was realised with the support of : Ath\u00e9n\u00e9e Royal Ren\u00e9 Magritte, Cercle de G\u00e9n\u00e9alogie de Lessines, and other local partners. \ud83d\udcda\ud83d\udee0\ufe0f<\/p>\n<p>\ud83d\udc42 <strong>Immersion<\/strong> : Narrated tours, immersive podcasts and more! Discover the history of your city from a new angle. \ud83c\udfa7\ud83d\udcd6<\/p>\n<p>\ud83c\udf89 <strong>Special event<\/strong> : A typical folk ball of the 1900s on August the third 2024! \ud83d\udd7a\ud83d\udc83<\/p>\n<p>\ud83d\udcec <strong>Stay informed<\/strong> : Subscribe to our newsletter. \ud83d\udc8c<\/p>\n<p>\ud83c\udfdb\ufe0f <strong>Office de Tourisme<\/strong> : Expose your family souvenirs in the Tourist Office. We are looking for objets dating from 1880 until 1920. Contact Gertrude Raulier at 068\/33.36.90 or via <a href=\"mailto:info@visitlessines.be\">info@visitlessines.be<\/a> \ud83d\udd70\ufe0f\ud83d\udcf8<\/p>\n<p>&nbsp;<\/p>\n<div class=\"wp-block-button is-style-fill\"><\/div>\n<div>\n<h4>Combi ticket+ (Museum and exhibition) \ud83d\uddbc\ufe0f<\/h4>\n<\/div>\n<p>&nbsp;<\/p>\n<p>\u23f1\ufe0f Duration of the tour : 4h (the garden can be visited with an audioguide)<\/p>\n<p>Spend an entire day on our site enjoying the museum and its gardens in the morning, if you also wish, book your dinner at <a href=\"http:\/\/latabledalix.be\/\"> La Table d&#8217;Alix<\/a> via their booking tool. In the afternoon, an immersion in the Belle \u00c9poque is offered via our exhibition.<\/p>\n<p>\ud83d\udd70\ufe0f The tour starts at 2pm, after your museumvisit.<\/p>\n<p>&nbsp;<\/p>\n<div>\n<div class=\"comment-container\">\n<div class=\"action-comment can-view-video markeddown js-comment is-comments-rewrite\" dir=\"auto\">\n<div class=\"current-comment js-friendly-links js-open-card\">\n<h4>\ud83e\ude99 <strong>Entrance fee<\/strong><\/h4>\n<p>&nbsp;<\/p>\n<div class=\"comment-container\">\n<div class=\"action-comment can-view-video markeddown js-comment is-comments-rewrite\" dir=\"auto\">\n<div class=\"current-comment js-friendly-links js-open-card\">\n<p>\ud83e\uddd1\ud83c\udffb Adults : 15\u20ac\/person<br \/>\n\ud83e\uddd3\ud83c\udffb\ud83d\udc68\ud83c\udffb\u200d\ud83c\udf93 Seniors &amp; students : 12\u20ac\/person<br \/>\n\ud83e\uddd2\ud83c\udffb Children (6-12 years) : 5\u20ac\/ person<br \/>\n\ud83e\uddd1\ud83c\udffb\u200d\ud83e\uddaf\ud83e\uddd1\ud83c\udffb\u200d\ud83e\uddbd Person with special needs : Free entrance, 7\u20ac supporting person<br \/>\n\ud83d\udddd\ufe0f Inhabitants Lessines : Free entrance<br \/>\n\ud83d\udc76\ud83c\udffb Children (&lt;6 years) : Free entrance<br \/>\nArticle 27 : 1.25\u20ac\/ person<br \/>\n\ud83d\udcf0 Press : Free entrance<br \/>\n\ud83c\udf10 MuseumPass, ICOM card, ICOMOS card, 365.be, teachers card : Free entrance<\/p>\n<p>&nbsp;<\/p>\n<\/div>\n<\/div>\n<\/div>\n<div class=\"action-comment can-view-video markeddown js-comment is-comments-rewrite\" dir=\"auto\">\n<div class=\"current-comment js-friendly-links js-open-card\">\n<h4>\ud83d\udd17 Reservations<\/h4>\n<p>To book, simply click on the following button and follow the booking steps \ud83d\udc47\ud83c\udffb<\/p>\n<\/div>\n<\/div>\n<div class=\"wp-block-button is-style-fill\"><a class=\"wp-block-button__link wp-element-button\" href=\"https:\/\/tinyurl.com\/2c74a6hg\" target=\"_blank\" rel=\"noreferrer noopener\">Reservation<\/a><\/div>\n<p>&nbsp;<\/p>\n<\/div>\n<\/div>\n<\/div>\n<div>\n<h4>Formula only exhibition \ud83d\uddbc\ufe0f<\/h4>\n<\/div>\n<\/div>\n<p>&nbsp;<\/p>\n<p>\u23f1\ufe0f Duration of the tour : 2h<\/p>\n<p>Discover Valentine\u2019s life through various tools such as her diary or audio capsules of key moments of her life.<\/p>\n<p>\ud83d\udd70\ufe0f The tour starts at 2pm, after your museumvisit.<\/p>\n<p>&nbsp;<\/p>\n<h4>\ud83e\ude99 <strong>Entrance fee<\/strong><\/h4>\n<p>&nbsp;<\/p>\n<div class=\"comment-container\">\n<div class=\"action-comment can-view-video markeddown js-comment is-comments-rewrite\" dir=\"auto\">\n<div class=\"current-comment js-friendly-links js-open-card\">\n<p>\ud83e\uddd1\ud83c\udffb Adults : 5\u20ac\/person<br \/>\n\ud83e\uddd3\ud83c\udffb\ud83d\udc68\ud83c\udffb\u200d\ud83c\udf93 Seniors &amp; students : 3\u20ac\/person<br \/>\n\ud83e\uddd2\ud83c\udffbChildren (&lt;12 ans) : Free entrance<br \/>\n\ud83e\uddd1\ud83c\udffb\u200d\ud83e\uddaf\ud83e\uddd1\ud83c\udffb\u200d\ud83e\uddbd Person with special needs : Free entrance, 2\u20ac supporting person<br \/>\n\ud83d\udddd\ufe0f Inhabitants of Lessines : Free entrance<br \/>\nArticle 27 : 1.25\u20ac\/ person<br \/>\n\ud83d\udcf0 Press : Free entrance<br \/>\n\ud83c\udf10 MuseumPass, ICOM card, ICOMOS card, 365.be, teachers card : Free entrance<\/p>\n<div class=\"action-comment can-view-video markeddown js-comment is-comments-rewrite\" dir=\"auto\">\n<div class=\"current-comment js-friendly-links js-open-card\">\n<h4>\ud83d\udd17 Reservations<\/h4>\n<p>To book, simply click on the following button and follow the booking steps \ud83d\udc47\ud83c\udffb<\/p>\n<\/div>\n<\/div>\n<div class=\"wp-block-button is-style-fill\"><a class=\"wp-block-button__link wp-element-button\" href=\"https:\/\/tinyurl.com\/2j3acq9p\" target=\"_blank\" rel=\"noreferrer noopener\">Reservation<\/a><\/div>\n<p>&nbsp;<\/p>\n<\/div>\n<\/div>\n<div><\/div>\n<\/div>\n<h4>Dramatised visits (only in French) \ud83c\udfad<\/h4>\n<p>&nbsp;<\/p>\n<div>\n<p>\u23f1\ufe0f Duration of the visit : 1h30<\/p>\n<p>Also discover the dramatised visits accompanied by two characters, one from the proletariat and the other from the bourgeoisie. Discover the Belle \u00c9poque in an immersive and extraordinary experience.<\/p>\n<p>The actors who will lead these visits are part of <a href=\"https:\/\/www.troupeducactus.be\/\">La Troupe du Cactus<\/a><\/p>\n<p>&nbsp;<\/p>\n<h4>\ud83d\uddd3\ufe0f<strong> When?<\/strong><\/h4>\n<\/div>\n<p>&nbsp;<\/p>\n<p>\ud83d\udd70\ufe0f Start of the visite at 3.30 pm<\/p>\n<div>\n<div class=\"comment-container\">\n<div class=\"action-comment can-view-video markeddown js-comment is-comments-rewrite\" dir=\"auto\">\n<div class=\"current-comment js-friendly-links js-open-card\">\n<p>\u2600\ufe0f On Sunday the 14th July, 2024, during the Saint-Camillus, Patron Saint of nurses! They can participate free of charge if they show up at the reception in work clothes or if the show their badge \ud83e\uddd1\ud83c\udffb\u200d\u2695\ufe0f\ud83d\udc89<\/p>\n<p>\ud83d\udc49\ud83c\udffb Saturday, July 27, 2024<\/p>\n<p>\ud83d\udc49\ud83c\udffb Sunday, August 11, 2024<\/p>\n<p>\ud83d\udc49\ud83c\udffb Sunday, September 15, 2024<\/p>\n<p>\ud83d\udc49\ud83c\udffb Sunday, October 6, 2024<\/p>\n<p>\ud83d\udc49\ud83c\udffb Sunday, November 10, 2024<\/p>\n<p>\ud83d\udc49\ud83c\udffb Sunday, December 15, 2024<\/p>\n<p>\ud83d\udc49\ud83c\udffb Sunday, January 12, 2025<\/p>\n<p>\ud83d\udc49\ud83c\udffb Sunday, May 25, 2025<\/p>\n<p>\ud83d\udc49\ud83c\udffb Sunday, June 15, 2025<\/p>\n<p>\ud83d\udc49\ud83c\udffb Sunday, July 20, 2025<\/p>\n<p>\ud83d\udc49\ud83c\udffb Sunday, August 30, 2025<\/p>\n<p>&nbsp;<\/p>\n<h4>\ud83e\ude99 <strong>Entrance fee<\/strong><\/h4>\n<p>&nbsp;<\/p>\n<div class=\"comment-container\">\n<div class=\"action-comment can-view-video markeddown js-comment is-comments-rewrite\" dir=\"auto\">\n<div class=\"current-comment js-friendly-links js-open-card\">\n<p>\ud83e\uddd1\ud83c\udffb\ud83e\uddd3\ud83c\udffb\ud83d\udc68\ud83c\udffb\u200d\ud83c\udf93 For adults, seniors and students, the price is 13\u20ac per person, including a consumption of coffee, soft or absinthe.<\/p>\n<p>&nbsp;<\/p>\n<h4>\ud83d\udd17 Reservations<\/h4>\n<p>To book, simply click on the following button and follow the booking steps \ud83d\udc47\ud83c\udffb<\/p>\n<\/div>\n<\/div>\n<div class=\"wp-block-button is-style-fill\"><a class=\"wp-block-button__link wp-element-button\" href=\"https:\/\/tinyurl.com\/2d5vsjcs\" target=\"_blank\" rel=\"noreferrer noopener\">Reservation<\/a><\/div>\n<\/div>\n<\/div>\n<\/div>\n<\/div>\n<\/div>\n<div><\/div>\n<div><\/div>\n<div>\n<h4>Guided tours \ud83d\udc65<\/h4>\n<\/div>\n<div>Guided tours are also possible on request and prior reservation by email at <a href=\"mailto:info@notredamealarose.be\">info@notredamealarose.be<\/a> !<\/div>\n","protected":false},"excerpt":{"rendered":"<p>&nbsp; \ud83c\udfad Upcoming event : Exhibition &#8220;What if I was 20 in the 1900s : Lessines during the Belle \u00c9poque&#8221; \ud83d\udcc5 From the 27th of April 2024 to the 31th of January 2025. \ud83c\udf1f About the exhibition : Discover the tumultuous life of Valentine, a young woman living in Lessines at the start of the [&hellip;]<\/p>\n","protected":false},"author":3,"featured_media":0,"template":"","meta":{"site-sidebar-layout":"default","site-content-layout":"","ast-site-content-layout":"default","site-content-style":"default","site-sidebar-style":"default","ast-global-header-display":"","ast-banner-title-visibility":"","ast-main-header-display":"","ast-hfb-above-header-display":"","ast-hfb-below-header-display":"","ast-hfb-mobile-header-display":"","site-post-title":"","ast-breadcrumbs-content":"","ast-featured-img":"","footer-sml-layout":"","theme-transparent-header-meta":"default","adv-header-id-meta":"","stick-header-meta":"default","header-above-stick-meta":"","header-main-stick-meta":"","header-below-stick-meta":"","astra-migrate-meta-layouts":"set","ast-page-background-enabled":"default","ast-page-background-meta":{"desktop":{"background-color":"var(--ast-global-color-4)","background-image":"","background-repeat":"repeat","background-position":"center center","background-size":"auto","background-attachment":"scroll","background-type":"","background-media":"","overlay-type":"","overlay-color":"","overlay-gradient":""},"tablet":{"background-color":"","background-image":"","background-repeat":"repeat","background-position":"center center","background-size":"auto","background-attachment":"scroll","background-type":"","background-media":"","overlay-type":"","overlay-color":"","overlay-gradient":""},"mobile":{"background-color":"","background-image":"","background-repeat":"repeat","background-position":"center center","background-size":"auto","background-attachment":"scroll","background-type":"","background-media":"","overlay-type":"","overlay-color":"","overlay-gradient":""}},"ast-content-background-meta":{"desktop":{"background-color":"var(--ast-global-color-5)","background-image":"","background-repeat":"repeat","background-position":"center center","background-size":"auto","background-attachment":"scroll","background-type":"","background-media":"","overlay-type":"","overlay-color":"","overlay-gradient":""},"tablet":{"background-color":"var(--ast-global-color-5)","background-image":"","background-repeat":"repeat","background-position":"center center","background-size":"auto","background-attachment":"scroll","background-type":"","background-media":"","overlay-type":"","overlay-color":"","overlay-gradient":""},"mobile":{"background-color":"var(--ast-global-color-5)","background-image":"","background-repeat":"repeat","background-position":"center center","background-size":"auto","background-attachment":"scroll","background-type":"","background-media":"","overlay-type":"","overlay-color":"","overlay-gradient":""}},"_price":"","_stock":"","_tribe_ticket_header":"","_tribe_default_ticket_provider":"","_tribe_ticket_capacity":"0","_ticket_start_date":"","_ticket_end_date":"","_tribe_ticket_show_description":"","_tribe_ticket_show_not_going":false,"_tribe_ticket_use_global_stock":"","_tribe_ticket_global_stock_level":"","_global_stock_mode":"","_global_stock_cap":"","_tribe_rsvp_for_event":"","_tribe_ticket_going_count":"","_tribe_ticket_not_going_count":"","_tribe_tickets_list":"[]","_tribe_ticket_has_attendee_info_fields":false,"_tribe_events_status":"","_tribe_events_status_reason":"","footnotes":""},"tags":[],"tribe_events_cat":[],"class_list":["post-11719","tribe_events","type-tribe_events","status-publish","hentry"],"yoast_head":"<!-- This site is optimized with the Yoast SEO plugin v27.4 - https:\/\/yoast.com\/product\/yoast-seo-wordpress\/ -->\n<title>Exhibition &quot;What if I was 20 in the 1900s : Lessines during the Belle \u00c9poque&quot; - H\u00f4pital Notre-Dame \u00e0 la Rose - Lessines<\/title>\n<meta name=\"robots\" content=\"index, follow, max-snippet:-1, max-image-preview:large, max-video-preview:-1\" \/>\n<link rel=\"canonical\" href=\"https:\/\/www.notredamealarose.be\/en\/event\/exhibition-what-if-i-was-20-in-the-1900s-lessines-during-the-belle-epoque\/\" \/>\n<meta property=\"og:locale\" content=\"en_US\" \/>\n<meta property=\"og:type\" content=\"article\" \/>\n<meta property=\"og:title\" content=\"Exhibition &quot;What if I was 20 in the 1900s : Lessines during the Belle \u00c9poque&quot; - H\u00f4pital Notre-Dame \u00e0 la Rose - Lessines\" \/>\n<meta property=\"og:description\" content=\"&nbsp; \ud83c\udfad Upcoming event : Exhibition &#8220;What if I was 20 in the 1900s : Lessines during the Belle \u00c9poque&#8221; \ud83d\udcc5 From the 27th of April 2024 to the 31th of January 2025. \ud83c\udf1f About the exhibition : Discover the tumultuous life of Valentine, a young woman living in Lessines at the start of the [&hellip;]\" \/>\n<meta property=\"og:url\" content=\"https:\/\/www.notredamealarose.be\/en\/event\/exhibition-what-if-i-was-20-in-the-1900s-lessines-during-the-belle-epoque\/\" \/>\n<meta property=\"og:site_name\" content=\"H\u00f4pital Notre-Dame \u00e0 la Rose - Lessines\" \/>\n<meta property=\"article:modified_time\" content=\"2025-04-24T08:29:43+00:00\" \/>\n<meta property=\"og:image\" content=\"https:\/\/www.notredamealarose.be\/2022\/wp-content\/uploads\/2024\/03\/HNDR_20ANS1900_TV.jpg\" \/>\n\t<meta property=\"og:image:width\" content=\"1920\" \/>\n\t<meta property=\"og:image:height\" content=\"1080\" \/>\n\t<meta property=\"og:image:type\" content=\"image\/jpeg\" \/>\n<meta name=\"twitter:card\" content=\"summary_large_image\" \/>\n<script type=\"application\/ld+json\" class=\"yoast-schema-graph\">{\"@context\":\"https:\\\/\\\/schema.org\",\"@graph\":[{\"@type\":\"WebPage\",\"@id\":\"https:\\\/\\\/www.notredamealarose.be\\\/en\\\/event\\\/exhibition-what-if-i-was-20-in-the-1900s-lessines-during-the-belle-epoque\\\/\",\"url\":\"https:\\\/\\\/www.notredamealarose.be\\\/en\\\/event\\\/exhibition-what-if-i-was-20-in-the-1900s-lessines-during-the-belle-epoque\\\/\",\"name\":\"Exhibition \\\"What if I was 20 in the 1900s : Lessines during the Belle \u00c9poque\\\" - H\u00f4pital Notre-Dame \u00e0 la Rose - Lessines\",\"isPartOf\":{\"@id\":\"https:\\\/\\\/www.notredamealarose.be\\\/#website\"},\"primaryImageOfPage\":{\"@id\":\"https:\\\/\\\/www.notredamealarose.be\\\/en\\\/event\\\/exhibition-what-if-i-was-20-in-the-1900s-lessines-during-the-belle-epoque\\\/#primaryimage\"},\"image\":{\"@id\":\"https:\\\/\\\/www.notredamealarose.be\\\/en\\\/event\\\/exhibition-what-if-i-was-20-in-the-1900s-lessines-during-the-belle-epoque\\\/#primaryimage\"},\"thumbnailUrl\":\"https:\\\/\\\/www.notredamealarose.be\\\/2022\\\/wp-content\\\/uploads\\\/2024\\\/03\\\/HNDR_20ANS1900_TV-300x169.jpg\",\"datePublished\":\"2024-03-27T11:07:17+00:00\",\"dateModified\":\"2025-04-24T08:29:43+00:00\",\"breadcrumb\":{\"@id\":\"https:\\\/\\\/www.notredamealarose.be\\\/en\\\/event\\\/exhibition-what-if-i-was-20-in-the-1900s-lessines-during-the-belle-epoque\\\/#breadcrumb\"},\"inLanguage\":\"en-US\",\"potentialAction\":[{\"@type\":\"ReadAction\",\"target\":[\"https:\\\/\\\/www.notredamealarose.be\\\/en\\\/event\\\/exhibition-what-if-i-was-20-in-the-1900s-lessines-during-the-belle-epoque\\\/\"]}]},{\"@type\":\"ImageObject\",\"inLanguage\":\"en-US\",\"@id\":\"https:\\\/\\\/www.notredamealarose.be\\\/en\\\/event\\\/exhibition-what-if-i-was-20-in-the-1900s-lessines-during-the-belle-epoque\\\/#primaryimage\",\"url\":\"https:\\\/\\\/www.notredamealarose.be\\\/2022\\\/wp-content\\\/uploads\\\/2024\\\/03\\\/HNDR_20ANS1900_TV-300x169.jpg\",\"contentUrl\":\"https:\\\/\\\/www.notredamealarose.be\\\/2022\\\/wp-content\\\/uploads\\\/2024\\\/03\\\/HNDR_20ANS1900_TV-300x169.jpg\"},{\"@type\":\"BreadcrumbList\",\"@id\":\"https:\\\/\\\/www.notredamealarose.be\\\/en\\\/event\\\/exhibition-what-if-i-was-20-in-the-1900s-lessines-during-the-belle-epoque\\\/#breadcrumb\",\"itemListElement\":[{\"@type\":\"ListItem\",\"position\":1,\"name\":\"Accueil\",\"item\":\"https:\\\/\\\/www.notredamealarose.be\\\/en\\\/\"},{\"@type\":\"ListItem\",\"position\":2,\"name\":\"\u00c9v\u00e8nements\",\"item\":\"https:\\\/\\\/www.notredamealarose.be\\\/events\\\/\"},{\"@type\":\"ListItem\",\"position\":3,\"name\":\"Exhibition \u00ab\u00a0What if I was 20 in the 1900s : Lessines during the Belle \u00c9poque\u00a0\u00bb\"}]},{\"@type\":\"WebSite\",\"@id\":\"https:\\\/\\\/www.notredamealarose.be\\\/#website\",\"url\":\"https:\\\/\\\/www.notredamealarose.be\\\/\",\"name\":\"H\u00f4pital Notre-Dame \u00e0 la Rose - Lessines\",\"description\":\"Un mus\u00e9e magique et hors du temps !\",\"publisher\":{\"@id\":\"https:\\\/\\\/www.notredamealarose.be\\\/#organization\"},\"potentialAction\":[{\"@type\":\"SearchAction\",\"target\":{\"@type\":\"EntryPoint\",\"urlTemplate\":\"https:\\\/\\\/www.notredamealarose.be\\\/?s={search_term_string}\"},\"query-input\":{\"@type\":\"PropertyValueSpecification\",\"valueRequired\":true,\"valueName\":\"search_term_string\"}}],\"inLanguage\":\"en-US\"},{\"@type\":\"Organization\",\"@id\":\"https:\\\/\\\/www.notredamealarose.be\\\/#organization\",\"name\":\"H\u00f4pital Notre-Dame \u00e0 la Rose - Lessines\",\"url\":\"https:\\\/\\\/www.notredamealarose.be\\\/\",\"logo\":{\"@type\":\"ImageObject\",\"inLanguage\":\"en-US\",\"@id\":\"https:\\\/\\\/www.notredamealarose.be\\\/#\\\/schema\\\/logo\\\/image\\\/\",\"url\":\"https:\\\/\\\/www.notredamealarose.be\\\/2022\\\/wp-content\\\/uploads\\\/2023\\\/12\\\/HNDR-logo-monochrome-neg.png\",\"contentUrl\":\"https:\\\/\\\/www.notredamealarose.be\\\/2022\\\/wp-content\\\/uploads\\\/2023\\\/12\\\/HNDR-logo-monochrome-neg.png\",\"width\":1998,\"height\":1239,\"caption\":\"H\u00f4pital Notre-Dame \u00e0 la Rose - Lessines\"},\"image\":{\"@id\":\"https:\\\/\\\/www.notredamealarose.be\\\/#\\\/schema\\\/logo\\\/image\\\/\"}}]}<\/script>\n<!-- \/ Yoast SEO plugin. -->","yoast_head_json":{"title":"Exhibition \"What if I was 20 in the 1900s : Lessines during the Belle \u00c9poque\" - H\u00f4pital Notre-Dame \u00e0 la Rose - Lessines","robots":{"index":"index","follow":"follow","max-snippet":"max-snippet:-1","max-image-preview":"max-image-preview:large","max-video-preview":"max-video-preview:-1"},"canonical":"https:\/\/www.notredamealarose.be\/en\/event\/exhibition-what-if-i-was-20-in-the-1900s-lessines-during-the-belle-epoque\/","og_locale":"en_US","og_type":"article","og_title":"Exhibition \"What if I was 20 in the 1900s : Lessines during the Belle \u00c9poque\" - H\u00f4pital Notre-Dame \u00e0 la Rose - Lessines","og_description":"&nbsp; \ud83c\udfad Upcoming event : Exhibition &#8220;What if I was 20 in the 1900s : Lessines during the Belle \u00c9poque&#8221; \ud83d\udcc5 From the 27th of April 2024 to the 31th of January 2025. \ud83c\udf1f About the exhibition : Discover the tumultuous life of Valentine, a young woman living in Lessines at the start of the [&hellip;]","og_url":"https:\/\/www.notredamealarose.be\/en\/event\/exhibition-what-if-i-was-20-in-the-1900s-lessines-during-the-belle-epoque\/","og_site_name":"H\u00f4pital Notre-Dame \u00e0 la Rose - Lessines","article_modified_time":"2025-04-24T08:29:43+00:00","og_image":[{"width":1920,"height":1080,"url":"https:\/\/www.notredamealarose.be\/2022\/wp-content\/uploads\/2024\/03\/HNDR_20ANS1900_TV.jpg","type":"image\/jpeg"}],"twitter_card":"summary_large_image","schema":{"@context":"https:\/\/schema.org","@graph":[{"@type":"WebPage","@id":"https:\/\/www.notredamealarose.be\/en\/event\/exhibition-what-if-i-was-20-in-the-1900s-lessines-during-the-belle-epoque\/","url":"https:\/\/www.notredamealarose.be\/en\/event\/exhibition-what-if-i-was-20-in-the-1900s-lessines-during-the-belle-epoque\/","name":"Exhibition \"What if I was 20 in the 1900s : Lessines during the Belle \u00c9poque\" - H\u00f4pital Notre-Dame \u00e0 la Rose - Lessines","isPartOf":{"@id":"https:\/\/www.notredamealarose.be\/#website"},"primaryImageOfPage":{"@id":"https:\/\/www.notredamealarose.be\/en\/event\/exhibition-what-if-i-was-20-in-the-1900s-lessines-during-the-belle-epoque\/#primaryimage"},"image":{"@id":"https:\/\/www.notredamealarose.be\/en\/event\/exhibition-what-if-i-was-20-in-the-1900s-lessines-during-the-belle-epoque\/#primaryimage"},"thumbnailUrl":"https:\/\/www.notredamealarose.be\/2022\/wp-content\/uploads\/2024\/03\/HNDR_20ANS1900_TV-300x169.jpg","datePublished":"2024-03-27T11:07:17+00:00","dateModified":"2025-04-24T08:29:43+00:00","breadcrumb":{"@id":"https:\/\/www.notredamealarose.be\/en\/event\/exhibition-what-if-i-was-20-in-the-1900s-lessines-during-the-belle-epoque\/#breadcrumb"},"inLanguage":"en-US","potentialAction":[{"@type":"ReadAction","target":["https:\/\/www.notredamealarose.be\/en\/event\/exhibition-what-if-i-was-20-in-the-1900s-lessines-during-the-belle-epoque\/"]}]},{"@type":"ImageObject","inLanguage":"en-US","@id":"https:\/\/www.notredamealarose.be\/en\/event\/exhibition-what-if-i-was-20-in-the-1900s-lessines-during-the-belle-epoque\/#primaryimage","url":"https:\/\/www.notredamealarose.be\/2022\/wp-content\/uploads\/2024\/03\/HNDR_20ANS1900_TV-300x169.jpg","contentUrl":"https:\/\/www.notredamealarose.be\/2022\/wp-content\/uploads\/2024\/03\/HNDR_20ANS1900_TV-300x169.jpg"},{"@type":"BreadcrumbList","@id":"https:\/\/www.notredamealarose.be\/en\/event\/exhibition-what-if-i-was-20-in-the-1900s-lessines-during-the-belle-epoque\/#breadcrumb","itemListElement":[{"@type":"ListItem","position":1,"name":"Accueil","item":"https:\/\/www.notredamealarose.be\/en\/"},{"@type":"ListItem","position":2,"name":"\u00c9v\u00e8nements","item":"https:\/\/www.notredamealarose.be\/events\/"},{"@type":"ListItem","position":3,"name":"Exhibition \u00ab\u00a0What if I was 20 in the 1900s : Lessines during the Belle \u00c9poque\u00a0\u00bb"}]},{"@type":"WebSite","@id":"https:\/\/www.notredamealarose.be\/#website","url":"https:\/\/www.notredamealarose.be\/","name":"H\u00f4pital Notre-Dame \u00e0 la Rose - Lessines","description":"Un mus\u00e9e magique et hors du temps !","publisher":{"@id":"https:\/\/www.notredamealarose.be\/#organization"},"potentialAction":[{"@type":"SearchAction","target":{"@type":"EntryPoint","urlTemplate":"https:\/\/www.notredamealarose.be\/?s={search_term_string}"},"query-input":{"@type":"PropertyValueSpecification","valueRequired":true,"valueName":"search_term_string"}}],"inLanguage":"en-US"},{"@type":"Organization","@id":"https:\/\/www.notredamealarose.be\/#organization","name":"H\u00f4pital Notre-Dame \u00e0 la Rose - Lessines","url":"https:\/\/www.notredamealarose.be\/","logo":{"@type":"ImageObject","inLanguage":"en-US","@id":"https:\/\/www.notredamealarose.be\/#\/schema\/logo\/image\/","url":"https:\/\/www.notredamealarose.be\/2022\/wp-content\/uploads\/2023\/12\/HNDR-logo-monochrome-neg.png","contentUrl":"https:\/\/www.notredamealarose.be\/2022\/wp-content\/uploads\/2023\/12\/HNDR-logo-monochrome-neg.png","width":1998,"height":1239,"caption":"H\u00f4pital Notre-Dame \u00e0 la Rose - Lessines"},"image":{"@id":"https:\/\/www.notredamealarose.be\/#\/schema\/logo\/image\/"}}]}},"jetpack_sharing_enabled":true,"_links":{"self":[{"href":"https:\/\/www.notredamealarose.be\/en\/wp-json\/wp\/v2\/tribe_events\/11719","targetHints":{"allow":["GET"]}}],"collection":[{"href":"https:\/\/www.notredamealarose.be\/en\/wp-json\/wp\/v2\/tribe_events"}],"about":[{"href":"https:\/\/www.notredamealarose.be\/en\/wp-json\/wp\/v2\/types\/tribe_events"}],"author":[{"embeddable":true,"href":"https:\/\/www.notredamealarose.be\/en\/wp-json\/wp\/v2\/users\/3"}],"version-history":[{"count":2,"href":"https:\/\/www.notredamealarose.be\/en\/wp-json\/wp\/v2\/tribe_events\/11719\/revisions"}],"predecessor-version":[{"id":13168,"href":"https:\/\/www.notredamealarose.be\/en\/wp-json\/wp\/v2\/tribe_events\/11719\/revisions\/13168"}],"wp:attachment":[{"href":"https:\/\/www.notredamealarose.be\/en\/wp-json\/wp\/v2\/media?parent=11719"}],"wp:term":[{"taxonomy":"post_tag","embeddable":true,"href":"https:\/\/www.notredamealarose.be\/en\/wp-json\/wp\/v2\/tags?post=11719"},{"taxonomy":"tribe_events_cat","embeddable":true,"href":"https:\/\/www.notredamealarose.be\/en\/wp-json\/wp\/v2\/tribe_events_cat?post=11719"}],"curies":[{"name":"wp","href":"https:\/\/api.w.org\/{rel}","templated":true}]}}