{"id":13196,"date":"2025-02-06T11:00:30","date_gmt":"2025-02-06T10:00:30","guid":{"rendered":"https:\/\/www.notredamealarose.be\/event\/dramatised-tours-exhibition-%f0%9f%8e%ad-2\/"},"modified":"2025-04-29T16:16:26","modified_gmt":"2025-04-29T14:16:26","slug":"dramatised-tours-exhibition-%f0%9f%8e%ad-2","status":"publish","type":"tribe_events","link":"https:\/\/www.notredamealarose.be\/en\/event\/dramatised-tours-exhibition-%f0%9f%8e%ad-2\/","title":{"rendered":"Dramatised tours (in French only) \u2013 exhibition \ud83c\udfad"},"content":{"rendered":"<p>\u23f1\ufe0f Duration of the visit : 1h30<\/p>\n<p>Discover the dramatised tours (in French only) accompanied by two characters, one from the proletariat and the other from the bourgeoisie. Discover the Belle \u00c9poque through an immersive and extraordinary experience. <\/p>\n<p>Jean-Pierre Williame and Lo\u00efce Gandibleux will be leading these tours!<\/p>\n<h4 class=\"wp-block-heading\">\ud83d\uddd3\ufe0f<strong> When?<\/strong><\/h4>\n<p>\ud83d\udd70\ufe0f Start of the visite at 3.30 pm<\/p>\n<p>\ud83d\udc49\ud83c\udffb Sunday January 26th 2024<\/p>\n<p>\ud83d\udc49\ud83c\udffb Sunday February 23rd 2025<\/p>\n<p>\ud83d\udc49\ud83c\udffb Sunday March 9th 2025<\/p>\n<p>\ud83d\udc49\ud83c\udffb Sunday April 20th 2025<\/p>\n<p>\ud83d\udc49\ud83c\udffb Sunday May 25th 2025<\/p>\n<p>\ud83d\udc49\ud83c\udffb Sunday June 15th 2025<\/p>\n<p>\ud83d\udc49\ud83c\udffb Sunday July 20th 2025<\/p>\n<p>\ud83d\udc49\ud83c\udffb Saturday August 30th 2025<\/p>\n<h4 class=\"wp-block-heading\">\ud83e\ude99 <strong>Entrance fee<\/strong><\/h4>\n<p>\ud83e\uddd1\ud83c\udffb\ud83e\uddd3\ud83c\udffb\ud83d\udc68\ud83c\udffb\u200d\ud83c\udf93 Pour les adultes, s\u00e9niors et \u00e9tudiants, le prix est de 10\u20ac par personne.<\/p>\n<h4 class=\"wp-block-heading\">\ud83d\udd17 Reservations<\/h4>\n<p>To book, simply click on the following button and follow the booking steps \ud83d\udc47\ud83c\udffb<\/p>\n<p><a href=\"https:\/\/tinyurl.com\/2d5vsjcs\" target=\"_blank\" rel=\"noreferrer noopener\">Reservation<\/a><\/p>\n","protected":false},"excerpt":{"rendered":"<p>\u23f1\ufe0f Duration of the visit : 1h30 Discover the dramatised tours (in French only) accompanied by two characters, one from the proletariat and the other from the bourgeoisie. Discover the Belle \u00c9poque through an immersive and extraordinary experience. Jean-Pierre Williame and Lo\u00efce Gandibleux will be leading these tours! \ud83d\uddd3\ufe0f When? \ud83d\udd70\ufe0f Start of the visite [&hellip;]<\/p>\n","protected":false},"author":3,"featured_media":0,"template":"","meta":{"site-sidebar-layout":"default","site-content-layout":"","ast-site-content-layout":"default","site-content-style":"default","site-sidebar-style":"default","ast-global-header-display":"","ast-banner-title-visibility":"","ast-main-header-display":"","ast-hfb-above-header-display":"","ast-hfb-below-header-display":"","ast-hfb-mobile-header-display":"","site-post-title":"","ast-breadcrumbs-content":"","ast-featured-img":"","footer-sml-layout":"","theme-transparent-header-meta":"default","adv-header-id-meta":"","stick-header-meta":"default","header-above-stick-meta":"","header-main-stick-meta":"","header-below-stick-meta":"","astra-migrate-meta-layouts":"default","ast-page-background-enabled":"default","ast-page-background-meta":{"desktop":{"background-color":"var(--ast-global-color-4)","background-image":"","background-repeat":"repeat","background-position":"center center","background-size":"auto","background-attachment":"scroll","background-type":"","background-media":"","overlay-type":"","overlay-color":"","overlay-gradient":""},"tablet":{"background-color":"","background-image":"","background-repeat":"repeat","background-position":"center center","background-size":"auto","background-attachment":"scroll","background-type":"","background-media":"","overlay-type":"","overlay-color":"","overlay-gradient":""},"mobile":{"background-color":"","background-image":"","background-repeat":"repeat","background-position":"center center","background-size":"auto","background-attachment":"scroll","background-type":"","background-media":"","overlay-type":"","overlay-color":"","overlay-gradient":""}},"ast-content-background-meta":{"desktop":{"background-color":"var(--ast-global-color-5)","background-image":"","background-repeat":"repeat","background-position":"center center","background-size":"auto","background-attachment":"scroll","background-type":"","background-media":"","overlay-type":"","overlay-color":"","overlay-gradient":""},"tablet":{"background-color":"var(--ast-global-color-5)","background-image":"","background-repeat":"repeat","background-position":"center center","background-size":"auto","background-attachment":"scroll","background-type":"","background-media":"","overlay-type":"","overlay-color":"","overlay-gradient":""},"mobile":{"background-color":"var(--ast-global-color-5)","background-image":"","background-repeat":"repeat","background-position":"center center","background-size":"auto","background-attachment":"scroll","background-type":"","background-media":"","overlay-type":"","overlay-color":"","overlay-gradient":""}},"_price":"","_stock":"","_tribe_ticket_header":"","_tribe_default_ticket_provider":"","_tribe_ticket_capacity":"0","_ticket_start_date":"","_ticket_end_date":"","_tribe_ticket_show_description":"","_tribe_ticket_show_not_going":false,"_tribe_ticket_use_global_stock":"","_tribe_ticket_global_stock_level":"","_global_stock_mode":"","_global_stock_cap":"","_tribe_rsvp_for_event":"","_tribe_ticket_going_count":"","_tribe_ticket_not_going_count":"","_tribe_tickets_list":"[]","_tribe_ticket_has_attendee_info_fields":false,"_tribe_events_status":"","_tribe_events_status_reason":"","footnotes":""},"tags":[],"tribe_events_cat":[],"class_list":["post-13196","tribe_events","type-tribe_events","status-publish","hentry"],"yoast_head":"<!-- This site is optimized with the Yoast SEO plugin v27.4 - https:\/\/yoast.com\/product\/yoast-seo-wordpress\/ -->\n<title>Dramatised tours (in French only) \u2013 exhibition \ud83c\udfad - H\u00f4pital Notre-Dame \u00e0 la Rose - Lessines<\/title>\n<meta name=\"robots\" content=\"index, follow, max-snippet:-1, max-image-preview:large, max-video-preview:-1\" \/>\n<link rel=\"canonical\" href=\"https:\/\/www.notredamealarose.be\/en\/event\/dramatised-tours-exhibition-\ud83c\udfad-2\/\" \/>\n<meta property=\"og:locale\" content=\"en_US\" \/>\n<meta property=\"og:type\" content=\"article\" \/>\n<meta property=\"og:title\" content=\"Dramatised tours (in French only) \u2013 exhibition \ud83c\udfad - H\u00f4pital Notre-Dame \u00e0 la Rose - Lessines\" \/>\n<meta property=\"og:description\" content=\"\u23f1\ufe0f Duration of the visit : 1h30 Discover the dramatised tours (in French only) accompanied by two characters, one from the proletariat and the other from the bourgeoisie. Discover the Belle \u00c9poque through an immersive and extraordinary experience. Jean-Pierre Williame and Lo\u00efce Gandibleux will be leading these tours! \ud83d\uddd3\ufe0f When? \ud83d\udd70\ufe0f Start of the visite [&hellip;]\" \/>\n<meta property=\"og:url\" content=\"https:\/\/www.notredamealarose.be\/en\/event\/dramatised-tours-exhibition-\ud83c\udfad-2\/\" \/>\n<meta property=\"og:site_name\" content=\"H\u00f4pital Notre-Dame \u00e0 la Rose - Lessines\" \/>\n<meta property=\"article:modified_time\" content=\"2025-04-29T14:16:26+00:00\" \/>\n<meta name=\"twitter:card\" content=\"summary_large_image\" \/>\n<script type=\"application\/ld+json\" class=\"yoast-schema-graph\">{\"@context\":\"https:\\\/\\\/schema.org\",\"@graph\":[{\"@type\":\"WebPage\",\"@id\":\"https:\\\/\\\/www.notredamealarose.be\\\/en\\\/event\\\/dramatised-tours-exhibition-%f0%9f%8e%ad-2\\\/\",\"url\":\"https:\\\/\\\/www.notredamealarose.be\\\/en\\\/event\\\/dramatised-tours-exhibition-%f0%9f%8e%ad-2\\\/\",\"name\":\"Dramatised tours (in French only) \u2013 exhibition \ud83c\udfad - H\u00f4pital Notre-Dame \u00e0 la Rose - Lessines\",\"isPartOf\":{\"@id\":\"https:\\\/\\\/www.notredamealarose.be\\\/#website\"},\"datePublished\":\"2025-02-06T10:00:30+00:00\",\"dateModified\":\"2025-04-29T14:16:26+00:00\",\"breadcrumb\":{\"@id\":\"https:\\\/\\\/www.notredamealarose.be\\\/en\\\/event\\\/dramatised-tours-exhibition-%f0%9f%8e%ad-2\\\/#breadcrumb\"},\"inLanguage\":\"en-US\",\"potentialAction\":[{\"@type\":\"ReadAction\",\"target\":[\"https:\\\/\\\/www.notredamealarose.be\\\/en\\\/event\\\/dramatised-tours-exhibition-%f0%9f%8e%ad-2\\\/\"]}]},{\"@type\":\"BreadcrumbList\",\"@id\":\"https:\\\/\\\/www.notredamealarose.be\\\/en\\\/event\\\/dramatised-tours-exhibition-%f0%9f%8e%ad-2\\\/#breadcrumb\",\"itemListElement\":[{\"@type\":\"ListItem\",\"position\":1,\"name\":\"Accueil\",\"item\":\"https:\\\/\\\/www.notredamealarose.be\\\/en\\\/\"},{\"@type\":\"ListItem\",\"position\":2,\"name\":\"\u00c9v\u00e8nements\",\"item\":\"https:\\\/\\\/www.notredamealarose.be\\\/events\\\/\"},{\"@type\":\"ListItem\",\"position\":3,\"name\":\"Dramatised tours (in French only) \u2013 exhibition \ud83c\udfad\"}]},{\"@type\":\"WebSite\",\"@id\":\"https:\\\/\\\/www.notredamealarose.be\\\/#website\",\"url\":\"https:\\\/\\\/www.notredamealarose.be\\\/\",\"name\":\"H\u00f4pital Notre-Dame \u00e0 la Rose - Lessines\",\"description\":\"Un mus\u00e9e magique et hors du temps !\",\"publisher\":{\"@id\":\"https:\\\/\\\/www.notredamealarose.be\\\/#organization\"},\"potentialAction\":[{\"@type\":\"SearchAction\",\"target\":{\"@type\":\"EntryPoint\",\"urlTemplate\":\"https:\\\/\\\/www.notredamealarose.be\\\/?s={search_term_string}\"},\"query-input\":{\"@type\":\"PropertyValueSpecification\",\"valueRequired\":true,\"valueName\":\"search_term_string\"}}],\"inLanguage\":\"en-US\"},{\"@type\":\"Organization\",\"@id\":\"https:\\\/\\\/www.notredamealarose.be\\\/#organization\",\"name\":\"H\u00f4pital Notre-Dame \u00e0 la Rose - Lessines\",\"url\":\"https:\\\/\\\/www.notredamealarose.be\\\/\",\"logo\":{\"@type\":\"ImageObject\",\"inLanguage\":\"en-US\",\"@id\":\"https:\\\/\\\/www.notredamealarose.be\\\/#\\\/schema\\\/logo\\\/image\\\/\",\"url\":\"https:\\\/\\\/www.notredamealarose.be\\\/2022\\\/wp-content\\\/uploads\\\/2023\\\/12\\\/HNDR-logo-monochrome-neg.png\",\"contentUrl\":\"https:\\\/\\\/www.notredamealarose.be\\\/2022\\\/wp-content\\\/uploads\\\/2023\\\/12\\\/HNDR-logo-monochrome-neg.png\",\"width\":1998,\"height\":1239,\"caption\":\"H\u00f4pital Notre-Dame \u00e0 la Rose - Lessines\"},\"image\":{\"@id\":\"https:\\\/\\\/www.notredamealarose.be\\\/#\\\/schema\\\/logo\\\/image\\\/\"}}]}<\/script>\n<!-- \/ Yoast SEO plugin. -->","yoast_head_json":{"title":"Dramatised tours (in French only) \u2013 exhibition \ud83c\udfad - H\u00f4pital Notre-Dame \u00e0 la Rose - Lessines","robots":{"index":"index","follow":"follow","max-snippet":"max-snippet:-1","max-image-preview":"max-image-preview:large","max-video-preview":"max-video-preview:-1"},"canonical":"https:\/\/www.notredamealarose.be\/en\/event\/dramatised-tours-exhibition-\ud83c\udfad-2\/","og_locale":"en_US","og_type":"article","og_title":"Dramatised tours (in French only) \u2013 exhibition \ud83c\udfad - H\u00f4pital Notre-Dame \u00e0 la Rose - Lessines","og_description":"\u23f1\ufe0f Duration of the visit : 1h30 Discover the dramatised tours (in French only) accompanied by two characters, one from the proletariat and the other from the bourgeoisie. Discover the Belle \u00c9poque through an immersive and extraordinary experience. Jean-Pierre Williame and Lo\u00efce Gandibleux will be leading these tours! \ud83d\uddd3\ufe0f When? \ud83d\udd70\ufe0f Start of the visite [&hellip;]","og_url":"https:\/\/www.notredamealarose.be\/en\/event\/dramatised-tours-exhibition-\ud83c\udfad-2\/","og_site_name":"H\u00f4pital Notre-Dame \u00e0 la Rose - Lessines","article_modified_time":"2025-04-29T14:16:26+00:00","twitter_card":"summary_large_image","schema":{"@context":"https:\/\/schema.org","@graph":[{"@type":"WebPage","@id":"https:\/\/www.notredamealarose.be\/en\/event\/dramatised-tours-exhibition-%f0%9f%8e%ad-2\/","url":"https:\/\/www.notredamealarose.be\/en\/event\/dramatised-tours-exhibition-%f0%9f%8e%ad-2\/","name":"Dramatised tours (in French only) \u2013 exhibition \ud83c\udfad - H\u00f4pital Notre-Dame \u00e0 la Rose - Lessines","isPartOf":{"@id":"https:\/\/www.notredamealarose.be\/#website"},"datePublished":"2025-02-06T10:00:30+00:00","dateModified":"2025-04-29T14:16:26+00:00","breadcrumb":{"@id":"https:\/\/www.notredamealarose.be\/en\/event\/dramatised-tours-exhibition-%f0%9f%8e%ad-2\/#breadcrumb"},"inLanguage":"en-US","potentialAction":[{"@type":"ReadAction","target":["https:\/\/www.notredamealarose.be\/en\/event\/dramatised-tours-exhibition-%f0%9f%8e%ad-2\/"]}]},{"@type":"BreadcrumbList","@id":"https:\/\/www.notredamealarose.be\/en\/event\/dramatised-tours-exhibition-%f0%9f%8e%ad-2\/#breadcrumb","itemListElement":[{"@type":"ListItem","position":1,"name":"Accueil","item":"https:\/\/www.notredamealarose.be\/en\/"},{"@type":"ListItem","position":2,"name":"\u00c9v\u00e8nements","item":"https:\/\/www.notredamealarose.be\/events\/"},{"@type":"ListItem","position":3,"name":"Dramatised tours (in French only) \u2013 exhibition \ud83c\udfad"}]},{"@type":"WebSite","@id":"https:\/\/www.notredamealarose.be\/#website","url":"https:\/\/www.notredamealarose.be\/","name":"H\u00f4pital Notre-Dame \u00e0 la Rose - Lessines","description":"Un mus\u00e9e magique et hors du temps !","publisher":{"@id":"https:\/\/www.notredamealarose.be\/#organization"},"potentialAction":[{"@type":"SearchAction","target":{"@type":"EntryPoint","urlTemplate":"https:\/\/www.notredamealarose.be\/?s={search_term_string}"},"query-input":{"@type":"PropertyValueSpecification","valueRequired":true,"valueName":"search_term_string"}}],"inLanguage":"en-US"},{"@type":"Organization","@id":"https:\/\/www.notredamealarose.be\/#organization","name":"H\u00f4pital Notre-Dame \u00e0 la Rose - Lessines","url":"https:\/\/www.notredamealarose.be\/","logo":{"@type":"ImageObject","inLanguage":"en-US","@id":"https:\/\/www.notredamealarose.be\/#\/schema\/logo\/image\/","url":"https:\/\/www.notredamealarose.be\/2022\/wp-content\/uploads\/2023\/12\/HNDR-logo-monochrome-neg.png","contentUrl":"https:\/\/www.notredamealarose.be\/2022\/wp-content\/uploads\/2023\/12\/HNDR-logo-monochrome-neg.png","width":1998,"height":1239,"caption":"H\u00f4pital Notre-Dame \u00e0 la Rose - Lessines"},"image":{"@id":"https:\/\/www.notredamealarose.be\/#\/schema\/logo\/image\/"}}]}},"jetpack_sharing_enabled":true,"_links":{"self":[{"href":"https:\/\/www.notredamealarose.be\/en\/wp-json\/wp\/v2\/tribe_events\/13196","targetHints":{"allow":["GET"]}}],"collection":[{"href":"https:\/\/www.notredamealarose.be\/en\/wp-json\/wp\/v2\/tribe_events"}],"about":[{"href":"https:\/\/www.notredamealarose.be\/en\/wp-json\/wp\/v2\/types\/tribe_events"}],"author":[{"embeddable":true,"href":"https:\/\/www.notredamealarose.be\/en\/wp-json\/wp\/v2\/users\/3"}],"version-history":[{"count":1,"href":"https:\/\/www.notredamealarose.be\/en\/wp-json\/wp\/v2\/tribe_events\/13196\/revisions"}],"predecessor-version":[{"id":13199,"href":"https:\/\/www.notredamealarose.be\/en\/wp-json\/wp\/v2\/tribe_events\/13196\/revisions\/13199"}],"wp:attachment":[{"href":"https:\/\/www.notredamealarose.be\/en\/wp-json\/wp\/v2\/media?parent=13196"}],"wp:term":[{"taxonomy":"post_tag","embeddable":true,"href":"https:\/\/www.notredamealarose.be\/en\/wp-json\/wp\/v2\/tags?post=13196"},{"taxonomy":"tribe_events_cat","embeddable":true,"href":"https:\/\/www.notredamealarose.be\/en\/wp-json\/wp\/v2\/tribe_events_cat?post=13196"}],"curies":[{"name":"wp","href":"https:\/\/api.w.org\/{rel}","templated":true}]}}