{"id":13239,"date":"2025-05-14T11:51:17","date_gmt":"2025-05-14T09:51:17","guid":{"rendered":"https:\/\/www.notredamealarose.be\/event\/european-museumnight-2025\/"},"modified":"2025-05-14T11:51:17","modified_gmt":"2025-05-14T09:51:17","slug":"european-museumnight-2025","status":"publish","type":"tribe_events","link":"https:\/\/www.notredamealarose.be\/en\/event\/european-museumnight-2025\/","title":{"rendered":"European museumnight 2025"},"content":{"rendered":"<p><strong>EUROPEAN MUSEUM NIGHT<\/strong><\/p>\n<p><strong>Saturday May 17: free nocturne from 6pm to 10pm<\/strong><\/p>\n<p>&nbsp;<\/p>\n<p><strong>To mark <a href=\"https:\/\/fb.me\/e\/hUbxGXq9s\"><em>European museum night<\/em><\/a>, we&#8217;ve put together a program of immersive, sensitive and creative activities. Join us in building the museum of tomorrow! <\/strong><\/p>\n<p>&nbsp;<\/p>\n<p><strong>The emotional rose<\/strong><\/p>\n<p>What emotions do you feel in the rooms of our museum? Joy, serenity, or rather a chill down your spine, or even a real sense of unease? Become an active participant in your visit and share your feelings with us by dropping off your origami rose in the various rooms of the museum!  <\/p>\n<p>&nbsp;<\/p>\n<p><strong>My ideal museum<\/strong><\/p>\n<p>What if everything were possible? What if the museum of your dreams could become reality? Using words, stickers or drawings, share your ideas for enhancing the different areas of the museum. And if you had to give these spaces a name, what would it be? To stimulate your imagination, don&#8217;t forget to stop by the bar so you don&#8217;t get dehydrated!    <\/p>\n<p>&nbsp;<\/p>\n<p><strong>Techno or retro ?<\/strong><\/p>\n<p>What scenography for tomorrow&#8217;s museum? Techno or retro? Tell us what you prefer, and vote for your favorite design using the beads you receive at reception!  <\/p>\n<p>&nbsp;<\/p>\n<p><strong>Visit with G\u00e9rald Decoster<\/strong><\/p>\n<p>Departure from reception at 6pm. Length: 2 hours. Visit in French.  <\/p>\n<p><a href=\"https:\/\/tinyurl.com\/2y3twh76\">Registration<\/a> : <a href=\"https:\/\/reservation.elloha.com\/?IdPublication=f41149c6-e667-4e76-9e59-53507313e462&amp;culture=fr-FR&amp;idoi=d5c2a244-62cc-453f-8520-32a3935c6e16&amp;searchFirstAvailableDates=1\">https:\/\/tinyurl.com\/2y3twh76<\/a><\/p>\n<p>Art historian and long-time volunteer G\u00e9rald Decoster offers a unique tour of the site. A moving and inspiring visit not to be missed! A nod to the theme of the <em><strong><a href=\"https:\/\/fb.me\/e\/346lyZJgR\">International museum day<\/a><\/strong><\/em> on the following day!  <\/p>\n<p>&nbsp;<\/p>\n<p><a href=\"https:\/\/www.notredamealarose.be\/en\/practical-information\/\"><strong>PRACTICAL INFORMATIONS<\/strong><\/a><\/p>\n<p>Free nocturne from 6pm to 10pm (last entry at 9pm).<\/p>\n<p><a href=\"https:\/\/tinyurl.com\/2cju6h56\">Registration <\/a>: <a href=\"https:\/\/tinyurl.com\/2cju6h56\">https:\/\/tinyurl.com\/2cju6h56<\/a><br \/>\nThe museum is open during the day at the usual times and rates.<\/p>\n<p>PMR &amp; assistance dog access. SNCB train station 400m away. <a href=\"https:\/\/www.notredamealarose.be\/en\/practical-information\/\">Parkings nearby<\/a>. <\/p>\n","protected":false},"excerpt":{"rendered":"<p>EUROPEAN MUSEUM NIGHT Saturday May 17: free nocturne from 6pm to 10pm &nbsp; To mark European museum night, we&#8217;ve put together a program of immersive, sensitive and creative activities. Join us in building the museum of tomorrow! &nbsp; The emotional rose What emotions do you feel in the rooms of our museum? Joy, serenity, or [&hellip;]<\/p>\n","protected":false},"author":3,"featured_media":13235,"template":"","meta":{"site-sidebar-layout":"default","site-content-layout":"","ast-site-content-layout":"default","site-content-style":"default","site-sidebar-style":"default","ast-global-header-display":"","ast-banner-title-visibility":"","ast-main-header-display":"","ast-hfb-above-header-display":"","ast-hfb-below-header-display":"","ast-hfb-mobile-header-display":"","site-post-title":"","ast-breadcrumbs-content":"","ast-featured-img":"","footer-sml-layout":"","theme-transparent-header-meta":"default","adv-header-id-meta":"","stick-header-meta":"default","header-above-stick-meta":"","header-main-stick-meta":"","header-below-stick-meta":"","astra-migrate-meta-layouts":"default","ast-page-background-enabled":"default","ast-page-background-meta":{"desktop":{"background-color":"var(--ast-global-color-4)","background-image":"","background-repeat":"repeat","background-position":"center center","background-size":"auto","background-attachment":"scroll","background-type":"","background-media":"","overlay-type":"","overlay-color":"","overlay-gradient":""},"tablet":{"background-color":"","background-image":"","background-repeat":"repeat","background-position":"center center","background-size":"auto","background-attachment":"scroll","background-type":"","background-media":"","overlay-type":"","overlay-color":"","overlay-gradient":""},"mobile":{"background-color":"","background-image":"","background-repeat":"repeat","background-position":"center center","background-size":"auto","background-attachment":"scroll","background-type":"","background-media":"","overlay-type":"","overlay-color":"","overlay-gradient":""}},"ast-content-background-meta":{"desktop":{"background-color":"var(--ast-global-color-5)","background-image":"","background-repeat":"repeat","background-position":"center center","background-size":"auto","background-attachment":"scroll","background-type":"","background-media":"","overlay-type":"","overlay-color":"","overlay-gradient":""},"tablet":{"background-color":"var(--ast-global-color-5)","background-image":"","background-repeat":"repeat","background-position":"center center","background-size":"auto","background-attachment":"scroll","background-type":"","background-media":"","overlay-type":"","overlay-color":"","overlay-gradient":""},"mobile":{"background-color":"var(--ast-global-color-5)","background-image":"","background-repeat":"repeat","background-position":"center center","background-size":"auto","background-attachment":"scroll","background-type":"","background-media":"","overlay-type":"","overlay-color":"","overlay-gradient":""}},"_price":"","_stock":"","_tribe_ticket_header":"","_tribe_default_ticket_provider":"","_tribe_ticket_capacity":"0","_ticket_start_date":"","_ticket_end_date":"","_tribe_ticket_show_description":"","_tribe_ticket_show_not_going":false,"_tribe_ticket_use_global_stock":"","_tribe_ticket_global_stock_level":"","_global_stock_mode":"","_global_stock_cap":"","_tribe_rsvp_for_event":"","_tribe_ticket_going_count":"","_tribe_ticket_not_going_count":"","_tribe_tickets_list":"[]","_tribe_ticket_has_attendee_info_fields":false,"_tribe_events_status":"","_tribe_events_status_reason":"","footnotes":""},"tags":[],"tribe_events_cat":[],"class_list":["post-13239","tribe_events","type-tribe_events","status-publish","has-post-thumbnail","hentry"],"yoast_head":"<!-- This site is optimized with the Yoast SEO plugin v27.4 - https:\/\/yoast.com\/product\/yoast-seo-wordpress\/ -->\n<title>European museumnight 2025 - H\u00f4pital Notre-Dame \u00e0 la Rose - Lessines<\/title>\n<meta name=\"robots\" content=\"index, follow, max-snippet:-1, max-image-preview:large, max-video-preview:-1\" \/>\n<link rel=\"canonical\" href=\"https:\/\/www.notredamealarose.be\/event\/european-museumnight-2025\/\" \/>\n<meta property=\"og:locale\" content=\"en_US\" \/>\n<meta property=\"og:type\" content=\"article\" \/>\n<meta property=\"og:title\" content=\"European museumnight 2025 - H\u00f4pital Notre-Dame \u00e0 la Rose - Lessines\" \/>\n<meta property=\"og:description\" content=\"EUROPEAN MUSEUM NIGHT Saturday May 17: free nocturne from 6pm to 10pm &nbsp; To mark European museum night, we&#8217;ve put together a program of immersive, sensitive and creative activities. Join us in building the museum of tomorrow! &nbsp; The emotional rose What emotions do you feel in the rooms of our museum? Joy, serenity, or [&hellip;]\" \/>\n<meta property=\"og:url\" content=\"https:\/\/www.notredamealarose.be\/event\/european-museumnight-2025\/\" \/>\n<meta property=\"og:site_name\" content=\"H\u00f4pital Notre-Dame \u00e0 la Rose - Lessines\" \/>\n<meta name=\"twitter:card\" content=\"summary_large_image\" \/>\n<script type=\"application\/ld+json\" class=\"yoast-schema-graph\">{\"@context\":\"https:\\\/\\\/schema.org\",\"@graph\":[{\"@type\":\"WebPage\",\"@id\":\"https:\\\/\\\/www.notredamealarose.be\\\/event\\\/european-museumnight-2025\\\/\",\"url\":\"https:\\\/\\\/www.notredamealarose.be\\\/event\\\/european-museumnight-2025\\\/\",\"name\":\"European museumnight 2025 - H\u00f4pital Notre-Dame \u00e0 la Rose - Lessines\",\"isPartOf\":{\"@id\":\"https:\\\/\\\/www.notredamealarose.be\\\/#website\"},\"primaryImageOfPage\":{\"@id\":\"https:\\\/\\\/www.notredamealarose.be\\\/event\\\/european-museumnight-2025\\\/#primaryimage\"},\"image\":{\"@id\":\"https:\\\/\\\/www.notredamealarose.be\\\/event\\\/european-museumnight-2025\\\/#primaryimage\"},\"thumbnailUrl\":\"https:\\\/\\\/www.notredamealarose.be\\\/2022\\\/wp-content\\\/uploads\\\/2025\\\/05\\\/Nuit-europeenne-des-musees-17mai2025-Hopital-Notre-Dame-a-la-Rose-print-pdf.jpg\",\"datePublished\":\"2025-05-14T09:51:17+00:00\",\"breadcrumb\":{\"@id\":\"https:\\\/\\\/www.notredamealarose.be\\\/event\\\/european-museumnight-2025\\\/#breadcrumb\"},\"inLanguage\":\"en-US\",\"potentialAction\":[{\"@type\":\"ReadAction\",\"target\":[\"https:\\\/\\\/www.notredamealarose.be\\\/event\\\/european-museumnight-2025\\\/\"]}]},{\"@type\":\"ImageObject\",\"inLanguage\":\"en-US\",\"@id\":\"https:\\\/\\\/www.notredamealarose.be\\\/event\\\/european-museumnight-2025\\\/#primaryimage\",\"url\":\"https:\\\/\\\/www.notredamealarose.be\\\/2022\\\/wp-content\\\/uploads\\\/2025\\\/05\\\/Nuit-europeenne-des-musees-17mai2025-Hopital-Notre-Dame-a-la-Rose-print-pdf.jpg\",\"contentUrl\":\"https:\\\/\\\/www.notredamealarose.be\\\/2022\\\/wp-content\\\/uploads\\\/2025\\\/05\\\/Nuit-europeenne-des-musees-17mai2025-Hopital-Notre-Dame-a-la-Rose-print-pdf.jpg\"},{\"@type\":\"BreadcrumbList\",\"@id\":\"https:\\\/\\\/www.notredamealarose.be\\\/event\\\/european-museumnight-2025\\\/#breadcrumb\",\"itemListElement\":[{\"@type\":\"ListItem\",\"position\":1,\"name\":\"Accueil\",\"item\":\"https:\\\/\\\/www.notredamealarose.be\\\/en\\\/\"},{\"@type\":\"ListItem\",\"position\":2,\"name\":\"\u00c9v\u00e8nements\",\"item\":\"https:\\\/\\\/www.notredamealarose.be\\\/events\\\/\"},{\"@type\":\"ListItem\",\"position\":3,\"name\":\"European museumnight 2025\"}]},{\"@type\":\"WebSite\",\"@id\":\"https:\\\/\\\/www.notredamealarose.be\\\/#website\",\"url\":\"https:\\\/\\\/www.notredamealarose.be\\\/\",\"name\":\"H\u00f4pital Notre-Dame \u00e0 la Rose - Lessines\",\"description\":\"Un mus\u00e9e magique et hors du temps !\",\"publisher\":{\"@id\":\"https:\\\/\\\/www.notredamealarose.be\\\/#organization\"},\"potentialAction\":[{\"@type\":\"SearchAction\",\"target\":{\"@type\":\"EntryPoint\",\"urlTemplate\":\"https:\\\/\\\/www.notredamealarose.be\\\/?s={search_term_string}\"},\"query-input\":{\"@type\":\"PropertyValueSpecification\",\"valueRequired\":true,\"valueName\":\"search_term_string\"}}],\"inLanguage\":\"en-US\"},{\"@type\":\"Organization\",\"@id\":\"https:\\\/\\\/www.notredamealarose.be\\\/#organization\",\"name\":\"H\u00f4pital Notre-Dame \u00e0 la Rose - Lessines\",\"url\":\"https:\\\/\\\/www.notredamealarose.be\\\/\",\"logo\":{\"@type\":\"ImageObject\",\"inLanguage\":\"en-US\",\"@id\":\"https:\\\/\\\/www.notredamealarose.be\\\/#\\\/schema\\\/logo\\\/image\\\/\",\"url\":\"https:\\\/\\\/www.notredamealarose.be\\\/2022\\\/wp-content\\\/uploads\\\/2023\\\/12\\\/HNDR-logo-monochrome-neg.png\",\"contentUrl\":\"https:\\\/\\\/www.notredamealarose.be\\\/2022\\\/wp-content\\\/uploads\\\/2023\\\/12\\\/HNDR-logo-monochrome-neg.png\",\"width\":1998,\"height\":1239,\"caption\":\"H\u00f4pital Notre-Dame \u00e0 la Rose - Lessines\"},\"image\":{\"@id\":\"https:\\\/\\\/www.notredamealarose.be\\\/#\\\/schema\\\/logo\\\/image\\\/\"}}]}<\/script>\n<!-- \/ Yoast SEO plugin. -->","yoast_head_json":{"title":"European museumnight 2025 - H\u00f4pital Notre-Dame \u00e0 la Rose - Lessines","robots":{"index":"index","follow":"follow","max-snippet":"max-snippet:-1","max-image-preview":"max-image-preview:large","max-video-preview":"max-video-preview:-1"},"canonical":"https:\/\/www.notredamealarose.be\/event\/european-museumnight-2025\/","og_locale":"en_US","og_type":"article","og_title":"European museumnight 2025 - H\u00f4pital Notre-Dame \u00e0 la Rose - Lessines","og_description":"EUROPEAN MUSEUM NIGHT Saturday May 17: free nocturne from 6pm to 10pm &nbsp; To mark European museum night, we&#8217;ve put together a program of immersive, sensitive and creative activities. Join us in building the museum of tomorrow! &nbsp; The emotional rose What emotions do you feel in the rooms of our museum? Joy, serenity, or [&hellip;]","og_url":"https:\/\/www.notredamealarose.be\/event\/european-museumnight-2025\/","og_site_name":"H\u00f4pital Notre-Dame \u00e0 la Rose - Lessines","twitter_card":"summary_large_image","schema":{"@context":"https:\/\/schema.org","@graph":[{"@type":"WebPage","@id":"https:\/\/www.notredamealarose.be\/event\/european-museumnight-2025\/","url":"https:\/\/www.notredamealarose.be\/event\/european-museumnight-2025\/","name":"European museumnight 2025 - H\u00f4pital Notre-Dame \u00e0 la Rose - Lessines","isPartOf":{"@id":"https:\/\/www.notredamealarose.be\/#website"},"primaryImageOfPage":{"@id":"https:\/\/www.notredamealarose.be\/event\/european-museumnight-2025\/#primaryimage"},"image":{"@id":"https:\/\/www.notredamealarose.be\/event\/european-museumnight-2025\/#primaryimage"},"thumbnailUrl":"https:\/\/www.notredamealarose.be\/2022\/wp-content\/uploads\/2025\/05\/Nuit-europeenne-des-musees-17mai2025-Hopital-Notre-Dame-a-la-Rose-print-pdf.jpg","datePublished":"2025-05-14T09:51:17+00:00","breadcrumb":{"@id":"https:\/\/www.notredamealarose.be\/event\/european-museumnight-2025\/#breadcrumb"},"inLanguage":"en-US","potentialAction":[{"@type":"ReadAction","target":["https:\/\/www.notredamealarose.be\/event\/european-museumnight-2025\/"]}]},{"@type":"ImageObject","inLanguage":"en-US","@id":"https:\/\/www.notredamealarose.be\/event\/european-museumnight-2025\/#primaryimage","url":"https:\/\/www.notredamealarose.be\/2022\/wp-content\/uploads\/2025\/05\/Nuit-europeenne-des-musees-17mai2025-Hopital-Notre-Dame-a-la-Rose-print-pdf.jpg","contentUrl":"https:\/\/www.notredamealarose.be\/2022\/wp-content\/uploads\/2025\/05\/Nuit-europeenne-des-musees-17mai2025-Hopital-Notre-Dame-a-la-Rose-print-pdf.jpg"},{"@type":"BreadcrumbList","@id":"https:\/\/www.notredamealarose.be\/event\/european-museumnight-2025\/#breadcrumb","itemListElement":[{"@type":"ListItem","position":1,"name":"Accueil","item":"https:\/\/www.notredamealarose.be\/en\/"},{"@type":"ListItem","position":2,"name":"\u00c9v\u00e8nements","item":"https:\/\/www.notredamealarose.be\/events\/"},{"@type":"ListItem","position":3,"name":"European museumnight 2025"}]},{"@type":"WebSite","@id":"https:\/\/www.notredamealarose.be\/#website","url":"https:\/\/www.notredamealarose.be\/","name":"H\u00f4pital Notre-Dame \u00e0 la Rose - Lessines","description":"Un mus\u00e9e magique et hors du temps !","publisher":{"@id":"https:\/\/www.notredamealarose.be\/#organization"},"potentialAction":[{"@type":"SearchAction","target":{"@type":"EntryPoint","urlTemplate":"https:\/\/www.notredamealarose.be\/?s={search_term_string}"},"query-input":{"@type":"PropertyValueSpecification","valueRequired":true,"valueName":"search_term_string"}}],"inLanguage":"en-US"},{"@type":"Organization","@id":"https:\/\/www.notredamealarose.be\/#organization","name":"H\u00f4pital Notre-Dame \u00e0 la Rose - Lessines","url":"https:\/\/www.notredamealarose.be\/","logo":{"@type":"ImageObject","inLanguage":"en-US","@id":"https:\/\/www.notredamealarose.be\/#\/schema\/logo\/image\/","url":"https:\/\/www.notredamealarose.be\/2022\/wp-content\/uploads\/2023\/12\/HNDR-logo-monochrome-neg.png","contentUrl":"https:\/\/www.notredamealarose.be\/2022\/wp-content\/uploads\/2023\/12\/HNDR-logo-monochrome-neg.png","width":1998,"height":1239,"caption":"H\u00f4pital Notre-Dame \u00e0 la Rose - Lessines"},"image":{"@id":"https:\/\/www.notredamealarose.be\/#\/schema\/logo\/image\/"}}]}},"jetpack_sharing_enabled":true,"_links":{"self":[{"href":"https:\/\/www.notredamealarose.be\/en\/wp-json\/wp\/v2\/tribe_events\/13239","targetHints":{"allow":["GET"]}}],"collection":[{"href":"https:\/\/www.notredamealarose.be\/en\/wp-json\/wp\/v2\/tribe_events"}],"about":[{"href":"https:\/\/www.notredamealarose.be\/en\/wp-json\/wp\/v2\/types\/tribe_events"}],"author":[{"embeddable":true,"href":"https:\/\/www.notredamealarose.be\/en\/wp-json\/wp\/v2\/users\/3"}],"version-history":[{"count":0,"href":"https:\/\/www.notredamealarose.be\/en\/wp-json\/wp\/v2\/tribe_events\/13239\/revisions"}],"wp:featuredmedia":[{"embeddable":true,"href":"https:\/\/www.notredamealarose.be\/en\/wp-json\/wp\/v2\/media\/13235"}],"wp:attachment":[{"href":"https:\/\/www.notredamealarose.be\/en\/wp-json\/wp\/v2\/media?parent=13239"}],"wp:term":[{"taxonomy":"post_tag","embeddable":true,"href":"https:\/\/www.notredamealarose.be\/en\/wp-json\/wp\/v2\/tags?post=13239"},{"taxonomy":"tribe_events_cat","embeddable":true,"href":"https:\/\/www.notredamealarose.be\/en\/wp-json\/wp\/v2\/tribe_events_cat?post=13239"}],"curies":[{"name":"wp","href":"https:\/\/api.w.org\/{rel}","templated":true}]}}