{"id":10143,"date":"2022-12-01T19:02:07","date_gmt":"2022-12-01T18:02:07","guid":{"rendered":"https:\/\/www.notredamealarose.be\/2022\/ontdekken\/"},"modified":"2023-05-09T15:58:55","modified_gmt":"2023-05-09T13:58:55","slug":"ontdekken","status":"publish","type":"page","link":"https:\/\/www.notredamealarose.be\/nl\/ontdekken\/","title":{"rendered":"Ontdekken"},"content":{"rendered":"\n<div class=\"wp-block-query is-layout-constrained wp-block-query-is-layout-constrained\"><ul class=\"is-flex-container columns-4 wp-block-post-template is-layout-flow wp-block-post-template-is-layout-flow\"><li class=\"wp-block-post post-9811 page type-page status-publish has-post-thumbnail hentry\">\n<figure class=\"wp-block-post-featured-image\"><a href=\"https:\/\/www.notredamealarose.be\/nl\/ontdekken\/het-museum\/architectuur\/\" target=\"_self\"  ><img loading=\"lazy\" decoding=\"async\" width=\"1000\" height=\"670\" src=\"https:\/\/www.notredamealarose.be\/2022\/wp-content\/uploads\/2022\/12\/5603-1000x670-1.jpg\" class=\"attachment-post-thumbnail size-post-thumbnail wp-post-image\" alt=\"Architectuur\" style=\"object-fit:cover;\" srcset=\"https:\/\/www.notredamealarose.be\/2022\/wp-content\/uploads\/2022\/12\/5603-1000x670-1.jpg 1000w, https:\/\/www.notredamealarose.be\/2022\/wp-content\/uploads\/2022\/12\/5603-1000x670-1-300x201.jpg 300w, https:\/\/www.notredamealarose.be\/2022\/wp-content\/uploads\/2022\/12\/5603-1000x670-1-768x515.jpg 768w\" sizes=\"auto, (max-width: 1000px) 100vw, 1000px\" \/><\/a><\/figure>\n\n<h3 class=\"wp-block-post-title\"><a href=\"https:\/\/www.notredamealarose.be\/nl\/ontdekken\/het-museum\/architectuur\/\" target=\"_self\" >Architectuur<\/a><\/h3>\n\n<div class=\"wp-block-post-excerpt\"><p class=\"wp-block-post-excerpt__excerpt\">E\u00e9n van de oudste hospitalen van Europa! Een statig en authentiek architecturaal geheel. Een plek vol emoties ook, en duizend facetten om te ontdekken: zijn barokke kapel, de kruisgang, zijn tuinen, ziekenzaal, klooster\u2026 Een oord vol betovering waar zorg voor ziel en lichaam onlosmakelijk met elkaar verbonden zijn\u2026 De kloostergang van het Hospitaal wordt gekenmerkt&hellip; <\/p><\/div>\n\n\n<p><\/p>\n\n<\/li><li class=\"wp-block-post post-10220 page type-page status-publish has-post-thumbnail hentry\">\n<figure class=\"wp-block-post-featured-image\"><a href=\"https:\/\/www.notredamealarose.be\/nl\/ontdekken\/het-museum\/kunst\/\" target=\"_self\"  ><img loading=\"lazy\" decoding=\"async\" width=\"1021\" height=\"684\" src=\"https:\/\/www.notredamealarose.be\/2022\/wp-content\/uploads\/2022\/12\/Lamentation-detail.jpg\" class=\"attachment-post-thumbnail size-post-thumbnail wp-post-image\" alt=\"Kunst\" style=\"object-fit:cover;\" srcset=\"https:\/\/www.notredamealarose.be\/2022\/wp-content\/uploads\/2022\/12\/Lamentation-detail.jpg 1021w, https:\/\/www.notredamealarose.be\/2022\/wp-content\/uploads\/2022\/12\/Lamentation-detail-300x201.jpg 300w, https:\/\/www.notredamealarose.be\/2022\/wp-content\/uploads\/2022\/12\/Lamentation-detail-768x515.jpg 768w\" sizes=\"auto, (max-width: 1021px) 100vw, 1021px\" \/><\/a><\/figure>\n\n<h3 class=\"wp-block-post-title\"><a href=\"https:\/\/www.notredamealarose.be\/nl\/ontdekken\/het-museum\/kunst\/\" target=\"_self\" >Kunst<\/a><\/h3>\n\n<div class=\"wp-block-post-excerpt\"><p class=\"wp-block-post-excerpt__excerpt\">De originaliteit en het belang van de collecties van het Hospitaal liggen vervat in hun variatie en kwaliteit. Ze illustreren talrijke domeinen van de geschiedenis van kunst en wetenschappen. Bovendien zijn ze in situ gebleven, waardoor ze opnieuw de sfeer van weleer oproepen en tegelijk een eigen leven cre\u00ebren voor dit oord waar de tijd&hellip; <\/p><\/div>\n\n\n<p><\/p>\n\n<\/li><li class=\"wp-block-post post-10182 page type-page status-publish has-post-thumbnail hentry\">\n<figure class=\"wp-block-post-featured-image\"><a href=\"https:\/\/www.notredamealarose.be\/nl\/ontdekken\/het-museum\/geneeskunde-en-farmacie\/\" target=\"_self\"  ><img loading=\"lazy\" decoding=\"async\" width=\"1000\" height=\"668\" src=\"https:\/\/www.notredamealarose.be\/2022\/wp-content\/uploads\/2022\/12\/chirurgie.jpg\" class=\"attachment-post-thumbnail size-post-thumbnail wp-post-image\" alt=\"Geneeskunde en farmacie\" style=\"object-fit:cover;\" srcset=\"https:\/\/www.notredamealarose.be\/2022\/wp-content\/uploads\/2022\/12\/chirurgie.jpg 1000w, https:\/\/www.notredamealarose.be\/2022\/wp-content\/uploads\/2022\/12\/chirurgie-300x200.jpg 300w, https:\/\/www.notredamealarose.be\/2022\/wp-content\/uploads\/2022\/12\/chirurgie-768x513.jpg 768w\" sizes=\"auto, (max-width: 1000px) 100vw, 1000px\" \/><\/a><\/figure>\n\n<h3 class=\"wp-block-post-title\"><a href=\"https:\/\/www.notredamealarose.be\/nl\/ontdekken\/het-museum\/geneeskunde-en-farmacie\/\" target=\"_self\" >Geneeskunde en farmacie<\/a><\/h3>\n\n<div class=\"wp-block-post-excerpt\"><p class=\"wp-block-post-excerpt__excerpt\">Het Hospitaal herbergt een heel mooie verzameling medische en farmaceutische objecten, deels uit eigen collectie maar ook aanwinsten van de laatste jaren. Au d\u00e9part, l\u2019H\u00f4pital est une institution caritative, comme l\u2019indique l\u2019origine \u00e9tymologique de son nom (hospitalit\u00e9). Aanvankelijk is het Hospitaal een caritatieve instelling zoals de etymologische oorsprong van zijn naam aanduidt (hospitalit\u00e9 = gastvrijheid).&hellip; <\/p><\/div>\n\n\n<p><\/p>\n\n<\/li><li class=\"wp-block-post post-10167 page type-page status-publish has-post-thumbnail hentry\">\n<figure class=\"wp-block-post-featured-image\"><a href=\"https:\/\/www.notredamealarose.be\/nl\/ontdekken\/het-museum\/tuinen\/\" target=\"_self\"  ><img loading=\"lazy\" decoding=\"async\" width=\"1358\" height=\"866\" src=\"https:\/\/www.notredamealarose.be\/2022\/wp-content\/uploads\/2022\/12\/29062016-1M9A6457-basse-def.jpg\" class=\"attachment-post-thumbnail size-post-thumbnail wp-post-image\" alt=\"Tuinen\" style=\"object-fit:cover;\" srcset=\"https:\/\/www.notredamealarose.be\/2022\/wp-content\/uploads\/2022\/12\/29062016-1M9A6457-basse-def.jpg 1358w, https:\/\/www.notredamealarose.be\/2022\/wp-content\/uploads\/2022\/12\/29062016-1M9A6457-basse-def-300x191.jpg 300w, https:\/\/www.notredamealarose.be\/2022\/wp-content\/uploads\/2022\/12\/29062016-1M9A6457-basse-def-1024x653.jpg 1024w, https:\/\/www.notredamealarose.be\/2022\/wp-content\/uploads\/2022\/12\/29062016-1M9A6457-basse-def-768x490.jpg 768w\" sizes=\"auto, (max-width: 1358px) 100vw, 1358px\" \/><\/a><\/figure>\n\n<h3 class=\"wp-block-post-title\"><a href=\"https:\/\/www.notredamealarose.be\/nl\/ontdekken\/het-museum\/tuinen\/\" target=\"_self\" >Tuinen<\/a><\/h3>\n\n<div class=\"wp-block-post-excerpt\"><p class=\"wp-block-post-excerpt__excerpt\">Het Hospitaal Notre-Dame \u00e0 la Rose herbergt een prachtige tuin met geneeskrachtige planten waar het aangenaam is om te vertoeven. Beter nog, als u interesse hebt in planten en hun weldaden op het gebied van gezondheid, schoonheid en welzijn, vindt u didactische panelen in de tuin die voor elke plant eigenschappen, indicaties en gebruik weergeven,&hellip; <\/p><\/div>\n\n\n<p><\/p>\n\n<\/li><\/ul>\n\n<\/div>\n\n\n\n<div style=\"height:50px\" aria-hidden=\"true\" class=\"wp-block-spacer\"><\/div>\n\n\n\n<div class=\"wp-block-cover alignfull has-parallax\" style=\"min-height:300px;aspect-ratio:unset;\"><span aria-hidden=\"true\" class=\"wp-block-cover__background has-background-dim-0 has-background-dim\"><\/span><div role=\"img\" class=\"wp-block-cover__image-background wp-image-9678 has-parallax\" style=\"background-position:50% 50%;background-image:url(https:\/\/www.notredamealarose.be\/2022\/wp-content\/uploads\/2022\/12\/bgflou_HNDR_0199.jpg)\"><\/div><div class=\"wp-block-cover__inner-container is-layout-flow wp-block-cover-is-layout-flow\">\n<div class=\"wp-block-buttons is-content-justification-center is-layout-flex wp-container-core-buttons-is-layout-a89b3969 wp-block-buttons-is-layout-flex\">\n<div class=\"wp-block-button\"><a class=\"wp-block-button__link wp-element-button\" href=\"https:\/\/www.notredamealarose.be\/nl\/ontdekken\/fotogalerij\/\"><i class=\"fas fa-image\"><\/i> Fotogalerij<\/a><\/div>\n\n\n\n<div class=\"wp-block-button\"><a class=\"wp-block-button__link wp-element-button\" href=\"https:\/\/www.notredamealarose.be\/nl\/ontdekken\/videogalerij\/\"><i class=\"fas fa-film\"><\/i> Videogalerij<\/a><\/div>\n<\/div>\n<\/div><\/div>\n\n\n\n\n\n<div class=\"wp-block-columns is-layout-flex wp-container-core-columns-is-layout-28f84493 wp-block-columns-is-layout-flex\">\n<div class=\"wp-block-column is-layout-flow wp-block-column-is-layout-flow\" style=\"flex-basis:66.66%\">\n<p>\u00ab Toen Alix de Rosoit dit hospitaal stichtte en er een kloostergemeenschap vestigde, had ze een tweeledig doel voor ogen : hier zou voor de zielenrust van haar gemaal, Arnulf van Oudenaarde, gebeden worden en aan liefdadigheid gedaan worden, namelijk door de opvang van \u201cde zieken wier slechte gezondheid hen belet om van deur tot deur te bedelen\u2026 \u00bb.<\/p>\n\n\n\n<div class=\"wp-block-buttons is-content-justification-center is-layout-flex wp-container-core-buttons-is-layout-a89b3969 wp-block-buttons-is-layout-flex\">\n<div class=\"wp-block-button\"><a class=\"wp-block-button__link wp-element-button\" href=\"https:\/\/www.notredamealarose.be\/nl\/ontdekken\/geschiedenis\/\"><i class=\"fas fa-book\"><\/i> Ontdek de geschiedenis van het Hospitaal<\/a><\/div>\n<\/div>\n<\/div>\n\n\n\n<div class=\"wp-block-column is-layout-flow wp-block-column-is-layout-flow\" style=\"flex-basis:33.33%\">\n<figure class=\"wp-block-image size-full\"><img loading=\"lazy\" decoding=\"async\" width=\"712\" height=\"720\" src=\"https:\/\/www.notredamealarose.be\/2022\/wp-content\/uploads\/2022\/12\/armoiries.jpg\" alt=\"\" class=\"wp-image-9867\" srcset=\"https:\/\/www.notredamealarose.be\/2022\/wp-content\/uploads\/2022\/12\/armoiries.jpg 712w, https:\/\/www.notredamealarose.be\/2022\/wp-content\/uploads\/2022\/12\/armoiries-297x300.jpg 297w\" sizes=\"auto, (max-width: 712px) 100vw, 712px\" \/><\/figure>\n<\/div>\n<\/div>\n","protected":false},"excerpt":{"rendered":"<p>\u00ab Toen Alix de Rosoit dit hospitaal stichtte en er een kloostergemeenschap vestigde, had ze een tweeledig doel voor ogen : hier zou voor de zielenrust van haar gemaal, Arnulf van Oudenaarde, gebeden worden en aan liefdadigheid gedaan worden, namelijk door de opvang van \u201cde zieken wier slechte gezondheid hen belet om van deur tot [&hellip;]<\/p>\n","protected":false},"author":1,"featured_media":0,"parent":0,"menu_order":0,"comment_status":"closed","ping_status":"closed","template":"","meta":{"site-sidebar-layout":"default","site-content-layout":"","ast-site-content-layout":"","site-content-style":"default","site-sidebar-style":"default","ast-global-header-display":"","ast-banner-title-visibility":"","ast-main-header-display":"","ast-hfb-above-header-display":"","ast-hfb-below-header-display":"","ast-hfb-mobile-header-display":"","site-post-title":"","ast-breadcrumbs-content":"","ast-featured-img":"","footer-sml-layout":"","theme-transparent-header-meta":"","adv-header-id-meta":"","stick-header-meta":"","header-above-stick-meta":"","header-main-stick-meta":"","header-below-stick-meta":"","astra-migrate-meta-layouts":"default","ast-page-background-enabled":"default","ast-page-background-meta":{"desktop":{"background-color":"var(--ast-global-color-4)","background-image":"","background-repeat":"repeat","background-position":"center center","background-size":"auto","background-attachment":"scroll","background-type":"","background-media":"","overlay-type":"","overlay-color":"","overlay-gradient":""},"tablet":{"background-color":"","background-image":"","background-repeat":"repeat","background-position":"center center","background-size":"auto","background-attachment":"scroll","background-type":"","background-media":"","overlay-type":"","overlay-color":"","overlay-gradient":""},"mobile":{"background-color":"","background-image":"","background-repeat":"repeat","background-position":"center center","background-size":"auto","background-attachment":"scroll","background-type":"","background-media":"","overlay-type":"","overlay-color":"","overlay-gradient":""}},"ast-content-background-meta":{"desktop":{"background-color":"var(--ast-global-color-5)","background-image":"","background-repeat":"repeat","background-position":"center center","background-size":"auto","background-attachment":"scroll","background-type":"","background-media":"","overlay-type":"","overlay-color":"","overlay-gradient":""},"tablet":{"background-color":"var(--ast-global-color-5)","background-image":"","background-repeat":"repeat","background-position":"center center","background-size":"auto","background-attachment":"scroll","background-type":"","background-media":"","overlay-type":"","overlay-color":"","overlay-gradient":""},"mobile":{"background-color":"var(--ast-global-color-5)","background-image":"","background-repeat":"repeat","background-position":"center center","background-size":"auto","background-attachment":"scroll","background-type":"","background-media":"","overlay-type":"","overlay-color":"","overlay-gradient":""}},"_price":"","_stock":"","_tribe_ticket_header":"","_tribe_default_ticket_provider":"","_tribe_ticket_capacity":"0","_ticket_start_date":"","_ticket_end_date":"","_tribe_ticket_show_description":"","_tribe_ticket_show_not_going":false,"_tribe_ticket_use_global_stock":"","_tribe_ticket_global_stock_level":"","_global_stock_mode":"","_global_stock_cap":"","_tribe_rsvp_for_event":"","_tribe_ticket_going_count":"","_tribe_ticket_not_going_count":"","_tribe_tickets_list":"[]","_tribe_ticket_has_attendee_info_fields":false,"footnotes":""},"class_list":["post-10143","page","type-page","status-publish","hentry"],"yoast_head":"<!-- This site is optimized with the Yoast SEO plugin v27.5 - https:\/\/yoast.com\/product\/yoast-seo-wordpress\/ -->\n<title>Ontdekken - H\u00f4pital Notre-Dame \u00e0 la Rose - Lessines<\/title>\n<meta name=\"robots\" content=\"index, follow, max-snippet:-1, max-image-preview:large, max-video-preview:-1\" \/>\n<link rel=\"canonical\" href=\"https:\/\/www.notredamealarose.be\/nl\/ontdekken\/\" \/>\n<meta property=\"og:locale\" content=\"nl_NL\" \/>\n<meta property=\"og:type\" content=\"article\" \/>\n<meta property=\"og:title\" content=\"Ontdekken - H\u00f4pital Notre-Dame \u00e0 la Rose - Lessines\" \/>\n<meta property=\"og:description\" content=\"\u00ab Toen Alix de Rosoit dit hospitaal stichtte en er een kloostergemeenschap vestigde, had ze een tweeledig doel voor ogen : hier zou voor de zielenrust van haar gemaal, Arnulf van Oudenaarde, gebeden worden en aan liefdadigheid gedaan worden, namelijk door de opvang van \u201cde zieken wier slechte gezondheid hen belet om van deur tot [&hellip;]\" \/>\n<meta property=\"og:url\" content=\"https:\/\/www.notredamealarose.be\/nl\/ontdekken\/\" \/>\n<meta property=\"og:site_name\" content=\"H\u00f4pital Notre-Dame \u00e0 la Rose - Lessines\" \/>\n<meta property=\"article:modified_time\" content=\"2023-05-09T13:58:55+00:00\" \/>\n<meta property=\"og:image\" content=\"https:\/\/www.notredamealarose.be\/2022\/wp-content\/uploads\/2022\/12\/armoiries.jpg\" \/>\n<meta name=\"twitter:card\" content=\"summary_large_image\" \/>\n<script type=\"application\/ld+json\" class=\"yoast-schema-graph\">{\"@context\":\"https:\\\/\\\/schema.org\",\"@graph\":[{\"@type\":\"WebPage\",\"@id\":\"https:\\\/\\\/www.notredamealarose.be\\\/nl\\\/ontdekken\\\/\",\"url\":\"https:\\\/\\\/www.notredamealarose.be\\\/nl\\\/ontdekken\\\/\",\"name\":\"Ontdekken - H\u00f4pital Notre-Dame \u00e0 la Rose - Lessines\",\"isPartOf\":{\"@id\":\"https:\\\/\\\/www.notredamealarose.be\\\/#website\"},\"primaryImageOfPage\":{\"@id\":\"https:\\\/\\\/www.notredamealarose.be\\\/nl\\\/ontdekken\\\/#primaryimage\"},\"image\":{\"@id\":\"https:\\\/\\\/www.notredamealarose.be\\\/nl\\\/ontdekken\\\/#primaryimage\"},\"thumbnailUrl\":\"https:\\\/\\\/www.notredamealarose.be\\\/2022\\\/wp-content\\\/uploads\\\/2022\\\/12\\\/armoiries.jpg\",\"datePublished\":\"2022-12-01T18:02:07+00:00\",\"dateModified\":\"2023-05-09T13:58:55+00:00\",\"breadcrumb\":{\"@id\":\"https:\\\/\\\/www.notredamealarose.be\\\/nl\\\/ontdekken\\\/#breadcrumb\"},\"inLanguage\":\"nl-NL\",\"potentialAction\":[{\"@type\":\"ReadAction\",\"target\":[\"https:\\\/\\\/www.notredamealarose.be\\\/nl\\\/ontdekken\\\/\"]}]},{\"@type\":\"ImageObject\",\"inLanguage\":\"nl-NL\",\"@id\":\"https:\\\/\\\/www.notredamealarose.be\\\/nl\\\/ontdekken\\\/#primaryimage\",\"url\":\"https:\\\/\\\/www.notredamealarose.be\\\/2022\\\/wp-content\\\/uploads\\\/2022\\\/12\\\/armoiries.jpg\",\"contentUrl\":\"https:\\\/\\\/www.notredamealarose.be\\\/2022\\\/wp-content\\\/uploads\\\/2022\\\/12\\\/armoiries.jpg\"},{\"@type\":\"BreadcrumbList\",\"@id\":\"https:\\\/\\\/www.notredamealarose.be\\\/nl\\\/ontdekken\\\/#breadcrumb\",\"itemListElement\":[{\"@type\":\"ListItem\",\"position\":1,\"name\":\"Accueil\",\"item\":\"https:\\\/\\\/www.notredamealarose.be\\\/nl\\\/\"},{\"@type\":\"ListItem\",\"position\":2,\"name\":\"Ontdekken\"}]},{\"@type\":\"WebSite\",\"@id\":\"https:\\\/\\\/www.notredamealarose.be\\\/#website\",\"url\":\"https:\\\/\\\/www.notredamealarose.be\\\/\",\"name\":\"H\u00f4pital Notre-Dame \u00e0 la Rose - Lessines\",\"description\":\"Un mus\u00e9e magique et hors du temps !\",\"publisher\":{\"@id\":\"https:\\\/\\\/www.notredamealarose.be\\\/#organization\"},\"potentialAction\":[{\"@type\":\"SearchAction\",\"target\":{\"@type\":\"EntryPoint\",\"urlTemplate\":\"https:\\\/\\\/www.notredamealarose.be\\\/?s={search_term_string}\"},\"query-input\":{\"@type\":\"PropertyValueSpecification\",\"valueRequired\":true,\"valueName\":\"search_term_string\"}}],\"inLanguage\":\"nl-NL\"},{\"@type\":\"Organization\",\"@id\":\"https:\\\/\\\/www.notredamealarose.be\\\/#organization\",\"name\":\"H\u00f4pital Notre-Dame \u00e0 la Rose - Lessines\",\"url\":\"https:\\\/\\\/www.notredamealarose.be\\\/\",\"logo\":{\"@type\":\"ImageObject\",\"inLanguage\":\"nl-NL\",\"@id\":\"https:\\\/\\\/www.notredamealarose.be\\\/#\\\/schema\\\/logo\\\/image\\\/\",\"url\":\"https:\\\/\\\/www.notredamealarose.be\\\/2022\\\/wp-content\\\/uploads\\\/2023\\\/12\\\/HNDR-logo-monochrome-neg.png\",\"contentUrl\":\"https:\\\/\\\/www.notredamealarose.be\\\/2022\\\/wp-content\\\/uploads\\\/2023\\\/12\\\/HNDR-logo-monochrome-neg.png\",\"width\":1998,\"height\":1239,\"caption\":\"H\u00f4pital Notre-Dame \u00e0 la Rose - Lessines\"},\"image\":{\"@id\":\"https:\\\/\\\/www.notredamealarose.be\\\/#\\\/schema\\\/logo\\\/image\\\/\"}}]}<\/script>\n<!-- \/ Yoast SEO plugin. -->","yoast_head_json":{"title":"Ontdekken - H\u00f4pital Notre-Dame \u00e0 la Rose - Lessines","robots":{"index":"index","follow":"follow","max-snippet":"max-snippet:-1","max-image-preview":"max-image-preview:large","max-video-preview":"max-video-preview:-1"},"canonical":"https:\/\/www.notredamealarose.be\/nl\/ontdekken\/","og_locale":"nl_NL","og_type":"article","og_title":"Ontdekken - H\u00f4pital Notre-Dame \u00e0 la Rose - Lessines","og_description":"\u00ab Toen Alix de Rosoit dit hospitaal stichtte en er een kloostergemeenschap vestigde, had ze een tweeledig doel voor ogen : hier zou voor de zielenrust van haar gemaal, Arnulf van Oudenaarde, gebeden worden en aan liefdadigheid gedaan worden, namelijk door de opvang van \u201cde zieken wier slechte gezondheid hen belet om van deur tot [&hellip;]","og_url":"https:\/\/www.notredamealarose.be\/nl\/ontdekken\/","og_site_name":"H\u00f4pital Notre-Dame \u00e0 la Rose - Lessines","article_modified_time":"2023-05-09T13:58:55+00:00","og_image":[{"url":"https:\/\/www.notredamealarose.be\/2022\/wp-content\/uploads\/2022\/12\/armoiries.jpg","type":"","width":"","height":""}],"twitter_card":"summary_large_image","schema":{"@context":"https:\/\/schema.org","@graph":[{"@type":"WebPage","@id":"https:\/\/www.notredamealarose.be\/nl\/ontdekken\/","url":"https:\/\/www.notredamealarose.be\/nl\/ontdekken\/","name":"Ontdekken - H\u00f4pital Notre-Dame \u00e0 la Rose - Lessines","isPartOf":{"@id":"https:\/\/www.notredamealarose.be\/#website"},"primaryImageOfPage":{"@id":"https:\/\/www.notredamealarose.be\/nl\/ontdekken\/#primaryimage"},"image":{"@id":"https:\/\/www.notredamealarose.be\/nl\/ontdekken\/#primaryimage"},"thumbnailUrl":"https:\/\/www.notredamealarose.be\/2022\/wp-content\/uploads\/2022\/12\/armoiries.jpg","datePublished":"2022-12-01T18:02:07+00:00","dateModified":"2023-05-09T13:58:55+00:00","breadcrumb":{"@id":"https:\/\/www.notredamealarose.be\/nl\/ontdekken\/#breadcrumb"},"inLanguage":"nl-NL","potentialAction":[{"@type":"ReadAction","target":["https:\/\/www.notredamealarose.be\/nl\/ontdekken\/"]}]},{"@type":"ImageObject","inLanguage":"nl-NL","@id":"https:\/\/www.notredamealarose.be\/nl\/ontdekken\/#primaryimage","url":"https:\/\/www.notredamealarose.be\/2022\/wp-content\/uploads\/2022\/12\/armoiries.jpg","contentUrl":"https:\/\/www.notredamealarose.be\/2022\/wp-content\/uploads\/2022\/12\/armoiries.jpg"},{"@type":"BreadcrumbList","@id":"https:\/\/www.notredamealarose.be\/nl\/ontdekken\/#breadcrumb","itemListElement":[{"@type":"ListItem","position":1,"name":"Accueil","item":"https:\/\/www.notredamealarose.be\/nl\/"},{"@type":"ListItem","position":2,"name":"Ontdekken"}]},{"@type":"WebSite","@id":"https:\/\/www.notredamealarose.be\/#website","url":"https:\/\/www.notredamealarose.be\/","name":"H\u00f4pital Notre-Dame \u00e0 la Rose - Lessines","description":"Un mus\u00e9e magique et hors du temps !","publisher":{"@id":"https:\/\/www.notredamealarose.be\/#organization"},"potentialAction":[{"@type":"SearchAction","target":{"@type":"EntryPoint","urlTemplate":"https:\/\/www.notredamealarose.be\/?s={search_term_string}"},"query-input":{"@type":"PropertyValueSpecification","valueRequired":true,"valueName":"search_term_string"}}],"inLanguage":"nl-NL"},{"@type":"Organization","@id":"https:\/\/www.notredamealarose.be\/#organization","name":"H\u00f4pital Notre-Dame \u00e0 la Rose - Lessines","url":"https:\/\/www.notredamealarose.be\/","logo":{"@type":"ImageObject","inLanguage":"nl-NL","@id":"https:\/\/www.notredamealarose.be\/#\/schema\/logo\/image\/","url":"https:\/\/www.notredamealarose.be\/2022\/wp-content\/uploads\/2023\/12\/HNDR-logo-monochrome-neg.png","contentUrl":"https:\/\/www.notredamealarose.be\/2022\/wp-content\/uploads\/2023\/12\/HNDR-logo-monochrome-neg.png","width":1998,"height":1239,"caption":"H\u00f4pital Notre-Dame \u00e0 la Rose - Lessines"},"image":{"@id":"https:\/\/www.notredamealarose.be\/#\/schema\/logo\/image\/"}}]}},"jetpack_sharing_enabled":true,"_links":{"self":[{"href":"https:\/\/www.notredamealarose.be\/nl\/wp-json\/wp\/v2\/pages\/10143","targetHints":{"allow":["GET"]}}],"collection":[{"href":"https:\/\/www.notredamealarose.be\/nl\/wp-json\/wp\/v2\/pages"}],"about":[{"href":"https:\/\/www.notredamealarose.be\/nl\/wp-json\/wp\/v2\/types\/page"}],"author":[{"embeddable":true,"href":"https:\/\/www.notredamealarose.be\/nl\/wp-json\/wp\/v2\/users\/1"}],"replies":[{"embeddable":true,"href":"https:\/\/www.notredamealarose.be\/nl\/wp-json\/wp\/v2\/comments?post=10143"}],"version-history":[{"count":8,"href":"https:\/\/www.notredamealarose.be\/nl\/wp-json\/wp\/v2\/pages\/10143\/revisions"}],"predecessor-version":[{"id":10690,"href":"https:\/\/www.notredamealarose.be\/nl\/wp-json\/wp\/v2\/pages\/10143\/revisions\/10690"}],"wp:attachment":[{"href":"https:\/\/www.notredamealarose.be\/nl\/wp-json\/wp\/v2\/media?parent=10143"}],"curies":[{"name":"wp","href":"https:\/\/api.w.org\/{rel}","templated":true}]}}