{"id":10186,"date":"2022-12-01T21:21:12","date_gmt":"2022-12-01T20:21:12","guid":{"rendered":"https:\/\/www.notredamealarose.be\/2022\/praktische-info\/om-jouw-verblijf-te-verlengen\/"},"modified":"2023-06-05T16:45:16","modified_gmt":"2023-06-05T14:45:16","slug":"om-jouw-verblijf-te-verlengen","status":"publish","type":"page","link":"https:\/\/www.notredamealarose.be\/nl\/praktische-info\/om-jouw-verblijf-te-verlengen\/","title":{"rendered":"Om jouw verblijf te verlengen&#8230;"},"content":{"rendered":"\n<h2 class=\"wp-block-heading positif\">Wat te doen in Picardisch Walloni\u00eb<\/h2>\n\n\n\n<ul class=\"wp-block-list\">\n<li><a href=\"http:\/\/www.visitwapi.be\/\" target=\"_blank\" rel=\"noreferrer noopener\">Visit Wapi<\/a><\/li>\n\n\n\n<li><a href=\"http:\/\/www.ath.be\/\" target=\"_blank\" rel=\"noreferrer noopener\">Ath <\/a>op 12 km<\/li>\n\n\n\n<li><a href=\"http:\/\/www.culturepointwapi.be\/\">Culture Point Wapi<\/a>Cultuur in Picardisch Walloni\u00eb<\/li>\n\n\n\n<li><a href=\"http:\/\/www.maisondesplantes.be\/\" target=\"_blank\" rel=\"noreferrer noopener\">Het geneeskrachtige plantenhuis<\/a> op 8 km<\/li>\n\n\n\n<li><a href=\"http:\/\/www.ellezelles.be\/\" target=\"_blank\" rel=\"noreferrer noopener\">Ellezelles<\/a> op 12 km<\/li>\n\n\n\n<li><a href=\"http:\/\/www.enghien-edingen.be\/\" target=\"_blank\" rel=\"noreferrer noopener\">Edingen<\/a> op 16 km<\/li>\n\n\n\n<li><a href=\"http:\/\/www.flobecq.be\/\" target=\"_blank\" rel=\"noreferrer noopener\">Vloesbergen<\/a> op 8 km<\/li>\n\n\n\n<li><a href=\"http:\/\/www.info-tournai.be\/\" target=\"_blank\" rel=\"noreferrer noopener\">Info Tournai<\/a><\/li>\n\n\n\n<li><a href=\"http:\/\/www.lesjardinsdelagrange.com\/\" target=\"_blank\" rel=\"noreferrer noopener\">La Grange d\u2019Ellezelles <\/a>op 12 km<\/li>\n\n\n\n<li><a href=\"http:\/\/www.lessines.be\/\" target=\"_blank\" rel=\"noreferrer noopener\">Lessines<\/a> Offici\u00eble website<\/li>\n\n\n\n<li><a href=\"http:\/\/www.pays-des-collines.be\/\" target=\"_blank\" rel=\"noreferrer noopener\">Parc Naturel du Pays des Collines<\/a> op 8 km<\/li>\n\n\n\n<li><a href=\"http:\/\/www.silly.be\/\" target=\"_blank\" rel=\"noreferrer noopener\">Silly<\/a> op 12km<\/li>\n\n\n\n<li><a href=\"http:\/\/www.tournai.be\/\" target=\"_blank\" rel=\"noreferrer noopener\">Doornik<\/a> op 43 km<\/li>\n\n\n\n<li><a href=\"http:\/\/www.wapi2025.be\/\">Wallonie Picarde<\/a>Website Picardisch Walloni\u00eb<\/li>\n\n\n\n<li><a href=\"http:\/\/www.wapaventure.be\/\">Wap Aventure<\/a> Spelboekjes<\/li>\n\n\n\n<li><a href=\"https:\/\/sites.google.com\/view\/canal-blaton-ath-dendre\/accueil\">Kanaal Ath-Blaton <\/a><\/li>\n<\/ul>\n\n\n\n\n\n<h2 class=\"wp-block-heading positif\">Wat te doen in Belgi\u00eb (toeristische en culturele trekpleisters)<\/h2>\n\n\n\n<ul class=\"wp-block-list\">\n<li><a href=\"http:\/\/www.365.be\/\">Attractions et Tourisme<\/a> Website van Attractions et tourisme<\/li>\n\n\n\n<li><a href=\"https:\/\/www.pairidaiza.eu\/fr\" target=\"_blank\" rel=\"noreferrer noopener\">Pairi Daiza<\/a> Dierenpark in Brugelette op 20 km van Lessines<\/li>\n<\/ul>\n\n\n\n<ul class=\"wp-block-list\">\n<li><a href=\"http:\/\/www.chateau-louvignies.be\/\">Het Kasteel van Louvignies<\/a> op 25 km<\/li>\n\n\n\n<li><a href=\"http:\/\/tripadvisor.fr\/\" target=\"_blank\" rel=\"noreferrer noopener\">Tripadvisor<\/a><\/li>\n\n\n\n<li><a href=\"http:\/\/www.belgique-tourisme.be\/\">OPT Wallonie-Bruxelles<\/a> Office de Promotion du Tourisme<\/li>\n\n\n\n<li><a href=\"http:\/\/www.numeriques.be\/\" target=\"_blank\" rel=\"noreferrer noopener\">Images et histoires des patrimoines num\u00e9ris\u00e9s en F\u00e9d\u00e9ration Wallonie Bruxelles<\/a><\/li>\n\n\n\n<li><a href=\"http:\/\/www.culture.be\/\" target=\"_blank\" rel=\"noreferrer noopener\">Administration g\u00e9n\u00e9rale de la Culture<\/a> F\u00e9d\u00e9ration Wallonie-Bruxelles<\/li>\n\n\n\n<li><a href=\"http:\/\/www.federation-wallonie-bruxelles.be\/\" target=\"_blank\" rel=\"noreferrer noopener\">Federatie Walloni\u00eb-Brussel<\/a><\/li>\n\n\n\n<li><a href=\"http:\/\/www.icom-wb.museum\/\" target=\"_blank\" rel=\"noreferrer noopener\">Icom Belgi\u00eb \u2013 Walloni\u00eb\/Brussel<\/a> Icom Belgi\u00eb \u2013 Walloni\u00eb\/Brussel<\/li>\n\n\n\n<li><a href=\"http:\/\/www.msw.be\/\" target=\"_blank\" rel=\"noreferrer noopener\">MSW Mus\u00e9es et soci\u00e9t\u00e9 en Wallonie<\/a><\/li>\n\n\n\n<li><a href=\"http:\/\/www.archeologia.be\/\" target=\"_blank\" rel=\"noreferrer noopener\">Archeologia.be<\/a><\/li>\n\n\n\n<li><a href=\"http:\/\/www.fwgt.be\/\" target=\"_blank\" rel=\"noreferrer noopener\">F\u00e9d\u00e9ration Wallonne des guides touristiques<\/a><\/li>\n<\/ul>\n\n\n\n\n\n<h2 class=\"wp-block-heading positif\">Erfgoedroute Tour des Charmes<\/h2>\n\n\n\n<ul class=\"wp-block-list\">\n<li><a href=\"https:\/\/www.facebook.com\/TourdesCharmes\">Tour des Charmes<\/a> \u2013 Projet INTERREG Flandre \u2013 Wallonie \u2013 France<\/li>\n<\/ul>\n\n\n\n\n\n<h2 class=\"wp-block-heading positif\">Wat te doen in Frankrijk<\/h2>\n\n\n\n<ul class=\"wp-block-list\">\n<li><a href=\"http:\/\/www.lilletourism.com\/\">Dienst toerisme Rijsel<\/a> op 65 km<\/li>\n<\/ul>\n\n\n\n\n\n<h2 class=\"wp-block-heading positif\">Overnachten in de streek<\/h2>\n\n\n\n<ul class=\"wp-block-list\">\n<li><a href=\"https:\/\/fr.tripadvisor.be\/HotelsNear-g2369947-d3217646-Hospital_Notre_Dame_de_la_Rose_Museum-Lessines_Hainaut_Province_Wallonia.html\">Tripadvisor<\/a><\/li>\n\n\n\n<li><a href=\"http:\/\/www.bestwesternhorizon.be\/\" target=\"_blank\" rel=\"noreferrer noopener\">Best Western H\u00f4tel Ath-Lessines<\/a><\/li>\n\n\n\n<li><a href=\"https:\/\/www.lartiste-lessines.be\/\">Hotel l\u2019ARTiste<\/a> Lessines<\/li>\n\n\n\n<li>L<a href=\"http:\/\/www.laclefdeschamps.be\/\" target=\"_blank\" rel=\"noreferrer noopener\">a clef des champs<\/a> Gastenkamers<\/li>\n\n\n\n<li><a href=\"http:\/\/www.mazerine.be\/\">Gastenkamer La Mazerine<\/a><\/li>\n\n\n\n<li><a href=\"http:\/\/www.rosario.be\/\" target=\"_blank\" rel=\"noreferrer noopener\">B&amp;B Rosario<\/a> (Bever)<\/li>\n\n\n\n<li><a href=\"http:\/\/www.lablancheferme.be\/\" target=\"_blank\" rel=\"noreferrer noopener\">B&amp;B La blanche ferme<\/a><\/li>\n\n\n\n<li><a href=\"http:\/\/artemise.barbay.eu\/home.html\" target=\"_blank\" rel=\"noreferrer noopener\">B&amp;B Artemise<\/a><\/li>\n\n\n\n<li><a href=\"http:\/\/www.le-temps-different.be\/fr\/\" target=\"_blank\" rel=\"noreferrer noopener\">Le temps diff\u00e9rent<\/a> Gastenkamer<\/li>\n\n\n\n<li><a href=\"https:\/\/www.altsanna.be\/\">Vakantiehuisje Al\u2019t Sanna<\/a> Geraardsbergen<\/li>\n\n\n\n<li><a href=\"https:\/\/www.gite-lafermedusemeur-zaaiershof.be\/\">Gite Zaaiershof<\/a> (Bois-de-Lessines)<\/li>\n<\/ul>\n\n\n\n\n\n<h2 class=\"wp-block-heading positif\">Eten in de streek<\/h2>\n\n\n\n<ul class=\"wp-block-list\">\n<li><a href=\"http:\/\/www.letramasure.be\/\">Restaurant Le Tramasure<\/a> Franse keuken<\/li>\n<\/ul>\n\n\n\n\n\n<h2 class=\"wp-block-heading positif\">In Lessines<\/h2>\n\n\n\n<ul class=\"wp-block-list\">\n<li><a href=\"http:\/\/www.ccrenemagritte.be\/\" target=\"_blank\" rel=\"noreferrer noopener\">Cultureel Centrum Ren\u00e9 Magritte<\/a><\/li>\n\n\n\n<li><a href=\"http:\/\/www.elcayoteu1900.be\/\" target=\"_blank\" rel=\"noreferrer noopener\">El Cayoteu 1900<\/a> F\u00eates populaires mi-ao\u00fbt<\/li>\n\n\n\n<li><a href=\"http:\/\/www.festin.be\/\" target=\"_blank\" rel=\"noreferrer noopener\">Festijnfeesten 1583<\/a> Eerste week-end van september<\/li>\n\n\n\n<li><a href=\"http:\/\/www.francisvauban.com\/\">Francis Vauban<\/a> Photograaf<\/li>\n\n\n\n<li><a href=\"http:\/\/www.lessines.be\/\" target=\"_blank\" rel=\"noreferrer noopener\">Lessines<\/a> Offici\u00eble website<\/li>\n\n\n\n<li><a href=\"http:\/\/www.lessinesinfo.com\/\" target=\"_blank\" rel=\"noreferrer noopener\">Lessines info<\/a><\/li>\n\n\n\n<li><a href=\"http:\/\/www.lessines.net\/\" target=\"_blank\" rel=\"noreferrer noopener\">Lessines.net<\/a> Site non officiel<\/li>\n\n\n\n<li><a href=\"http:\/\/www.cheznina.be\/\" target=\"_blank\" rel=\"noreferrer noopener\">NoMade by NiNa<\/a>, Bloemenwinkel<\/li>\n<\/ul>\n\n\n\n\n\n<h2 class=\"wp-block-heading positif\">Zorgerfgoed<\/h2>\n\n\n\n<ul class=\"wp-block-list\">\n<li><a href=\"http:\/\/www.hospitium.be\/?lang=fr\" target=\"_blank\" rel=\"noreferrer noopener\">Hospitium<\/a> Vereniging voor de geschiedenis van de hospitalen en de zorg vzw<\/li>\n\n\n\n<li><a href=\"http:\/\/www.patrimoinehospitalierdunord.fr\/\">Mus\u00e9e Hospitalier R\u00e9gional de Lille<\/a><\/li>\n\n\n\n<li><a href=\"http:\/\/www.musee.chru-lille.fr\/\">Mus\u00e9e Hospitalier R\u00e9gional de Lille<\/a><\/li>\n\n\n\n<li><a href=\"http:\/\/www.apothicaireries.eu\/\">R\u00e9seau des h\u00f4tels-Dieu et apothicaireries<\/a><\/li>\n\n\n\n<li><a href=\"http:\/\/inhh1.wordpress.com\/\" target=\"_blank\" rel=\"noreferrer noopener\">International Network for the History of Hospitals<\/a><\/li>\n\n\n\n<li><a href=\"http:\/\/www.adamap.org\/\" target=\"_blank\" rel=\"noreferrer noopener\">Blog des Amis du Mus\u00e9e de l\u2019AP-HP<\/a><\/li>\n\n\n\n<li><a href=\"http:\/\/www.hotel-dieu-chateau-thierry.fr\/\" target=\"_blank\" rel=\"noreferrer noopener\">Mus\u00e9e de l\u2019H\u00f4tel-Dieu de Ch\u00e2teau-Thierry<\/a><\/li>\n\n\n\n<li><a href=\"http:\/\/www.dijon.fr\/le-c-h-u!0-161\/l-hopital-general!2-672\/\" target=\"_blank\" rel=\"noreferrer noopener\">Mus\u00e9e de l\u2019H\u00f4pital G\u00e9n\u00e9ral de Dijon<\/a><\/li>\n\n\n\n<li><a href=\"http:\/\/www.musee-hautefort.fr\/\" target=\"_blank\" rel=\"noreferrer noopener\">Mus\u00e9e de la m\u00e9decine de Hautefort<\/a><\/li>\n\n\n\n<li><a href=\"http:\/\/www.chu-toulouse.fr\/-musees-hotel-dieu-saint-jacques-?recherche=mus%C3%A9e\" target=\"_blank\" rel=\"noreferrer noopener\">Mus\u00e9e des instruments de m\u00e9decine des h\u00f4pitaux de Toulouse<\/a><\/li>\n\n\n\n<li><a href=\"http:\/\/www.kringbenelux.eu\/wp\/\" target=\"_blank\" rel=\"noreferrer noopener\">Cercle pour l\u2019Histoire de la Pharmacie Benelux<\/a><\/li>\n\n\n\n<li><a href=\"http:\/\/www.patrimoine-medecine-sante-lyon.fr\/spip.php?page=sommaire\" target=\"_blank\" rel=\"noreferrer noopener\">Patrimoine M\u00e9decine Sant\u00e9 Grand H\u00f4tel-Dieu de Lyon<\/a><\/li>\n\n\n\n<li><a href=\"http:\/\/patrimoinemedical.univmed.fr\/\" target=\"_blank\" rel=\"noreferrer noopener\">Association des Amis du patrimoine M\u00e9dical de Marseille<\/a><\/li>\n<\/ul>\n","protected":false},"excerpt":{"rendered":"<p>Wat te doen in Picardisch Walloni\u00eb Wat te doen in Belgi\u00eb (toeristische en culturele trekpleisters) Erfgoedroute Tour des Charmes Wat te doen in Frankrijk Overnachten in de streek Eten in de streek In Lessines Zorgerfgoed<\/p>\n","protected":false},"author":1,"featured_media":0,"parent":10173,"menu_order":0,"comment_status":"closed","ping_status":"closed","template":"","meta":{"site-sidebar-layout":"default","site-content-layout":"","ast-site-content-layout":"","site-content-style":"default","site-sidebar-style":"default","ast-global-header-display":"","ast-banner-title-visibility":"","ast-main-header-display":"","ast-hfb-above-header-display":"","ast-hfb-below-header-display":"","ast-hfb-mobile-header-display":"","site-post-title":"","ast-breadcrumbs-content":"","ast-featured-img":"","footer-sml-layout":"","theme-transparent-header-meta":"","adv-header-id-meta":"","stick-header-meta":"","header-above-stick-meta":"","header-main-stick-meta":"","header-below-stick-meta":"","astra-migrate-meta-layouts":"default","ast-page-background-enabled":"default","ast-page-background-meta":{"desktop":{"background-color":"var(--ast-global-color-4)","background-image":"","background-repeat":"repeat","background-position":"center center","background-size":"auto","background-attachment":"scroll","background-type":"","background-media":"","overlay-type":"","overlay-color":"","overlay-gradient":""},"tablet":{"background-color":"","background-image":"","background-repeat":"repeat","background-position":"center center","background-size":"auto","background-attachment":"scroll","background-type":"","background-media":"","overlay-type":"","overlay-color":"","overlay-gradient":""},"mobile":{"background-color":"","background-image":"","background-repeat":"repeat","background-position":"center center","background-size":"auto","background-attachment":"scroll","background-type":"","background-media":"","overlay-type":"","overlay-color":"","overlay-gradient":""}},"ast-content-background-meta":{"desktop":{"background-color":"var(--ast-global-color-5)","background-image":"","background-repeat":"repeat","background-position":"center center","background-size":"auto","background-attachment":"scroll","background-type":"","background-media":"","overlay-type":"","overlay-color":"","overlay-gradient":""},"tablet":{"background-color":"var(--ast-global-color-5)","background-image":"","background-repeat":"repeat","background-position":"center center","background-size":"auto","background-attachment":"scroll","background-type":"","background-media":"","overlay-type":"","overlay-color":"","overlay-gradient":""},"mobile":{"background-color":"var(--ast-global-color-5)","background-image":"","background-repeat":"repeat","background-position":"center center","background-size":"auto","background-attachment":"scroll","background-type":"","background-media":"","overlay-type":"","overlay-color":"","overlay-gradient":""}},"_price":"","_stock":"","_tribe_ticket_header":"","_tribe_default_ticket_provider":"","_tribe_ticket_capacity":"0","_ticket_start_date":"","_ticket_end_date":"","_tribe_ticket_show_description":"","_tribe_ticket_show_not_going":false,"_tribe_ticket_use_global_stock":"","_tribe_ticket_global_stock_level":"","_global_stock_mode":"","_global_stock_cap":"","_tribe_rsvp_for_event":"","_tribe_ticket_going_count":"","_tribe_ticket_not_going_count":"","_tribe_tickets_list":"[]","_tribe_ticket_has_attendee_info_fields":false,"footnotes":""},"class_list":["post-10186","page","type-page","status-publish","hentry"],"yoast_head":"<!-- This site is optimized with the Yoast SEO plugin v27.5 - https:\/\/yoast.com\/product\/yoast-seo-wordpress\/ -->\n<title>Om jouw verblijf te verlengen... - H\u00f4pital Notre-Dame \u00e0 la Rose - Lessines<\/title>\n<meta name=\"description\" content=\"Wil u uw verblijf in de regio verlengen? Maak kennis met de culturele bezienswaardigheden en de accommodaties van de regio.\" \/>\n<meta name=\"robots\" content=\"index, follow, max-snippet:-1, max-image-preview:large, max-video-preview:-1\" \/>\n<link rel=\"canonical\" href=\"https:\/\/www.notredamealarose.be\/nl\/praktische-info\/om-jouw-verblijf-te-verlengen\/\" \/>\n<meta property=\"og:locale\" content=\"nl_NL\" \/>\n<meta property=\"og:type\" content=\"article\" \/>\n<meta property=\"og:title\" content=\"Om jouw verblijf te verlengen... - H\u00f4pital Notre-Dame \u00e0 la Rose - Lessines\" \/>\n<meta property=\"og:description\" content=\"Wil u uw verblijf in de regio verlengen? Maak kennis met de culturele bezienswaardigheden en de accommodaties van de regio.\" \/>\n<meta property=\"og:url\" content=\"https:\/\/www.notredamealarose.be\/nl\/praktische-info\/om-jouw-verblijf-te-verlengen\/\" \/>\n<meta property=\"og:site_name\" content=\"H\u00f4pital Notre-Dame \u00e0 la Rose - Lessines\" \/>\n<meta property=\"article:modified_time\" content=\"2023-06-05T14:45:16+00:00\" \/>\n<meta name=\"twitter:card\" content=\"summary_large_image\" \/>\n<script type=\"application\/ld+json\" class=\"yoast-schema-graph\">{\"@context\":\"https:\\\/\\\/schema.org\",\"@graph\":[{\"@type\":\"WebPage\",\"@id\":\"https:\\\/\\\/www.notredamealarose.be\\\/nl\\\/praktische-info\\\/om-jouw-verblijf-te-verlengen\\\/\",\"url\":\"https:\\\/\\\/www.notredamealarose.be\\\/nl\\\/praktische-info\\\/om-jouw-verblijf-te-verlengen\\\/\",\"name\":\"Om jouw verblijf te verlengen... - H\u00f4pital Notre-Dame \u00e0 la Rose - Lessines\",\"isPartOf\":{\"@id\":\"https:\\\/\\\/www.notredamealarose.be\\\/#website\"},\"datePublished\":\"2022-12-01T20:21:12+00:00\",\"dateModified\":\"2023-06-05T14:45:16+00:00\",\"description\":\"Wil u uw verblijf in de regio verlengen? Maak kennis met de culturele bezienswaardigheden en de accommodaties van de regio.\",\"breadcrumb\":{\"@id\":\"https:\\\/\\\/www.notredamealarose.be\\\/nl\\\/praktische-info\\\/om-jouw-verblijf-te-verlengen\\\/#breadcrumb\"},\"inLanguage\":\"nl-NL\",\"potentialAction\":[{\"@type\":\"ReadAction\",\"target\":[\"https:\\\/\\\/www.notredamealarose.be\\\/nl\\\/praktische-info\\\/om-jouw-verblijf-te-verlengen\\\/\"]}]},{\"@type\":\"BreadcrumbList\",\"@id\":\"https:\\\/\\\/www.notredamealarose.be\\\/nl\\\/praktische-info\\\/om-jouw-verblijf-te-verlengen\\\/#breadcrumb\",\"itemListElement\":[{\"@type\":\"ListItem\",\"position\":1,\"name\":\"Accueil\",\"item\":\"https:\\\/\\\/www.notredamealarose.be\\\/nl\\\/\"},{\"@type\":\"ListItem\",\"position\":2,\"name\":\"Praktische info\",\"item\":\"https:\\\/\\\/www.notredamealarose.be\\\/nl\\\/praktische-info\\\/\"},{\"@type\":\"ListItem\",\"position\":3,\"name\":\"Om jouw verblijf te verlengen&#8230;\"}]},{\"@type\":\"WebSite\",\"@id\":\"https:\\\/\\\/www.notredamealarose.be\\\/#website\",\"url\":\"https:\\\/\\\/www.notredamealarose.be\\\/\",\"name\":\"H\u00f4pital Notre-Dame \u00e0 la Rose - Lessines\",\"description\":\"Un mus\u00e9e magique et hors du temps !\",\"publisher\":{\"@id\":\"https:\\\/\\\/www.notredamealarose.be\\\/#organization\"},\"potentialAction\":[{\"@type\":\"SearchAction\",\"target\":{\"@type\":\"EntryPoint\",\"urlTemplate\":\"https:\\\/\\\/www.notredamealarose.be\\\/?s={search_term_string}\"},\"query-input\":{\"@type\":\"PropertyValueSpecification\",\"valueRequired\":true,\"valueName\":\"search_term_string\"}}],\"inLanguage\":\"nl-NL\"},{\"@type\":\"Organization\",\"@id\":\"https:\\\/\\\/www.notredamealarose.be\\\/#organization\",\"name\":\"H\u00f4pital Notre-Dame \u00e0 la Rose - Lessines\",\"url\":\"https:\\\/\\\/www.notredamealarose.be\\\/\",\"logo\":{\"@type\":\"ImageObject\",\"inLanguage\":\"nl-NL\",\"@id\":\"https:\\\/\\\/www.notredamealarose.be\\\/#\\\/schema\\\/logo\\\/image\\\/\",\"url\":\"https:\\\/\\\/www.notredamealarose.be\\\/2022\\\/wp-content\\\/uploads\\\/2023\\\/12\\\/HNDR-logo-monochrome-neg.png\",\"contentUrl\":\"https:\\\/\\\/www.notredamealarose.be\\\/2022\\\/wp-content\\\/uploads\\\/2023\\\/12\\\/HNDR-logo-monochrome-neg.png\",\"width\":1998,\"height\":1239,\"caption\":\"H\u00f4pital Notre-Dame \u00e0 la Rose - Lessines\"},\"image\":{\"@id\":\"https:\\\/\\\/www.notredamealarose.be\\\/#\\\/schema\\\/logo\\\/image\\\/\"}}]}<\/script>\n<!-- \/ Yoast SEO plugin. -->","yoast_head_json":{"title":"Om jouw verblijf te verlengen... - H\u00f4pital Notre-Dame \u00e0 la Rose - Lessines","description":"Wil u uw verblijf in de regio verlengen? Maak kennis met de culturele bezienswaardigheden en de accommodaties van de regio.","robots":{"index":"index","follow":"follow","max-snippet":"max-snippet:-1","max-image-preview":"max-image-preview:large","max-video-preview":"max-video-preview:-1"},"canonical":"https:\/\/www.notredamealarose.be\/nl\/praktische-info\/om-jouw-verblijf-te-verlengen\/","og_locale":"nl_NL","og_type":"article","og_title":"Om jouw verblijf te verlengen... - H\u00f4pital Notre-Dame \u00e0 la Rose - Lessines","og_description":"Wil u uw verblijf in de regio verlengen? Maak kennis met de culturele bezienswaardigheden en de accommodaties van de regio.","og_url":"https:\/\/www.notredamealarose.be\/nl\/praktische-info\/om-jouw-verblijf-te-verlengen\/","og_site_name":"H\u00f4pital Notre-Dame \u00e0 la Rose - Lessines","article_modified_time":"2023-06-05T14:45:16+00:00","twitter_card":"summary_large_image","schema":{"@context":"https:\/\/schema.org","@graph":[{"@type":"WebPage","@id":"https:\/\/www.notredamealarose.be\/nl\/praktische-info\/om-jouw-verblijf-te-verlengen\/","url":"https:\/\/www.notredamealarose.be\/nl\/praktische-info\/om-jouw-verblijf-te-verlengen\/","name":"Om jouw verblijf te verlengen... - H\u00f4pital Notre-Dame \u00e0 la Rose - Lessines","isPartOf":{"@id":"https:\/\/www.notredamealarose.be\/#website"},"datePublished":"2022-12-01T20:21:12+00:00","dateModified":"2023-06-05T14:45:16+00:00","description":"Wil u uw verblijf in de regio verlengen? Maak kennis met de culturele bezienswaardigheden en de accommodaties van de regio.","breadcrumb":{"@id":"https:\/\/www.notredamealarose.be\/nl\/praktische-info\/om-jouw-verblijf-te-verlengen\/#breadcrumb"},"inLanguage":"nl-NL","potentialAction":[{"@type":"ReadAction","target":["https:\/\/www.notredamealarose.be\/nl\/praktische-info\/om-jouw-verblijf-te-verlengen\/"]}]},{"@type":"BreadcrumbList","@id":"https:\/\/www.notredamealarose.be\/nl\/praktische-info\/om-jouw-verblijf-te-verlengen\/#breadcrumb","itemListElement":[{"@type":"ListItem","position":1,"name":"Accueil","item":"https:\/\/www.notredamealarose.be\/nl\/"},{"@type":"ListItem","position":2,"name":"Praktische info","item":"https:\/\/www.notredamealarose.be\/nl\/praktische-info\/"},{"@type":"ListItem","position":3,"name":"Om jouw verblijf te verlengen&#8230;"}]},{"@type":"WebSite","@id":"https:\/\/www.notredamealarose.be\/#website","url":"https:\/\/www.notredamealarose.be\/","name":"H\u00f4pital Notre-Dame \u00e0 la Rose - Lessines","description":"Un mus\u00e9e magique et hors du temps !","publisher":{"@id":"https:\/\/www.notredamealarose.be\/#organization"},"potentialAction":[{"@type":"SearchAction","target":{"@type":"EntryPoint","urlTemplate":"https:\/\/www.notredamealarose.be\/?s={search_term_string}"},"query-input":{"@type":"PropertyValueSpecification","valueRequired":true,"valueName":"search_term_string"}}],"inLanguage":"nl-NL"},{"@type":"Organization","@id":"https:\/\/www.notredamealarose.be\/#organization","name":"H\u00f4pital Notre-Dame \u00e0 la Rose - Lessines","url":"https:\/\/www.notredamealarose.be\/","logo":{"@type":"ImageObject","inLanguage":"nl-NL","@id":"https:\/\/www.notredamealarose.be\/#\/schema\/logo\/image\/","url":"https:\/\/www.notredamealarose.be\/2022\/wp-content\/uploads\/2023\/12\/HNDR-logo-monochrome-neg.png","contentUrl":"https:\/\/www.notredamealarose.be\/2022\/wp-content\/uploads\/2023\/12\/HNDR-logo-monochrome-neg.png","width":1998,"height":1239,"caption":"H\u00f4pital Notre-Dame \u00e0 la Rose - Lessines"},"image":{"@id":"https:\/\/www.notredamealarose.be\/#\/schema\/logo\/image\/"}}]}},"jetpack_sharing_enabled":true,"_links":{"self":[{"href":"https:\/\/www.notredamealarose.be\/nl\/wp-json\/wp\/v2\/pages\/10186","targetHints":{"allow":["GET"]}}],"collection":[{"href":"https:\/\/www.notredamealarose.be\/nl\/wp-json\/wp\/v2\/pages"}],"about":[{"href":"https:\/\/www.notredamealarose.be\/nl\/wp-json\/wp\/v2\/types\/page"}],"author":[{"embeddable":true,"href":"https:\/\/www.notredamealarose.be\/nl\/wp-json\/wp\/v2\/users\/1"}],"replies":[{"embeddable":true,"href":"https:\/\/www.notredamealarose.be\/nl\/wp-json\/wp\/v2\/comments?post=10186"}],"version-history":[{"count":7,"href":"https:\/\/www.notredamealarose.be\/nl\/wp-json\/wp\/v2\/pages\/10186\/revisions"}],"predecessor-version":[{"id":10817,"href":"https:\/\/www.notredamealarose.be\/nl\/wp-json\/wp\/v2\/pages\/10186\/revisions\/10817"}],"up":[{"embeddable":true,"href":"https:\/\/www.notredamealarose.be\/nl\/wp-json\/wp\/v2\/pages\/10173"}],"wp:attachment":[{"href":"https:\/\/www.notredamealarose.be\/nl\/wp-json\/wp\/v2\/media?parent=10186"}],"curies":[{"name":"wp","href":"https:\/\/api.w.org\/{rel}","templated":true}]}}