{"id":11704,"date":"2024-03-27T12:07:17","date_gmt":"2024-03-27T11:07:17","guid":{"rendered":"https:\/\/www.notredamealarose.be\/event\/tentoonstelling-wat-indien-ik-20-jaar-was-geweest-in-1900-lessines-tijdens-de-belle-epoque\/"},"modified":"2025-04-24T10:20:55","modified_gmt":"2025-04-24T08:20:55","slug":"tentoonstelling-wat-indien-ik-20-jaar-was-geweest-in-1900-lessines-tijdens-de-belle-epoque","status":"publish","type":"tribe_events","link":"https:\/\/www.notredamealarose.be\/nl\/event\/tentoonstelling-wat-indien-ik-20-jaar-was-geweest-in-1900-lessines-tijdens-de-belle-epoque\/","title":{"rendered":"Tentoonstelling &#8220;Wat als ik 20 jaar geweest was in 1900 : Lessines tijdens de Belle \u00c9poque&#8221;"},"content":{"rendered":"<p><img loading=\"lazy\" decoding=\"async\" class=\"alignnone wp-image-11544\" src=\"https:\/\/www.notredamealarose.be\/2022\/wp-content\/uploads\/2024\/03\/HNDR_20ANS1900_TV-300x169.jpg\" alt=\"\" width=\"987\" height=\"556\" srcset=\"https:\/\/www.notredamealarose.be\/2022\/wp-content\/uploads\/2024\/03\/HNDR_20ANS1900_TV-300x169.jpg 300w, https:\/\/www.notredamealarose.be\/2022\/wp-content\/uploads\/2024\/03\/HNDR_20ANS1900_TV-1024x576.jpg 1024w, https:\/\/www.notredamealarose.be\/2022\/wp-content\/uploads\/2024\/03\/HNDR_20ANS1900_TV-768x432.jpg 768w, https:\/\/www.notredamealarose.be\/2022\/wp-content\/uploads\/2024\/03\/HNDR_20ANS1900_TV-1536x864.jpg 1536w, https:\/\/www.notredamealarose.be\/2022\/wp-content\/uploads\/2024\/03\/HNDR_20ANS1900_TV.jpg 1920w\" sizes=\"auto, (max-width: 987px) 100vw, 987px\" \/><\/p>\n<p>&nbsp;<\/p>\n<p>\ud83c\udfad <strong>Upcoming event<\/strong> : Tentoonstelling &#8220;Wat als ik 20 jaar geweest was in 1900 : Lessines \u00e0 la Belle \u00c9poque&#8221; \ud83d\udcc5 Du 27 avril 2024 au 31 janvier 2025.<\/p>\n<p>\ud83c\udf1f <strong>Thema van de tentoonstelling<\/strong> : Ontdek het bewogen leven van Valentine, een jonge vrouw in het begin van de 20ste eeuw in Lessines. \ud83c\udfe1\ud83d\udc69\u200d\ud83c\udf93 Doorkruis haar jeugdjaren, volg haar strijd voor emancipatie en beleef haar toewijding voor het Hospitaal Notre-Dame \u00e0 la Rose. \ud83c\udfe5<\/p>\n<p>\ud83e\udd1d <strong>Samenwerkingen<\/strong> : Dit project is tot stand gekomen in samenwerking met : Ath\u00e9n\u00e9e Royal Ren\u00e9 Magritte, Cercle de G\u00e9n\u00e9alogie de Lessines, en andere lokale partners. \ud83d\udcda\ud83d\udee0\ufe0f<\/p>\n<p>\ud83d\udc42 <strong>Beleef<\/strong> : Theatrale rondleidingen, podcasts en meer nog! Ontdek de geschiedenis van Lessines onder een andere invalshoek. \ud83c\udfa7\ud83d\udcd6<\/p>\n<p>\ud83c\udf89 <strong>Special event<\/strong> : Een volksbal zoals het in de jaren 1900 werd gegeven, op 3 augustus 2024! \ud83d\udd7a\ud83d\udc83<\/p>\n<p>\ud83d\udcec <strong>Blijf op de hoogte<\/strong> : Schrijf u in op onze nieuwsbrief. \ud83d\udc8c<\/p>\n<p>\ud83c\udfdb\ufe0f <strong>Dienst voor toerisme<\/strong> : Stel uw familiestukken daterend tussen 1880 en 1920 tentoon. Contacteer Gertrude Raulier op 068\/33.36.90 of via <a href=\"mailto:info@visitlessines.be\">info@visitlessines.be<\/a>om die schatten te tonen. \ud83d\udd70\ufe0f\ud83d\udcf8<\/p>\n<p>&nbsp;<\/p>\n<div class=\"wp-block-button is-style-fill\"><\/div>\n<div>\n<h4>Combi-ticket+ (Museum en tentoonstelling) \ud83d\uddbc\ufe0f<\/h4>\n<\/div>\n<p>&nbsp;<\/p>\n<p>\u23f1\ufe0f Duur van de rondleiding : 4u (ook de tuinen zijn toegankelijk met een audiogids)<\/p>\n<p>Geniet van een volledige dag op onze site en bezoek het museum en de tuinen in de voormiddag. Als u het zou wensen kunt u ook een tafel reserveren in <a href=\"http:\/\/latabledalix.be\/\"> La Table d&#8217;Alix <\/a> via hun online booking platform. s&#8217;Namiddags kunt u onze tentoonstelling bezoeken.<\/p>\n<p>\ud83d\udd70\ufe0f Het bezoek van de tentoonstelling start vanaf 14u, kortom na uw museumbezoek.<\/p>\n<p>&nbsp;<\/p>\n<div>\n<div class=\"comment-container\">\n<div class=\"action-comment can-view-video markeddown js-comment is-comments-rewrite\" dir=\"auto\">\n<div class=\"current-comment js-friendly-links js-open-card\">\n<h4>\ud83e\ude99 <strong>Tarieven<\/strong><\/h4>\n<p>&nbsp;<\/p>\n<div class=\"comment-container\">\n<div class=\"action-comment can-view-video markeddown js-comment is-comments-rewrite\" dir=\"auto\">\n<div class=\"current-comment js-friendly-links js-open-card\">\n<p>\ud83e\uddd1\ud83c\udffb Volwassen : 15\u20ac per persoon<br \/>\n\ud83e\uddd3\ud83c\udffb\ud83d\udc68\ud83c\udffb\u200d\ud83c\udf93 Senioren en studenten : 12\u20ac per persoon<br \/>\n\ud83e\uddd2\ud83c\udffb Kinderen (6-12 jaar) : 5\u20ac per persoon<br \/>\n\ud83e\uddd1\ud83c\udffb\u200d\ud83e\uddaf\ud83e\uddd1\ud83c\udffb\u200d\ud83e\uddbd P.B.N. (Personen met bijzondere noden) : Gratis, 7\u20ac voor de begeleider<br \/>\n\ud83d\udddd\ufe0f Inwoners van Lessines : Gratis inkom<br \/>\n\ud83d\udc76\ud83c\udffb Kinderen (&lt;6 jaar) : Gratis inkom<br \/>\nArticle 27 : 1.25\u20ac per persoon<br \/>\n\ud83d\udcf0 Pers : Gratis inkom<br \/>\n\ud83c\udf10 MuseumPass, ICOM kaart, ICOMOS kaart, 365.be, lerarenkaart : Gratis inkom.<\/p>\n<p>&nbsp;<\/p>\n<\/div>\n<\/div>\n<\/div>\n<div class=\"action-comment can-view-video markeddown js-comment is-comments-rewrite\" dir=\"auto\">\n<div class=\"current-comment js-friendly-links js-open-card\">\n<h4>\ud83d\udd17 Reservatie<\/h4>\n<p>Om te reserveren volstaat het om op onderstaande knop te klikken en de verschillende etapes door te lopen \ud83d\udc47\ud83c\udffb<\/p>\n<\/div>\n<\/div>\n<div class=\"wp-block-button is-style-fill\"><a class=\"wp-block-button__link wp-element-button\" href=\"https:\/\/tinyurl.com\/2c74a6hg\" target=\"_blank\" rel=\"noreferrer noopener\">Reservatie<\/a><\/div>\n<p>&nbsp;<\/p>\n<\/div>\n<\/div>\n<\/div>\n<div>\n<h4>Formule enkel tentoonstelling \ud83d\uddbc\ufe0f<\/h4>\n<\/div>\n<\/div>\n<p>&nbsp;<\/p>\n<p>\u23f1\ufe0f Duur van de rondleiding : 2u<\/p>\n<p>Ontdek het leven van Valentine door middel van verschillende tools zoals haar dagboek of audiocapsules van belangrijke momenten in haar leven.<\/p>\n<p>\ud83d\udd70\ufe0f Het bezoek van de tentoonstelling start vanaf 14u, kortom na uw museumbezoek.<\/p>\n<p>&nbsp;<\/p>\n<h4>\ud83e\ude99 <strong>Tarieven<\/strong><\/h4>\n<p>&nbsp;<\/p>\n<div class=\"comment-container\">\n<div class=\"action-comment can-view-video markeddown js-comment is-comments-rewrite\" dir=\"auto\">\n<div class=\"current-comment js-friendly-links js-open-card\">\n<p>\ud83e\uddd1\ud83c\udffb Volwassen : 5\u20ac per persoon<br \/>\n\ud83e\uddd3\ud83c\udffb\ud83d\udc68\ud83c\udffb\u200d\ud83c\udf93 Senioren en studenten : 3\u20ac per persoon<br \/>\n\ud83e\uddd2\ud83c\udffb kinderen (&lt;12 jaar) : Gratis inkom<br \/>\n\ud83e\uddd1\ud83c\udffb\u200d\ud83e\uddaf\ud83e\uddd1\ud83c\udffb\u200d\ud83e\uddbd P.B.N. (Personen met bijzondere noden) : Gratis, 2\u20ac voor de begeleider<br \/>\n\ud83d\udddd\ufe0f Inwoners van Lessines : Gratis inkom<br \/>\nArticle 27 : 1.25\u20ac per persoon<br \/>\n\ud83d\udcf0 Pers : Gratis inkom<br \/>\n\ud83c\udf10 MuseumPass, ICOM kaart, ICOMOS kaart, 365.be, lerarenkaart : Gratis inkom.<\/p>\n<div class=\"action-comment can-view-video markeddown js-comment is-comments-rewrite\" dir=\"auto\">\n<div class=\"current-comment js-friendly-links js-open-card\">\n<h4>\ud83d\udd17 Reservatie<\/h4>\n<p>Om te reserveren volstaat het om op onderstaande knop te klikken en de verschillende etapes door te lopen \ud83d\udc47\ud83c\udffb<\/p>\n<\/div>\n<\/div>\n<div class=\"wp-block-button is-style-fill\"><a class=\"wp-block-button__link wp-element-button\" href=\"https:\/\/tinyurl.com\/2j3acq9p\" target=\"_blank\" rel=\"noreferrer noopener\">Reservatie<\/a><\/div>\n<p>&nbsp;<\/p>\n<\/div>\n<\/div>\n<div><\/div>\n<\/div>\n<h4>Theatrale rondleidingen (enkel in het Frans) \ud83c\udfad<\/h4>\n<p>&nbsp;<\/p>\n<div>\n<p>\u23f1\ufe0f Duur van de rondleiding : 1u30<\/p>\n<p>Ontdek onze theatrale bezoeken vergezeld door twee personages, een arbeider en een &#8216;bourgeois&#8217;. Ontdek de Belle \u00c9poque in een meeslepende en buitengewone ervaring.<\/p>\n<p>De zijn de acteurs van <a href=\"https:\/\/www.troupeducactus.be\/\">La Troupe du Cactus<\/a> die deze rondleiding animeren.<\/p>\n<p>&nbsp;<\/p>\n<h4>\ud83d\uddd3\ufe0f<strong> Wanneer?<\/strong><\/h4>\n<\/div>\n<p>&nbsp;<\/p>\n<p>\ud83d\udd70\ufe0f Aanvang rondleiding om 15u30<\/p>\n<div>\n<div class=\"comment-container\">\n<div class=\"action-comment can-view-video markeddown js-comment is-comments-rewrite\" dir=\"auto\">\n<div class=\"current-comment js-friendly-links js-open-card\">\n<p>\u2600\ufe0f Op zondag 14 juli 2024, ter gelegenheid van het feest van Sint Camillus, patroonheilige van de verpleegkundigen! Ze kunnen gratis deelnemen als ze met hun badge bij de receptie tonene of verschijnen in werkkleding \ud83e\uddd1\ud83c\udffb\u200d\u2695\ufe0f\ud83d\udc89<\/p>\n<p>\ud83d\udc49\ud83c\udffb Op zaterdag 27 juli 2024<\/p>\n<p>\ud83d\udc49\ud83c\udffb Op zondag 11 augustus 2024<\/p>\n<p>\ud83d\udc49\ud83c\udffb Op zondag 15 september 2024<\/p>\n<p>\ud83d\udc49\ud83c\udffb Op zondag 6 oktober 2024<\/p>\n<p>\ud83d\udc49\ud83c\udffb Op zondag 10 november 2024<\/p>\n<p>\ud83d\udc49\ud83c\udffb Op zondag 15 december 2024<\/p>\n<p>\ud83d\udc49\ud83c\udffb Op zondag 12 januari 2025<\/p>\n<p>\ud83d\udc49\ud83c\udffb Op zondag 25 mei 2025<\/p>\n<p>\ud83d\udc49\ud83c\udffb Op zondag 15 juni 2025<\/p>\n<p>\ud83d\udc49\ud83c\udffb Op zondag 20 juli 2025<\/p>\n<p>\ud83d\udc49\ud83c\udffb Op zaterdag 30 augustus 2025<\/p>\n<p>&nbsp;<\/p>\n<h4>\ud83e\ude99 <strong>Tarieven<\/strong><\/h4>\n<p>&nbsp;<\/p>\n<div class=\"comment-container\">\n<div class=\"action-comment can-view-video markeddown js-comment is-comments-rewrite\" dir=\"auto\">\n<div class=\"current-comment js-friendly-links js-open-card\">\n<p>\ud83e\uddd1\ud83c\udffb\ud83e\uddd3\ud83c\udffb\ud83d\udc68\ud83c\udffb\u200d\ud83c\udf93 Voor volwassenen, senioren en studenten bedraagt de prijs 13\u20ac per persoon, absint, koffie of soft inbegrepen.<\/p>\n<p>&nbsp;<\/p>\n<h4>\ud83d\udd17 Reservatie<\/h4>\n<p>Om te reserveren volstaat het om op onderstaande knop te klikken en de verschillende etapes door te lopen \ud83d\udc47\ud83c\udffb<\/p>\n<\/div>\n<\/div>\n<div class=\"wp-block-button is-style-fill\"><a class=\"wp-block-button__link wp-element-button\" href=\"https:\/\/tinyurl.com\/2d5vsjcs\" target=\"_blank\" rel=\"noreferrer noopener\">Reservatie<\/a><\/div>\n<\/div>\n<\/div>\n<\/div>\n<\/div>\n<\/div>\n<div><\/div>\n<div><\/div>\n<div>\n<h4>Rondleidinge met gids \ud83d\udc65<\/h4>\n<\/div>\n<div>Rondleiding met gids zijn ook mogelijk mits reservatie op<a href=\"mailto:info@notredamealarose.be\">info@notredamealarose.be<\/a> !<\/div>\n","protected":false},"excerpt":{"rendered":"<p>&nbsp; \ud83c\udfad Upcoming event : Tentoonstelling &#8220;Wat als ik 20 jaar geweest was in 1900 : Lessines \u00e0 la Belle \u00c9poque&#8221; \ud83d\udcc5 Du 27 avril 2024 au 31 janvier 2025. \ud83c\udf1f Thema van de tentoonstelling : Ontdek het bewogen leven van Valentine, een jonge vrouw in het begin van de 20ste eeuw in Lessines. \ud83c\udfe1\ud83d\udc69\u200d\ud83c\udf93 [&hellip;]<\/p>\n","protected":false},"author":3,"featured_media":0,"template":"","meta":{"site-sidebar-layout":"default","site-content-layout":"","ast-site-content-layout":"default","site-content-style":"default","site-sidebar-style":"default","ast-global-header-display":"","ast-banner-title-visibility":"","ast-main-header-display":"","ast-hfb-above-header-display":"","ast-hfb-below-header-display":"","ast-hfb-mobile-header-display":"","site-post-title":"","ast-breadcrumbs-content":"","ast-featured-img":"","footer-sml-layout":"","theme-transparent-header-meta":"default","adv-header-id-meta":"","stick-header-meta":"default","header-above-stick-meta":"","header-main-stick-meta":"","header-below-stick-meta":"","astra-migrate-meta-layouts":"set","ast-page-background-enabled":"default","ast-page-background-meta":{"desktop":{"background-color":"var(--ast-global-color-4)","background-image":"","background-repeat":"repeat","background-position":"center center","background-size":"auto","background-attachment":"scroll","background-type":"","background-media":"","overlay-type":"","overlay-color":"","overlay-gradient":""},"tablet":{"background-color":"","background-image":"","background-repeat":"repeat","background-position":"center center","background-size":"auto","background-attachment":"scroll","background-type":"","background-media":"","overlay-type":"","overlay-color":"","overlay-gradient":""},"mobile":{"background-color":"","background-image":"","background-repeat":"repeat","background-position":"center center","background-size":"auto","background-attachment":"scroll","background-type":"","background-media":"","overlay-type":"","overlay-color":"","overlay-gradient":""}},"ast-content-background-meta":{"desktop":{"background-color":"var(--ast-global-color-5)","background-image":"","background-repeat":"repeat","background-position":"center center","background-size":"auto","background-attachment":"scroll","background-type":"","background-media":"","overlay-type":"","overlay-color":"","overlay-gradient":""},"tablet":{"background-color":"var(--ast-global-color-5)","background-image":"","background-repeat":"repeat","background-position":"center center","background-size":"auto","background-attachment":"scroll","background-type":"","background-media":"","overlay-type":"","overlay-color":"","overlay-gradient":""},"mobile":{"background-color":"var(--ast-global-color-5)","background-image":"","background-repeat":"repeat","background-position":"center center","background-size":"auto","background-attachment":"scroll","background-type":"","background-media":"","overlay-type":"","overlay-color":"","overlay-gradient":""}},"_price":"","_stock":"","_tribe_ticket_header":"","_tribe_default_ticket_provider":"","_tribe_ticket_capacity":"0","_ticket_start_date":"","_ticket_end_date":"","_tribe_ticket_show_description":"","_tribe_ticket_show_not_going":false,"_tribe_ticket_use_global_stock":"","_tribe_ticket_global_stock_level":"","_global_stock_mode":"","_global_stock_cap":"","_tribe_rsvp_for_event":"","_tribe_ticket_going_count":"","_tribe_ticket_not_going_count":"","_tribe_tickets_list":"[]","_tribe_ticket_has_attendee_info_fields":false,"_tribe_events_status":"","_tribe_events_status_reason":"","footnotes":""},"tags":[],"tribe_events_cat":[],"class_list":["post-11704","tribe_events","type-tribe_events","status-publish","hentry"],"yoast_head":"<!-- This site is optimized with the Yoast SEO plugin v27.4 - https:\/\/yoast.com\/product\/yoast-seo-wordpress\/ -->\n<title>Tentoonstelling &quot;Wat als ik 20 jaar geweest was in 1900 : Lessines tijdens de Belle \u00c9poque&quot; - H\u00f4pital Notre-Dame \u00e0 la Rose - Lessines<\/title>\n<meta name=\"robots\" content=\"index, follow, max-snippet:-1, max-image-preview:large, max-video-preview:-1\" \/>\n<link rel=\"canonical\" href=\"https:\/\/www.notredamealarose.be\/nl\/event\/tentoonstelling-wat-indien-ik-20-jaar-was-geweest-in-1900-lessines-tijdens-de-belle-epoque\/\" \/>\n<meta property=\"og:locale\" content=\"nl_NL\" \/>\n<meta property=\"og:type\" content=\"article\" \/>\n<meta property=\"og:title\" content=\"Tentoonstelling &quot;Wat als ik 20 jaar geweest was in 1900 : Lessines tijdens de Belle \u00c9poque&quot; - H\u00f4pital Notre-Dame \u00e0 la Rose - Lessines\" \/>\n<meta property=\"og:description\" content=\"&nbsp; \ud83c\udfad Upcoming event : Tentoonstelling &#8220;Wat als ik 20 jaar geweest was in 1900 : Lessines \u00e0 la Belle \u00c9poque&#8221; \ud83d\udcc5 Du 27 avril 2024 au 31 janvier 2025. \ud83c\udf1f Thema van de tentoonstelling : Ontdek het bewogen leven van Valentine, een jonge vrouw in het begin van de 20ste eeuw in Lessines. \ud83c\udfe1\ud83d\udc69\u200d\ud83c\udf93 [&hellip;]\" \/>\n<meta property=\"og:url\" content=\"https:\/\/www.notredamealarose.be\/nl\/event\/tentoonstelling-wat-indien-ik-20-jaar-was-geweest-in-1900-lessines-tijdens-de-belle-epoque\/\" \/>\n<meta property=\"og:site_name\" content=\"H\u00f4pital Notre-Dame \u00e0 la Rose - Lessines\" \/>\n<meta property=\"article:modified_time\" content=\"2025-04-24T08:20:55+00:00\" \/>\n<meta property=\"og:image\" content=\"https:\/\/www.notredamealarose.be\/2022\/wp-content\/uploads\/2024\/03\/HNDR_20ANS1900_TV.jpg\" \/>\n\t<meta property=\"og:image:width\" content=\"1920\" \/>\n\t<meta property=\"og:image:height\" content=\"1080\" \/>\n\t<meta property=\"og:image:type\" content=\"image\/jpeg\" \/>\n<meta name=\"twitter:card\" content=\"summary_large_image\" \/>\n<script type=\"application\/ld+json\" class=\"yoast-schema-graph\">{\"@context\":\"https:\\\/\\\/schema.org\",\"@graph\":[{\"@type\":\"WebPage\",\"@id\":\"https:\\\/\\\/www.notredamealarose.be\\\/nl\\\/event\\\/tentoonstelling-wat-indien-ik-20-jaar-was-geweest-in-1900-lessines-tijdens-de-belle-epoque\\\/\",\"url\":\"https:\\\/\\\/www.notredamealarose.be\\\/nl\\\/event\\\/tentoonstelling-wat-indien-ik-20-jaar-was-geweest-in-1900-lessines-tijdens-de-belle-epoque\\\/\",\"name\":\"Tentoonstelling \\\"Wat als ik 20 jaar geweest was in 1900 : Lessines tijdens de Belle \u00c9poque\\\" - H\u00f4pital Notre-Dame \u00e0 la Rose - Lessines\",\"isPartOf\":{\"@id\":\"https:\\\/\\\/www.notredamealarose.be\\\/#website\"},\"primaryImageOfPage\":{\"@id\":\"https:\\\/\\\/www.notredamealarose.be\\\/nl\\\/event\\\/tentoonstelling-wat-indien-ik-20-jaar-was-geweest-in-1900-lessines-tijdens-de-belle-epoque\\\/#primaryimage\"},\"image\":{\"@id\":\"https:\\\/\\\/www.notredamealarose.be\\\/nl\\\/event\\\/tentoonstelling-wat-indien-ik-20-jaar-was-geweest-in-1900-lessines-tijdens-de-belle-epoque\\\/#primaryimage\"},\"thumbnailUrl\":\"https:\\\/\\\/www.notredamealarose.be\\\/2022\\\/wp-content\\\/uploads\\\/2024\\\/03\\\/HNDR_20ANS1900_TV-300x169.jpg\",\"datePublished\":\"2024-03-27T11:07:17+00:00\",\"dateModified\":\"2025-04-24T08:20:55+00:00\",\"breadcrumb\":{\"@id\":\"https:\\\/\\\/www.notredamealarose.be\\\/nl\\\/event\\\/tentoonstelling-wat-indien-ik-20-jaar-was-geweest-in-1900-lessines-tijdens-de-belle-epoque\\\/#breadcrumb\"},\"inLanguage\":\"nl-NL\",\"potentialAction\":[{\"@type\":\"ReadAction\",\"target\":[\"https:\\\/\\\/www.notredamealarose.be\\\/nl\\\/event\\\/tentoonstelling-wat-indien-ik-20-jaar-was-geweest-in-1900-lessines-tijdens-de-belle-epoque\\\/\"]}]},{\"@type\":\"ImageObject\",\"inLanguage\":\"nl-NL\",\"@id\":\"https:\\\/\\\/www.notredamealarose.be\\\/nl\\\/event\\\/tentoonstelling-wat-indien-ik-20-jaar-was-geweest-in-1900-lessines-tijdens-de-belle-epoque\\\/#primaryimage\",\"url\":\"https:\\\/\\\/www.notredamealarose.be\\\/2022\\\/wp-content\\\/uploads\\\/2024\\\/03\\\/HNDR_20ANS1900_TV-300x169.jpg\",\"contentUrl\":\"https:\\\/\\\/www.notredamealarose.be\\\/2022\\\/wp-content\\\/uploads\\\/2024\\\/03\\\/HNDR_20ANS1900_TV-300x169.jpg\"},{\"@type\":\"BreadcrumbList\",\"@id\":\"https:\\\/\\\/www.notredamealarose.be\\\/nl\\\/event\\\/tentoonstelling-wat-indien-ik-20-jaar-was-geweest-in-1900-lessines-tijdens-de-belle-epoque\\\/#breadcrumb\",\"itemListElement\":[{\"@type\":\"ListItem\",\"position\":1,\"name\":\"Accueil\",\"item\":\"https:\\\/\\\/www.notredamealarose.be\\\/nl\\\/\"},{\"@type\":\"ListItem\",\"position\":2,\"name\":\"\u00c9v\u00e8nements\",\"item\":\"https:\\\/\\\/www.notredamealarose.be\\\/events\\\/\"},{\"@type\":\"ListItem\",\"position\":3,\"name\":\"Tentoonstelling \u00ab\u00a0Wat als ik 20 jaar geweest was in 1900 : Lessines tijdens de Belle \u00c9poque\u00a0\u00bb\"}]},{\"@type\":\"WebSite\",\"@id\":\"https:\\\/\\\/www.notredamealarose.be\\\/#website\",\"url\":\"https:\\\/\\\/www.notredamealarose.be\\\/\",\"name\":\"H\u00f4pital Notre-Dame \u00e0 la Rose - Lessines\",\"description\":\"Un mus\u00e9e magique et hors du temps !\",\"publisher\":{\"@id\":\"https:\\\/\\\/www.notredamealarose.be\\\/#organization\"},\"potentialAction\":[{\"@type\":\"SearchAction\",\"target\":{\"@type\":\"EntryPoint\",\"urlTemplate\":\"https:\\\/\\\/www.notredamealarose.be\\\/?s={search_term_string}\"},\"query-input\":{\"@type\":\"PropertyValueSpecification\",\"valueRequired\":true,\"valueName\":\"search_term_string\"}}],\"inLanguage\":\"nl-NL\"},{\"@type\":\"Organization\",\"@id\":\"https:\\\/\\\/www.notredamealarose.be\\\/#organization\",\"name\":\"H\u00f4pital Notre-Dame \u00e0 la Rose - Lessines\",\"url\":\"https:\\\/\\\/www.notredamealarose.be\\\/\",\"logo\":{\"@type\":\"ImageObject\",\"inLanguage\":\"nl-NL\",\"@id\":\"https:\\\/\\\/www.notredamealarose.be\\\/#\\\/schema\\\/logo\\\/image\\\/\",\"url\":\"https:\\\/\\\/www.notredamealarose.be\\\/2022\\\/wp-content\\\/uploads\\\/2023\\\/12\\\/HNDR-logo-monochrome-neg.png\",\"contentUrl\":\"https:\\\/\\\/www.notredamealarose.be\\\/2022\\\/wp-content\\\/uploads\\\/2023\\\/12\\\/HNDR-logo-monochrome-neg.png\",\"width\":1998,\"height\":1239,\"caption\":\"H\u00f4pital Notre-Dame \u00e0 la Rose - Lessines\"},\"image\":{\"@id\":\"https:\\\/\\\/www.notredamealarose.be\\\/#\\\/schema\\\/logo\\\/image\\\/\"}}]}<\/script>\n<!-- \/ Yoast SEO plugin. -->","yoast_head_json":{"title":"Tentoonstelling \"Wat als ik 20 jaar geweest was in 1900 : Lessines tijdens de Belle \u00c9poque\" - H\u00f4pital Notre-Dame \u00e0 la Rose - Lessines","robots":{"index":"index","follow":"follow","max-snippet":"max-snippet:-1","max-image-preview":"max-image-preview:large","max-video-preview":"max-video-preview:-1"},"canonical":"https:\/\/www.notredamealarose.be\/nl\/event\/tentoonstelling-wat-indien-ik-20-jaar-was-geweest-in-1900-lessines-tijdens-de-belle-epoque\/","og_locale":"nl_NL","og_type":"article","og_title":"Tentoonstelling \"Wat als ik 20 jaar geweest was in 1900 : Lessines tijdens de Belle \u00c9poque\" - H\u00f4pital Notre-Dame \u00e0 la Rose - Lessines","og_description":"&nbsp; \ud83c\udfad Upcoming event : Tentoonstelling &#8220;Wat als ik 20 jaar geweest was in 1900 : Lessines \u00e0 la Belle \u00c9poque&#8221; \ud83d\udcc5 Du 27 avril 2024 au 31 janvier 2025. \ud83c\udf1f Thema van de tentoonstelling : Ontdek het bewogen leven van Valentine, een jonge vrouw in het begin van de 20ste eeuw in Lessines. \ud83c\udfe1\ud83d\udc69\u200d\ud83c\udf93 [&hellip;]","og_url":"https:\/\/www.notredamealarose.be\/nl\/event\/tentoonstelling-wat-indien-ik-20-jaar-was-geweest-in-1900-lessines-tijdens-de-belle-epoque\/","og_site_name":"H\u00f4pital Notre-Dame \u00e0 la Rose - Lessines","article_modified_time":"2025-04-24T08:20:55+00:00","og_image":[{"width":1920,"height":1080,"url":"https:\/\/www.notredamealarose.be\/2022\/wp-content\/uploads\/2024\/03\/HNDR_20ANS1900_TV.jpg","type":"image\/jpeg"}],"twitter_card":"summary_large_image","schema":{"@context":"https:\/\/schema.org","@graph":[{"@type":"WebPage","@id":"https:\/\/www.notredamealarose.be\/nl\/event\/tentoonstelling-wat-indien-ik-20-jaar-was-geweest-in-1900-lessines-tijdens-de-belle-epoque\/","url":"https:\/\/www.notredamealarose.be\/nl\/event\/tentoonstelling-wat-indien-ik-20-jaar-was-geweest-in-1900-lessines-tijdens-de-belle-epoque\/","name":"Tentoonstelling \"Wat als ik 20 jaar geweest was in 1900 : Lessines tijdens de Belle \u00c9poque\" - H\u00f4pital Notre-Dame \u00e0 la Rose - Lessines","isPartOf":{"@id":"https:\/\/www.notredamealarose.be\/#website"},"primaryImageOfPage":{"@id":"https:\/\/www.notredamealarose.be\/nl\/event\/tentoonstelling-wat-indien-ik-20-jaar-was-geweest-in-1900-lessines-tijdens-de-belle-epoque\/#primaryimage"},"image":{"@id":"https:\/\/www.notredamealarose.be\/nl\/event\/tentoonstelling-wat-indien-ik-20-jaar-was-geweest-in-1900-lessines-tijdens-de-belle-epoque\/#primaryimage"},"thumbnailUrl":"https:\/\/www.notredamealarose.be\/2022\/wp-content\/uploads\/2024\/03\/HNDR_20ANS1900_TV-300x169.jpg","datePublished":"2024-03-27T11:07:17+00:00","dateModified":"2025-04-24T08:20:55+00:00","breadcrumb":{"@id":"https:\/\/www.notredamealarose.be\/nl\/event\/tentoonstelling-wat-indien-ik-20-jaar-was-geweest-in-1900-lessines-tijdens-de-belle-epoque\/#breadcrumb"},"inLanguage":"nl-NL","potentialAction":[{"@type":"ReadAction","target":["https:\/\/www.notredamealarose.be\/nl\/event\/tentoonstelling-wat-indien-ik-20-jaar-was-geweest-in-1900-lessines-tijdens-de-belle-epoque\/"]}]},{"@type":"ImageObject","inLanguage":"nl-NL","@id":"https:\/\/www.notredamealarose.be\/nl\/event\/tentoonstelling-wat-indien-ik-20-jaar-was-geweest-in-1900-lessines-tijdens-de-belle-epoque\/#primaryimage","url":"https:\/\/www.notredamealarose.be\/2022\/wp-content\/uploads\/2024\/03\/HNDR_20ANS1900_TV-300x169.jpg","contentUrl":"https:\/\/www.notredamealarose.be\/2022\/wp-content\/uploads\/2024\/03\/HNDR_20ANS1900_TV-300x169.jpg"},{"@type":"BreadcrumbList","@id":"https:\/\/www.notredamealarose.be\/nl\/event\/tentoonstelling-wat-indien-ik-20-jaar-was-geweest-in-1900-lessines-tijdens-de-belle-epoque\/#breadcrumb","itemListElement":[{"@type":"ListItem","position":1,"name":"Accueil","item":"https:\/\/www.notredamealarose.be\/nl\/"},{"@type":"ListItem","position":2,"name":"\u00c9v\u00e8nements","item":"https:\/\/www.notredamealarose.be\/events\/"},{"@type":"ListItem","position":3,"name":"Tentoonstelling \u00ab\u00a0Wat als ik 20 jaar geweest was in 1900 : Lessines tijdens de Belle \u00c9poque\u00a0\u00bb"}]},{"@type":"WebSite","@id":"https:\/\/www.notredamealarose.be\/#website","url":"https:\/\/www.notredamealarose.be\/","name":"H\u00f4pital Notre-Dame \u00e0 la Rose - Lessines","description":"Un mus\u00e9e magique et hors du temps !","publisher":{"@id":"https:\/\/www.notredamealarose.be\/#organization"},"potentialAction":[{"@type":"SearchAction","target":{"@type":"EntryPoint","urlTemplate":"https:\/\/www.notredamealarose.be\/?s={search_term_string}"},"query-input":{"@type":"PropertyValueSpecification","valueRequired":true,"valueName":"search_term_string"}}],"inLanguage":"nl-NL"},{"@type":"Organization","@id":"https:\/\/www.notredamealarose.be\/#organization","name":"H\u00f4pital Notre-Dame \u00e0 la Rose - Lessines","url":"https:\/\/www.notredamealarose.be\/","logo":{"@type":"ImageObject","inLanguage":"nl-NL","@id":"https:\/\/www.notredamealarose.be\/#\/schema\/logo\/image\/","url":"https:\/\/www.notredamealarose.be\/2022\/wp-content\/uploads\/2023\/12\/HNDR-logo-monochrome-neg.png","contentUrl":"https:\/\/www.notredamealarose.be\/2022\/wp-content\/uploads\/2023\/12\/HNDR-logo-monochrome-neg.png","width":1998,"height":1239,"caption":"H\u00f4pital Notre-Dame \u00e0 la Rose - Lessines"},"image":{"@id":"https:\/\/www.notredamealarose.be\/#\/schema\/logo\/image\/"}}]}},"jetpack_sharing_enabled":true,"_links":{"self":[{"href":"https:\/\/www.notredamealarose.be\/nl\/wp-json\/wp\/v2\/tribe_events\/11704","targetHints":{"allow":["GET"]}}],"collection":[{"href":"https:\/\/www.notredamealarose.be\/nl\/wp-json\/wp\/v2\/tribe_events"}],"about":[{"href":"https:\/\/www.notredamealarose.be\/nl\/wp-json\/wp\/v2\/types\/tribe_events"}],"author":[{"embeddable":true,"href":"https:\/\/www.notredamealarose.be\/nl\/wp-json\/wp\/v2\/users\/3"}],"version-history":[{"count":4,"href":"https:\/\/www.notredamealarose.be\/nl\/wp-json\/wp\/v2\/tribe_events\/11704\/revisions"}],"predecessor-version":[{"id":13165,"href":"https:\/\/www.notredamealarose.be\/nl\/wp-json\/wp\/v2\/tribe_events\/11704\/revisions\/13165"}],"wp:attachment":[{"href":"https:\/\/www.notredamealarose.be\/nl\/wp-json\/wp\/v2\/media?parent=11704"}],"wp:term":[{"taxonomy":"post_tag","embeddable":true,"href":"https:\/\/www.notredamealarose.be\/nl\/wp-json\/wp\/v2\/tags?post=11704"},{"taxonomy":"tribe_events_cat","embeddable":true,"href":"https:\/\/www.notredamealarose.be\/nl\/wp-json\/wp\/v2\/tribe_events_cat?post=11704"}],"curies":[{"name":"wp","href":"https:\/\/api.w.org\/{rel}","templated":true}]}}