{"id":12720,"date":"2025-03-10T11:54:47","date_gmt":"2025-03-10T10:54:47","guid":{"rendered":"https:\/\/www.notredamealarose.be\/?post_type=tribe_events&#038;p=12720"},"modified":"2025-03-10T11:54:47","modified_gmt":"2025-03-10T10:54:47","slug":"expo-la-belle-epoque-de-lessines","status":"publish","type":"tribe_events","link":"https:\/\/www.notredamealarose.be\/nl\/event\/expo-la-belle-epoque-de-lessines\/","title":{"rendered":"Expo \u201cLa Belle \u00c9poque de Lessines\u201d"},"content":{"rendered":"<p dir=\"auto\">Na het succes van de tentoonstelling &#8220;Et si j\u2019avais 20 ans en 1900&#8221;, duikt het Toeristenbureau ook in de sfeer van de Belle \u00c9poque!<\/p>\n<p dir=\"auto\">Het einde van de 19e en het begin van de 20e eeuw vormen een periode van grote veranderingen voor de stad van porfier. Nieuwe wijken ontstaan, er is veel werkgelegenheid en de handel floreert. Dit alles gebeurt in een omgeving die, ondanks deze industri\u00eble ontwikkelingen, nog steeds zeer landelijk is. Lessen is een stad aan het water, omgeven door groene dorpen. Kom unieke ansichtkaarten en foto&#8217;s van Lessen en de inwoners uit de Belle \u00c9poque ontdekken!<\/p>\n<p dir=\"auto\">(Gratis toegang)<\/p>\n","protected":false},"excerpt":{"rendered":"<p>Na het succes van de tentoonstelling &#8220;Et si j\u2019avais 20 ans en 1900&#8221;, duikt het Toeristenbureau ook in de sfeer van de Belle \u00c9poque! Het einde van de 19e en het begin van de 20e eeuw vormen een periode van grote veranderingen voor de stad van porfier. Nieuwe wijken ontstaan, er is veel werkgelegenheid en [&hellip;]<\/p>\n","protected":false},"author":3,"featured_media":12689,"template":"","meta":{"site-sidebar-layout":"default","site-content-layout":"","ast-site-content-layout":"default","site-content-style":"default","site-sidebar-style":"default","ast-global-header-display":"","ast-banner-title-visibility":"","ast-main-header-display":"","ast-hfb-above-header-display":"","ast-hfb-below-header-display":"","ast-hfb-mobile-header-display":"","site-post-title":"","ast-breadcrumbs-content":"","ast-featured-img":"","footer-sml-layout":"","theme-transparent-header-meta":"default","adv-header-id-meta":"","stick-header-meta":"default","header-above-stick-meta":"","header-main-stick-meta":"","header-below-stick-meta":"","astra-migrate-meta-layouts":"set","ast-page-background-enabled":"default","ast-page-background-meta":{"desktop":{"background-color":"var(--ast-global-color-4)","background-image":"","background-repeat":"repeat","background-position":"center center","background-size":"auto","background-attachment":"scroll","background-type":"","background-media":"","overlay-type":"","overlay-color":"","overlay-gradient":""},"tablet":{"background-color":"","background-image":"","background-repeat":"repeat","background-position":"center center","background-size":"auto","background-attachment":"scroll","background-type":"","background-media":"","overlay-type":"","overlay-color":"","overlay-gradient":""},"mobile":{"background-color":"","background-image":"","background-repeat":"repeat","background-position":"center center","background-size":"auto","background-attachment":"scroll","background-type":"","background-media":"","overlay-type":"","overlay-color":"","overlay-gradient":""}},"ast-content-background-meta":{"desktop":{"background-color":"var(--ast-global-color-5)","background-image":"","background-repeat":"repeat","background-position":"center center","background-size":"auto","background-attachment":"scroll","background-type":"","background-media":"","overlay-type":"","overlay-color":"","overlay-gradient":""},"tablet":{"background-color":"var(--ast-global-color-5)","background-image":"","background-repeat":"repeat","background-position":"center center","background-size":"auto","background-attachment":"scroll","background-type":"","background-media":"","overlay-type":"","overlay-color":"","overlay-gradient":""},"mobile":{"background-color":"var(--ast-global-color-5)","background-image":"","background-repeat":"repeat","background-position":"center center","background-size":"auto","background-attachment":"scroll","background-type":"","background-media":"","overlay-type":"","overlay-color":"","overlay-gradient":""}},"_price":"","_stock":"","_tribe_ticket_header":"","_tribe_default_ticket_provider":"","_tribe_ticket_capacity":"0","_ticket_start_date":"","_ticket_end_date":"","_tribe_ticket_show_description":"","_tribe_ticket_show_not_going":false,"_tribe_ticket_use_global_stock":"","_tribe_ticket_global_stock_level":"","_global_stock_mode":"","_global_stock_cap":"","_tribe_rsvp_for_event":"","_tribe_ticket_going_count":"","_tribe_ticket_not_going_count":"","_tribe_tickets_list":"[]","_tribe_ticket_has_attendee_info_fields":false,"_tribe_events_status":"","_tribe_events_status_reason":"","footnotes":""},"tags":[],"tribe_events_cat":[],"class_list":["post-12720","tribe_events","type-tribe_events","status-publish","has-post-thumbnail","hentry"],"yoast_head":"<!-- This site is optimized with the Yoast SEO plugin v27.4 - https:\/\/yoast.com\/product\/yoast-seo-wordpress\/ -->\n<title>Expo \u201cLa Belle \u00c9poque de Lessines\u201d - H\u00f4pital Notre-Dame \u00e0 la Rose - Lessines<\/title>\n<meta name=\"robots\" content=\"index, follow, max-snippet:-1, max-image-preview:large, max-video-preview:-1\" \/>\n<link rel=\"canonical\" href=\"https:\/\/www.notredamealarose.be\/nl\/event\/expo-la-belle-epoque-de-lessines\/\" \/>\n<meta property=\"og:locale\" content=\"nl_NL\" \/>\n<meta property=\"og:type\" content=\"article\" \/>\n<meta property=\"og:title\" content=\"Expo \u201cLa Belle \u00c9poque de Lessines\u201d - H\u00f4pital Notre-Dame \u00e0 la Rose - Lessines\" \/>\n<meta property=\"og:description\" content=\"Na het succes van de tentoonstelling &#8220;Et si j\u2019avais 20 ans en 1900&#8221;, duikt het Toeristenbureau ook in de sfeer van de Belle \u00c9poque! Het einde van de 19e en het begin van de 20e eeuw vormen een periode van grote veranderingen voor de stad van porfier. Nieuwe wijken ontstaan, er is veel werkgelegenheid en [&hellip;]\" \/>\n<meta property=\"og:url\" content=\"https:\/\/www.notredamealarose.be\/nl\/event\/expo-la-belle-epoque-de-lessines\/\" \/>\n<meta property=\"og:site_name\" content=\"H\u00f4pital Notre-Dame \u00e0 la Rose - Lessines\" \/>\n<meta property=\"og:image\" content=\"https:\/\/www.notredamealarose.be\/2022\/wp-content\/uploads\/2025\/02\/OT-RS.jpg\" \/>\n\t<meta property=\"og:image:width\" content=\"1080\" \/>\n\t<meta property=\"og:image:height\" content=\"1080\" \/>\n\t<meta property=\"og:image:type\" content=\"image\/jpeg\" \/>\n<meta name=\"twitter:card\" content=\"summary_large_image\" \/>\n<script type=\"application\/ld+json\" class=\"yoast-schema-graph\">{\"@context\":\"https:\\\/\\\/schema.org\",\"@graph\":[{\"@type\":\"WebPage\",\"@id\":\"https:\\\/\\\/www.notredamealarose.be\\\/nl\\\/event\\\/expo-la-belle-epoque-de-lessines\\\/\",\"url\":\"https:\\\/\\\/www.notredamealarose.be\\\/nl\\\/event\\\/expo-la-belle-epoque-de-lessines\\\/\",\"name\":\"Expo \u201cLa Belle \u00c9poque de Lessines\u201d - H\u00f4pital Notre-Dame \u00e0 la Rose - Lessines\",\"isPartOf\":{\"@id\":\"https:\\\/\\\/www.notredamealarose.be\\\/#website\"},\"primaryImageOfPage\":{\"@id\":\"https:\\\/\\\/www.notredamealarose.be\\\/nl\\\/event\\\/expo-la-belle-epoque-de-lessines\\\/#primaryimage\"},\"image\":{\"@id\":\"https:\\\/\\\/www.notredamealarose.be\\\/nl\\\/event\\\/expo-la-belle-epoque-de-lessines\\\/#primaryimage\"},\"thumbnailUrl\":\"https:\\\/\\\/www.notredamealarose.be\\\/2022\\\/wp-content\\\/uploads\\\/2025\\\/02\\\/OT-RS.jpg\",\"datePublished\":\"2025-03-10T10:54:47+00:00\",\"breadcrumb\":{\"@id\":\"https:\\\/\\\/www.notredamealarose.be\\\/nl\\\/event\\\/expo-la-belle-epoque-de-lessines\\\/#breadcrumb\"},\"inLanguage\":\"nl-NL\",\"potentialAction\":[{\"@type\":\"ReadAction\",\"target\":[\"https:\\\/\\\/www.notredamealarose.be\\\/nl\\\/event\\\/expo-la-belle-epoque-de-lessines\\\/\"]}]},{\"@type\":\"ImageObject\",\"inLanguage\":\"nl-NL\",\"@id\":\"https:\\\/\\\/www.notredamealarose.be\\\/nl\\\/event\\\/expo-la-belle-epoque-de-lessines\\\/#primaryimage\",\"url\":\"https:\\\/\\\/www.notredamealarose.be\\\/2022\\\/wp-content\\\/uploads\\\/2025\\\/02\\\/OT-RS.jpg\",\"contentUrl\":\"https:\\\/\\\/www.notredamealarose.be\\\/2022\\\/wp-content\\\/uploads\\\/2025\\\/02\\\/OT-RS.jpg\",\"width\":1080,\"height\":1080},{\"@type\":\"BreadcrumbList\",\"@id\":\"https:\\\/\\\/www.notredamealarose.be\\\/nl\\\/event\\\/expo-la-belle-epoque-de-lessines\\\/#breadcrumb\",\"itemListElement\":[{\"@type\":\"ListItem\",\"position\":1,\"name\":\"Accueil\",\"item\":\"https:\\\/\\\/www.notredamealarose.be\\\/nl\\\/\"},{\"@type\":\"ListItem\",\"position\":2,\"name\":\"\u00c9v\u00e8nements\",\"item\":\"https:\\\/\\\/www.notredamealarose.be\\\/events\\\/\"},{\"@type\":\"ListItem\",\"position\":3,\"name\":\"Expo \u201cLa Belle \u00c9poque de Lessines\u201d\"}]},{\"@type\":\"WebSite\",\"@id\":\"https:\\\/\\\/www.notredamealarose.be\\\/#website\",\"url\":\"https:\\\/\\\/www.notredamealarose.be\\\/\",\"name\":\"H\u00f4pital Notre-Dame \u00e0 la Rose - Lessines\",\"description\":\"Un mus\u00e9e magique et hors du temps !\",\"publisher\":{\"@id\":\"https:\\\/\\\/www.notredamealarose.be\\\/#organization\"},\"potentialAction\":[{\"@type\":\"SearchAction\",\"target\":{\"@type\":\"EntryPoint\",\"urlTemplate\":\"https:\\\/\\\/www.notredamealarose.be\\\/?s={search_term_string}\"},\"query-input\":{\"@type\":\"PropertyValueSpecification\",\"valueRequired\":true,\"valueName\":\"search_term_string\"}}],\"inLanguage\":\"nl-NL\"},{\"@type\":\"Organization\",\"@id\":\"https:\\\/\\\/www.notredamealarose.be\\\/#organization\",\"name\":\"H\u00f4pital Notre-Dame \u00e0 la Rose - Lessines\",\"url\":\"https:\\\/\\\/www.notredamealarose.be\\\/\",\"logo\":{\"@type\":\"ImageObject\",\"inLanguage\":\"nl-NL\",\"@id\":\"https:\\\/\\\/www.notredamealarose.be\\\/#\\\/schema\\\/logo\\\/image\\\/\",\"url\":\"https:\\\/\\\/www.notredamealarose.be\\\/2022\\\/wp-content\\\/uploads\\\/2023\\\/12\\\/HNDR-logo-monochrome-neg.png\",\"contentUrl\":\"https:\\\/\\\/www.notredamealarose.be\\\/2022\\\/wp-content\\\/uploads\\\/2023\\\/12\\\/HNDR-logo-monochrome-neg.png\",\"width\":1998,\"height\":1239,\"caption\":\"H\u00f4pital Notre-Dame \u00e0 la Rose - Lessines\"},\"image\":{\"@id\":\"https:\\\/\\\/www.notredamealarose.be\\\/#\\\/schema\\\/logo\\\/image\\\/\"}}]}<\/script>\n<!-- \/ Yoast SEO plugin. -->","yoast_head_json":{"title":"Expo \u201cLa Belle \u00c9poque de Lessines\u201d - H\u00f4pital Notre-Dame \u00e0 la Rose - Lessines","robots":{"index":"index","follow":"follow","max-snippet":"max-snippet:-1","max-image-preview":"max-image-preview:large","max-video-preview":"max-video-preview:-1"},"canonical":"https:\/\/www.notredamealarose.be\/nl\/event\/expo-la-belle-epoque-de-lessines\/","og_locale":"nl_NL","og_type":"article","og_title":"Expo \u201cLa Belle \u00c9poque de Lessines\u201d - H\u00f4pital Notre-Dame \u00e0 la Rose - Lessines","og_description":"Na het succes van de tentoonstelling &#8220;Et si j\u2019avais 20 ans en 1900&#8221;, duikt het Toeristenbureau ook in de sfeer van de Belle \u00c9poque! Het einde van de 19e en het begin van de 20e eeuw vormen een periode van grote veranderingen voor de stad van porfier. Nieuwe wijken ontstaan, er is veel werkgelegenheid en [&hellip;]","og_url":"https:\/\/www.notredamealarose.be\/nl\/event\/expo-la-belle-epoque-de-lessines\/","og_site_name":"H\u00f4pital Notre-Dame \u00e0 la Rose - Lessines","og_image":[{"width":1080,"height":1080,"url":"https:\/\/www.notredamealarose.be\/2022\/wp-content\/uploads\/2025\/02\/OT-RS.jpg","type":"image\/jpeg"}],"twitter_card":"summary_large_image","schema":{"@context":"https:\/\/schema.org","@graph":[{"@type":"WebPage","@id":"https:\/\/www.notredamealarose.be\/nl\/event\/expo-la-belle-epoque-de-lessines\/","url":"https:\/\/www.notredamealarose.be\/nl\/event\/expo-la-belle-epoque-de-lessines\/","name":"Expo \u201cLa Belle \u00c9poque de Lessines\u201d - H\u00f4pital Notre-Dame \u00e0 la Rose - Lessines","isPartOf":{"@id":"https:\/\/www.notredamealarose.be\/#website"},"primaryImageOfPage":{"@id":"https:\/\/www.notredamealarose.be\/nl\/event\/expo-la-belle-epoque-de-lessines\/#primaryimage"},"image":{"@id":"https:\/\/www.notredamealarose.be\/nl\/event\/expo-la-belle-epoque-de-lessines\/#primaryimage"},"thumbnailUrl":"https:\/\/www.notredamealarose.be\/2022\/wp-content\/uploads\/2025\/02\/OT-RS.jpg","datePublished":"2025-03-10T10:54:47+00:00","breadcrumb":{"@id":"https:\/\/www.notredamealarose.be\/nl\/event\/expo-la-belle-epoque-de-lessines\/#breadcrumb"},"inLanguage":"nl-NL","potentialAction":[{"@type":"ReadAction","target":["https:\/\/www.notredamealarose.be\/nl\/event\/expo-la-belle-epoque-de-lessines\/"]}]},{"@type":"ImageObject","inLanguage":"nl-NL","@id":"https:\/\/www.notredamealarose.be\/nl\/event\/expo-la-belle-epoque-de-lessines\/#primaryimage","url":"https:\/\/www.notredamealarose.be\/2022\/wp-content\/uploads\/2025\/02\/OT-RS.jpg","contentUrl":"https:\/\/www.notredamealarose.be\/2022\/wp-content\/uploads\/2025\/02\/OT-RS.jpg","width":1080,"height":1080},{"@type":"BreadcrumbList","@id":"https:\/\/www.notredamealarose.be\/nl\/event\/expo-la-belle-epoque-de-lessines\/#breadcrumb","itemListElement":[{"@type":"ListItem","position":1,"name":"Accueil","item":"https:\/\/www.notredamealarose.be\/nl\/"},{"@type":"ListItem","position":2,"name":"\u00c9v\u00e8nements","item":"https:\/\/www.notredamealarose.be\/events\/"},{"@type":"ListItem","position":3,"name":"Expo \u201cLa Belle \u00c9poque de Lessines\u201d"}]},{"@type":"WebSite","@id":"https:\/\/www.notredamealarose.be\/#website","url":"https:\/\/www.notredamealarose.be\/","name":"H\u00f4pital Notre-Dame \u00e0 la Rose - Lessines","description":"Un mus\u00e9e magique et hors du temps !","publisher":{"@id":"https:\/\/www.notredamealarose.be\/#organization"},"potentialAction":[{"@type":"SearchAction","target":{"@type":"EntryPoint","urlTemplate":"https:\/\/www.notredamealarose.be\/?s={search_term_string}"},"query-input":{"@type":"PropertyValueSpecification","valueRequired":true,"valueName":"search_term_string"}}],"inLanguage":"nl-NL"},{"@type":"Organization","@id":"https:\/\/www.notredamealarose.be\/#organization","name":"H\u00f4pital Notre-Dame \u00e0 la Rose - Lessines","url":"https:\/\/www.notredamealarose.be\/","logo":{"@type":"ImageObject","inLanguage":"nl-NL","@id":"https:\/\/www.notredamealarose.be\/#\/schema\/logo\/image\/","url":"https:\/\/www.notredamealarose.be\/2022\/wp-content\/uploads\/2023\/12\/HNDR-logo-monochrome-neg.png","contentUrl":"https:\/\/www.notredamealarose.be\/2022\/wp-content\/uploads\/2023\/12\/HNDR-logo-monochrome-neg.png","width":1998,"height":1239,"caption":"H\u00f4pital Notre-Dame \u00e0 la Rose - Lessines"},"image":{"@id":"https:\/\/www.notredamealarose.be\/#\/schema\/logo\/image\/"}}]}},"jetpack_sharing_enabled":true,"_links":{"self":[{"href":"https:\/\/www.notredamealarose.be\/nl\/wp-json\/wp\/v2\/tribe_events\/12720","targetHints":{"allow":["GET"]}}],"collection":[{"href":"https:\/\/www.notredamealarose.be\/nl\/wp-json\/wp\/v2\/tribe_events"}],"about":[{"href":"https:\/\/www.notredamealarose.be\/nl\/wp-json\/wp\/v2\/types\/tribe_events"}],"author":[{"embeddable":true,"href":"https:\/\/www.notredamealarose.be\/nl\/wp-json\/wp\/v2\/users\/3"}],"version-history":[{"count":1,"href":"https:\/\/www.notredamealarose.be\/nl\/wp-json\/wp\/v2\/tribe_events\/12720\/revisions"}],"predecessor-version":[{"id":12721,"href":"https:\/\/www.notredamealarose.be\/nl\/wp-json\/wp\/v2\/tribe_events\/12720\/revisions\/12721"}],"wp:featuredmedia":[{"embeddable":true,"href":"https:\/\/www.notredamealarose.be\/nl\/wp-json\/wp\/v2\/media\/12689"}],"wp:attachment":[{"href":"https:\/\/www.notredamealarose.be\/nl\/wp-json\/wp\/v2\/media?parent=12720"}],"wp:term":[{"taxonomy":"post_tag","embeddable":true,"href":"https:\/\/www.notredamealarose.be\/nl\/wp-json\/wp\/v2\/tags?post=12720"},{"taxonomy":"tribe_events_cat","embeddable":true,"href":"https:\/\/www.notredamealarose.be\/nl\/wp-json\/wp\/v2\/tribe_events_cat?post=12720"}],"curies":[{"name":"wp","href":"https:\/\/api.w.org\/{rel}","templated":true}]}}