{"id":13237,"date":"2025-05-14T11:51:17","date_gmt":"2025-05-14T09:51:17","guid":{"rendered":"https:\/\/www.notredamealarose.be\/event\/europese-museumnacht-2025\/"},"modified":"2025-05-14T12:02:00","modified_gmt":"2025-05-14T10:02:00","slug":"europese-museumnacht-2025","status":"publish","type":"tribe_events","link":"https:\/\/www.notredamealarose.be\/nl\/event\/europese-museumnacht-2025\/","title":{"rendered":"Europese museumnacht 2025"},"content":{"rendered":"<p><strong>EUROPESE MUSEUMNACHT<\/strong><\/p>\n<p><strong>Zaterdag 17 mei : gratis nocturne van 18u tot 22u<\/strong><\/p>\n<p>&nbsp;<\/p>\n<p><strong>Voor de <a href=\"https:\/\/fb.me\/e\/hUbxGXq9s\"><em>Europese Museumnacht<\/em><\/a> stellen we een programma samen met meeslepende, gevoelige en creatieve activiteiten. Bouw met ons mee aan het museum van morgen dankzij een reeks leuke en participatieve elementen! <\/strong><\/p>\n<p>&nbsp;<\/p>\n<p><strong>De emotionele roos<\/strong><\/p>\n<p>Welke emoties voel je in de zalen van ons museum? Geven ze je vreugde, rust of koude rillingen? Neem deel aan je eigen reis en deel je gevoelens met ons door je origami roos in de verschillende zalen van het museum af te geven!  <\/p>\n<p>&nbsp;<\/p>\n<p><strong>Mijn ideale museum<\/strong><\/p>\n<p>Wat als alles mogelijk was? Wat als het museum van je dromen werkelijkheid werd? Deel met woorden, stickers of zelfs tekeningen je idee\u00ebn om de verschillende ruimtes van het museum te verbeteren. En als je deze ruimtes een naam zou moeten geven, wat zou die dan zijn? Om je verbeelding te stimuleren, vergeet niet om even langs de bar te gaan om te voorkomen dat je uitgedroogd raakt!    <\/p>\n<p>&nbsp;<\/p>\n<p><strong>Techno of retro?<\/strong><\/p>\n<p>Wat voor scenografie voor het museum van morgen? Techno of retro? Laat ons weten waar je voorkeur naar uitgaat en stem, met behulp van de kleine bonen die je bij de receptie krijgt, op jouw favoriete scenografie!  <\/p>\n<p>&nbsp;<\/p>\n<p><strong>Bezoek met G\u00e9rald Decoster<\/strong><\/p>\n<p>Vertrek bij de receptie om 18.00 uur. Duur: 2 uur. Bezoek in het Frans.  <\/p>\n<p><a href=\"https:\/\/tinyurl.com\/2y3twh76\">Registratie<\/a>: <a href=\"https:\/\/reservation.elloha.com\/?IdPublication=f41149c6-e667-4e76-9e59-53507313e462&amp;culture=fr-FR&amp;idoi=d5c2a244-62cc-453f-8520-32a3935c6e16&amp;searchFirstAvailableDates=1\">https:\/\/tinyurl.com\/2cju6h56<\/a><\/p>\n<p>Kunsthistoricus en lange tijd vrijwilliger G\u00e9rald Decoster biedt je een unieke rondleiding op de site. Een ontroerend en inspirerend bezoek dat je niet mag missen! Een knipoog naar het thema van de <em><strong><a href=\"https:\/\/fb.me\/e\/346lyZJgR\">Internationale museumdag <\/a><\/strong><\/em>de volgende dag!  <\/p>\n<p>&nbsp;<\/p>\n<p><a href=\"https:\/\/www.notredamealarose.be\/nl\/praktische-info\/\"><strong>PRAKTISCHE INFORMATIE<\/strong><\/a><\/p>\n<p>Gratis nocturne van 18u tot 22u (laatste toegang om 21u).<\/p>\n<p><a href=\"https:\/\/tinyurl.com\/2cju6h56\">Registratie<\/a>: <a href=\"https:\/\/tinyurl.com\/2cju6h56\">https:\/\/tinyurl.com\/2cju6h56<\/a><br \/>\nHet museum is overdag geopend op de gebruikelijke uren met standaard tarieven.<\/p>\n<p>Toegang voor PBM&#8217;s en hulphonden. NMBS treinstation op 400m. <a href=\"https:\/\/www.notredamealarose.be\/nl\/praktische-info\/\">Parkings in de buurt<\/a>. <\/p>\n","protected":false},"excerpt":{"rendered":"<p>EUROPESE MUSEUMNACHT Zaterdag 17 mei : gratis nocturne van 18u tot 22u &nbsp; Voor de Europese Museumnacht stellen we een programma samen met meeslepende, gevoelige en creatieve activiteiten. Bouw met ons mee aan het museum van morgen dankzij een reeks leuke en participatieve elementen! &nbsp; De emotionele roos Welke emoties voel je in de zalen [&hellip;]<\/p>\n","protected":false},"author":3,"featured_media":13234,"template":"","meta":{"site-sidebar-layout":"default","site-content-layout":"","ast-site-content-layout":"default","site-content-style":"default","site-sidebar-style":"default","ast-global-header-display":"","ast-banner-title-visibility":"","ast-main-header-display":"","ast-hfb-above-header-display":"","ast-hfb-below-header-display":"","ast-hfb-mobile-header-display":"","site-post-title":"","ast-breadcrumbs-content":"","ast-featured-img":"","footer-sml-layout":"","theme-transparent-header-meta":"default","adv-header-id-meta":"","stick-header-meta":"default","header-above-stick-meta":"","header-main-stick-meta":"","header-below-stick-meta":"","astra-migrate-meta-layouts":"default","ast-page-background-enabled":"default","ast-page-background-meta":{"desktop":{"background-color":"var(--ast-global-color-4)","background-image":"","background-repeat":"repeat","background-position":"center center","background-size":"auto","background-attachment":"scroll","background-type":"","background-media":"","overlay-type":"","overlay-color":"","overlay-gradient":""},"tablet":{"background-color":"","background-image":"","background-repeat":"repeat","background-position":"center center","background-size":"auto","background-attachment":"scroll","background-type":"","background-media":"","overlay-type":"","overlay-color":"","overlay-gradient":""},"mobile":{"background-color":"","background-image":"","background-repeat":"repeat","background-position":"center center","background-size":"auto","background-attachment":"scroll","background-type":"","background-media":"","overlay-type":"","overlay-color":"","overlay-gradient":""}},"ast-content-background-meta":{"desktop":{"background-color":"var(--ast-global-color-5)","background-image":"","background-repeat":"repeat","background-position":"center center","background-size":"auto","background-attachment":"scroll","background-type":"","background-media":"","overlay-type":"","overlay-color":"","overlay-gradient":""},"tablet":{"background-color":"var(--ast-global-color-5)","background-image":"","background-repeat":"repeat","background-position":"center center","background-size":"auto","background-attachment":"scroll","background-type":"","background-media":"","overlay-type":"","overlay-color":"","overlay-gradient":""},"mobile":{"background-color":"var(--ast-global-color-5)","background-image":"","background-repeat":"repeat","background-position":"center center","background-size":"auto","background-attachment":"scroll","background-type":"","background-media":"","overlay-type":"","overlay-color":"","overlay-gradient":""}},"_price":"","_stock":"","_tribe_ticket_header":"","_tribe_default_ticket_provider":"","_tribe_ticket_capacity":"0","_ticket_start_date":"","_ticket_end_date":"","_tribe_ticket_show_description":"","_tribe_ticket_show_not_going":false,"_tribe_ticket_use_global_stock":"","_tribe_ticket_global_stock_level":"","_global_stock_mode":"","_global_stock_cap":"","_tribe_rsvp_for_event":"","_tribe_ticket_going_count":"","_tribe_ticket_not_going_count":"","_tribe_tickets_list":"[]","_tribe_ticket_has_attendee_info_fields":false,"_tribe_events_status":"","_tribe_events_status_reason":"","footnotes":""},"tags":[],"tribe_events_cat":[],"class_list":["post-13237","tribe_events","type-tribe_events","status-publish","has-post-thumbnail","hentry"],"yoast_head":"<!-- This site is optimized with the Yoast SEO plugin v27.4 - https:\/\/yoast.com\/product\/yoast-seo-wordpress\/ -->\n<title>Europese museumnacht 2025 - H\u00f4pital Notre-Dame \u00e0 la Rose - Lessines<\/title>\n<meta name=\"robots\" content=\"index, follow, max-snippet:-1, max-image-preview:large, max-video-preview:-1\" \/>\n<link rel=\"canonical\" href=\"https:\/\/www.notredamealarose.be\/nl\/event\/europese-museumnacht-2025\/\" \/>\n<meta property=\"og:locale\" content=\"nl_NL\" \/>\n<meta property=\"og:type\" content=\"article\" \/>\n<meta property=\"og:title\" content=\"Europese museumnacht 2025 - H\u00f4pital Notre-Dame \u00e0 la Rose - Lessines\" \/>\n<meta property=\"og:description\" content=\"EUROPESE MUSEUMNACHT Zaterdag 17 mei : gratis nocturne van 18u tot 22u &nbsp; Voor de Europese Museumnacht stellen we een programma samen met meeslepende, gevoelige en creatieve activiteiten. Bouw met ons mee aan het museum van morgen dankzij een reeks leuke en participatieve elementen! &nbsp; De emotionele roos Welke emoties voel je in de zalen [&hellip;]\" \/>\n<meta property=\"og:url\" content=\"https:\/\/www.notredamealarose.be\/nl\/event\/europese-museumnacht-2025\/\" \/>\n<meta property=\"og:site_name\" content=\"H\u00f4pital Notre-Dame \u00e0 la Rose - Lessines\" \/>\n<meta property=\"article:modified_time\" content=\"2025-05-14T10:02:00+00:00\" \/>\n<meta name=\"twitter:card\" content=\"summary_large_image\" \/>\n<script type=\"application\/ld+json\" class=\"yoast-schema-graph\">{\"@context\":\"https:\\\/\\\/schema.org\",\"@graph\":[{\"@type\":\"WebPage\",\"@id\":\"https:\\\/\\\/www.notredamealarose.be\\\/nl\\\/event\\\/europese-museumnacht-2025\\\/\",\"url\":\"https:\\\/\\\/www.notredamealarose.be\\\/nl\\\/event\\\/europese-museumnacht-2025\\\/\",\"name\":\"Europese museumnacht 2025 - H\u00f4pital Notre-Dame \u00e0 la Rose - Lessines\",\"isPartOf\":{\"@id\":\"https:\\\/\\\/www.notredamealarose.be\\\/#website\"},\"primaryImageOfPage\":{\"@id\":\"https:\\\/\\\/www.notredamealarose.be\\\/nl\\\/event\\\/europese-museumnacht-2025\\\/#primaryimage\"},\"image\":{\"@id\":\"https:\\\/\\\/www.notredamealarose.be\\\/nl\\\/event\\\/europese-museumnacht-2025\\\/#primaryimage\"},\"thumbnailUrl\":\"https:\\\/\\\/www.notredamealarose.be\\\/2022\\\/wp-content\\\/uploads\\\/2025\\\/05\\\/Nuit-europeenne-des-musees-17mai2025-Hopital-Notre-Dame-a-la-Rose-print-pdf.jpg\",\"datePublished\":\"2025-05-14T09:51:17+00:00\",\"dateModified\":\"2025-05-14T10:02:00+00:00\",\"breadcrumb\":{\"@id\":\"https:\\\/\\\/www.notredamealarose.be\\\/nl\\\/event\\\/europese-museumnacht-2025\\\/#breadcrumb\"},\"inLanguage\":\"nl-NL\",\"potentialAction\":[{\"@type\":\"ReadAction\",\"target\":[\"https:\\\/\\\/www.notredamealarose.be\\\/nl\\\/event\\\/europese-museumnacht-2025\\\/\"]}]},{\"@type\":\"ImageObject\",\"inLanguage\":\"nl-NL\",\"@id\":\"https:\\\/\\\/www.notredamealarose.be\\\/nl\\\/event\\\/europese-museumnacht-2025\\\/#primaryimage\",\"url\":\"https:\\\/\\\/www.notredamealarose.be\\\/2022\\\/wp-content\\\/uploads\\\/2025\\\/05\\\/Nuit-europeenne-des-musees-17mai2025-Hopital-Notre-Dame-a-la-Rose-print-pdf.jpg\",\"contentUrl\":\"https:\\\/\\\/www.notredamealarose.be\\\/2022\\\/wp-content\\\/uploads\\\/2025\\\/05\\\/Nuit-europeenne-des-musees-17mai2025-Hopital-Notre-Dame-a-la-Rose-print-pdf.jpg\"},{\"@type\":\"BreadcrumbList\",\"@id\":\"https:\\\/\\\/www.notredamealarose.be\\\/nl\\\/event\\\/europese-museumnacht-2025\\\/#breadcrumb\",\"itemListElement\":[{\"@type\":\"ListItem\",\"position\":1,\"name\":\"Accueil\",\"item\":\"https:\\\/\\\/www.notredamealarose.be\\\/nl\\\/\"},{\"@type\":\"ListItem\",\"position\":2,\"name\":\"\u00c9v\u00e8nements\",\"item\":\"https:\\\/\\\/www.notredamealarose.be\\\/events\\\/\"},{\"@type\":\"ListItem\",\"position\":3,\"name\":\"Europese museumnacht 2025\"}]},{\"@type\":\"WebSite\",\"@id\":\"https:\\\/\\\/www.notredamealarose.be\\\/#website\",\"url\":\"https:\\\/\\\/www.notredamealarose.be\\\/\",\"name\":\"H\u00f4pital Notre-Dame \u00e0 la Rose - Lessines\",\"description\":\"Un mus\u00e9e magique et hors du temps !\",\"publisher\":{\"@id\":\"https:\\\/\\\/www.notredamealarose.be\\\/#organization\"},\"potentialAction\":[{\"@type\":\"SearchAction\",\"target\":{\"@type\":\"EntryPoint\",\"urlTemplate\":\"https:\\\/\\\/www.notredamealarose.be\\\/?s={search_term_string}\"},\"query-input\":{\"@type\":\"PropertyValueSpecification\",\"valueRequired\":true,\"valueName\":\"search_term_string\"}}],\"inLanguage\":\"nl-NL\"},{\"@type\":\"Organization\",\"@id\":\"https:\\\/\\\/www.notredamealarose.be\\\/#organization\",\"name\":\"H\u00f4pital Notre-Dame \u00e0 la Rose - Lessines\",\"url\":\"https:\\\/\\\/www.notredamealarose.be\\\/\",\"logo\":{\"@type\":\"ImageObject\",\"inLanguage\":\"nl-NL\",\"@id\":\"https:\\\/\\\/www.notredamealarose.be\\\/#\\\/schema\\\/logo\\\/image\\\/\",\"url\":\"https:\\\/\\\/www.notredamealarose.be\\\/2022\\\/wp-content\\\/uploads\\\/2023\\\/12\\\/HNDR-logo-monochrome-neg.png\",\"contentUrl\":\"https:\\\/\\\/www.notredamealarose.be\\\/2022\\\/wp-content\\\/uploads\\\/2023\\\/12\\\/HNDR-logo-monochrome-neg.png\",\"width\":1998,\"height\":1239,\"caption\":\"H\u00f4pital Notre-Dame \u00e0 la Rose - Lessines\"},\"image\":{\"@id\":\"https:\\\/\\\/www.notredamealarose.be\\\/#\\\/schema\\\/logo\\\/image\\\/\"}}]}<\/script>\n<!-- \/ Yoast SEO plugin. -->","yoast_head_json":{"title":"Europese museumnacht 2025 - H\u00f4pital Notre-Dame \u00e0 la Rose - Lessines","robots":{"index":"index","follow":"follow","max-snippet":"max-snippet:-1","max-image-preview":"max-image-preview:large","max-video-preview":"max-video-preview:-1"},"canonical":"https:\/\/www.notredamealarose.be\/nl\/event\/europese-museumnacht-2025\/","og_locale":"nl_NL","og_type":"article","og_title":"Europese museumnacht 2025 - H\u00f4pital Notre-Dame \u00e0 la Rose - Lessines","og_description":"EUROPESE MUSEUMNACHT Zaterdag 17 mei : gratis nocturne van 18u tot 22u &nbsp; Voor de Europese Museumnacht stellen we een programma samen met meeslepende, gevoelige en creatieve activiteiten. Bouw met ons mee aan het museum van morgen dankzij een reeks leuke en participatieve elementen! &nbsp; De emotionele roos Welke emoties voel je in de zalen [&hellip;]","og_url":"https:\/\/www.notredamealarose.be\/nl\/event\/europese-museumnacht-2025\/","og_site_name":"H\u00f4pital Notre-Dame \u00e0 la Rose - Lessines","article_modified_time":"2025-05-14T10:02:00+00:00","twitter_card":"summary_large_image","schema":{"@context":"https:\/\/schema.org","@graph":[{"@type":"WebPage","@id":"https:\/\/www.notredamealarose.be\/nl\/event\/europese-museumnacht-2025\/","url":"https:\/\/www.notredamealarose.be\/nl\/event\/europese-museumnacht-2025\/","name":"Europese museumnacht 2025 - H\u00f4pital Notre-Dame \u00e0 la Rose - Lessines","isPartOf":{"@id":"https:\/\/www.notredamealarose.be\/#website"},"primaryImageOfPage":{"@id":"https:\/\/www.notredamealarose.be\/nl\/event\/europese-museumnacht-2025\/#primaryimage"},"image":{"@id":"https:\/\/www.notredamealarose.be\/nl\/event\/europese-museumnacht-2025\/#primaryimage"},"thumbnailUrl":"https:\/\/www.notredamealarose.be\/2022\/wp-content\/uploads\/2025\/05\/Nuit-europeenne-des-musees-17mai2025-Hopital-Notre-Dame-a-la-Rose-print-pdf.jpg","datePublished":"2025-05-14T09:51:17+00:00","dateModified":"2025-05-14T10:02:00+00:00","breadcrumb":{"@id":"https:\/\/www.notredamealarose.be\/nl\/event\/europese-museumnacht-2025\/#breadcrumb"},"inLanguage":"nl-NL","potentialAction":[{"@type":"ReadAction","target":["https:\/\/www.notredamealarose.be\/nl\/event\/europese-museumnacht-2025\/"]}]},{"@type":"ImageObject","inLanguage":"nl-NL","@id":"https:\/\/www.notredamealarose.be\/nl\/event\/europese-museumnacht-2025\/#primaryimage","url":"https:\/\/www.notredamealarose.be\/2022\/wp-content\/uploads\/2025\/05\/Nuit-europeenne-des-musees-17mai2025-Hopital-Notre-Dame-a-la-Rose-print-pdf.jpg","contentUrl":"https:\/\/www.notredamealarose.be\/2022\/wp-content\/uploads\/2025\/05\/Nuit-europeenne-des-musees-17mai2025-Hopital-Notre-Dame-a-la-Rose-print-pdf.jpg"},{"@type":"BreadcrumbList","@id":"https:\/\/www.notredamealarose.be\/nl\/event\/europese-museumnacht-2025\/#breadcrumb","itemListElement":[{"@type":"ListItem","position":1,"name":"Accueil","item":"https:\/\/www.notredamealarose.be\/nl\/"},{"@type":"ListItem","position":2,"name":"\u00c9v\u00e8nements","item":"https:\/\/www.notredamealarose.be\/events\/"},{"@type":"ListItem","position":3,"name":"Europese museumnacht 2025"}]},{"@type":"WebSite","@id":"https:\/\/www.notredamealarose.be\/#website","url":"https:\/\/www.notredamealarose.be\/","name":"H\u00f4pital Notre-Dame \u00e0 la Rose - Lessines","description":"Un mus\u00e9e magique et hors du temps !","publisher":{"@id":"https:\/\/www.notredamealarose.be\/#organization"},"potentialAction":[{"@type":"SearchAction","target":{"@type":"EntryPoint","urlTemplate":"https:\/\/www.notredamealarose.be\/?s={search_term_string}"},"query-input":{"@type":"PropertyValueSpecification","valueRequired":true,"valueName":"search_term_string"}}],"inLanguage":"nl-NL"},{"@type":"Organization","@id":"https:\/\/www.notredamealarose.be\/#organization","name":"H\u00f4pital Notre-Dame \u00e0 la Rose - Lessines","url":"https:\/\/www.notredamealarose.be\/","logo":{"@type":"ImageObject","inLanguage":"nl-NL","@id":"https:\/\/www.notredamealarose.be\/#\/schema\/logo\/image\/","url":"https:\/\/www.notredamealarose.be\/2022\/wp-content\/uploads\/2023\/12\/HNDR-logo-monochrome-neg.png","contentUrl":"https:\/\/www.notredamealarose.be\/2022\/wp-content\/uploads\/2023\/12\/HNDR-logo-monochrome-neg.png","width":1998,"height":1239,"caption":"H\u00f4pital Notre-Dame \u00e0 la Rose - Lessines"},"image":{"@id":"https:\/\/www.notredamealarose.be\/#\/schema\/logo\/image\/"}}]}},"jetpack_sharing_enabled":true,"_links":{"self":[{"href":"https:\/\/www.notredamealarose.be\/nl\/wp-json\/wp\/v2\/tribe_events\/13237","targetHints":{"allow":["GET"]}}],"collection":[{"href":"https:\/\/www.notredamealarose.be\/nl\/wp-json\/wp\/v2\/tribe_events"}],"about":[{"href":"https:\/\/www.notredamealarose.be\/nl\/wp-json\/wp\/v2\/types\/tribe_events"}],"author":[{"embeddable":true,"href":"https:\/\/www.notredamealarose.be\/nl\/wp-json\/wp\/v2\/users\/3"}],"version-history":[{"count":1,"href":"https:\/\/www.notredamealarose.be\/nl\/wp-json\/wp\/v2\/tribe_events\/13237\/revisions"}],"predecessor-version":[{"id":13238,"href":"https:\/\/www.notredamealarose.be\/nl\/wp-json\/wp\/v2\/tribe_events\/13237\/revisions\/13238"}],"wp:featuredmedia":[{"embeddable":true,"href":"https:\/\/www.notredamealarose.be\/nl\/wp-json\/wp\/v2\/media\/13234"}],"wp:attachment":[{"href":"https:\/\/www.notredamealarose.be\/nl\/wp-json\/wp\/v2\/media?parent=13237"}],"wp:term":[{"taxonomy":"post_tag","embeddable":true,"href":"https:\/\/www.notredamealarose.be\/nl\/wp-json\/wp\/v2\/tags?post=13237"},{"taxonomy":"tribe_events_cat","embeddable":true,"href":"https:\/\/www.notredamealarose.be\/nl\/wp-json\/wp\/v2\/tribe_events_cat?post=13237"}],"curies":[{"name":"wp","href":"https:\/\/api.w.org\/{rel}","templated":true}]}}